{"id":2639,"date":"2016-04-13T10:26:19","date_gmt":"2016-04-13T09:26:19","guid":{"rendered":"http:\/\/einheit-bernburg.de\/content\/?page_id=2639"},"modified":"2026-03-20T00:33:16","modified_gmt":"2026-03-19T23:33:16","slug":"vorstand","status":"publish","type":"page","link":"https:\/\/einheit-bernburg.de\/content\/?page_id=2639","title":{"rendered":"Vorstand"},"content":{"rendered":"<p><span style=\"color: #ff0000;\"><strong>Vereinsvorstand<\/strong><\/span><\/p>\n<p><a href=\"http:\/\/einheit-bernburg.de\/content\/wp-content\/uploads\/2020\/08\/Mathias-M\u00fcller-Kopie.jpg\"><noscript><img decoding=\"async\" class=\"alignnone wp-image-24429\" src=\"http:\/\/einheit-bernburg.de\/content\/wp-content\/uploads\/2020\/08\/Mathias-M\u00fcller-Kopie-221x300.jpg\" alt width=\"150\" height=\"204\" srcset=\"https:\/\/einheit-bernburg.de\/content\/wp-content\/uploads\/2020\/08\/Mathias-M\u00fcller-Kopie-221x300.jpg 221w, https:\/\/einheit-bernburg.de\/content\/wp-content\/uploads\/2020\/08\/Mathias-M\u00fcller-Kopie.jpg 500w\" sizes=\"(max-width: 150px) 100vw, 150px\"><\/noscript><img decoding=\"async\" class=\"alignnone wp-image-24429 lazyload\" src=\"data:image\/svg+xml,%3Csvg%20xmlns%3D%22http%3A%2F%2Fwww.w3.org%2F2000%2Fsvg%22%20viewBox%3D%220%200%20150%20204%22%3E%3C%2Fsvg%3E\" alt width=\"150\" height=\"204\" srcset=\"data:image\/svg+xml,%3Csvg%20xmlns%3D%22http%3A%2F%2Fwww.w3.org%2F2000%2Fsvg%22%20viewBox%3D%220%200%20150%20204%22%3E%3C%2Fsvg%3E 150w\" sizes=\"(max-width: 150px) 100vw, 150px\" data-srcset=\"https:\/\/einheit-bernburg.de\/content\/wp-content\/uploads\/2020\/08\/Mathias-M\u00fcller-Kopie-221x300.jpg 221w, https:\/\/einheit-bernburg.de\/content\/wp-content\/uploads\/2020\/08\/Mathias-M\u00fcller-Kopie.jpg 500w\" data-src=\"http:\/\/einheit-bernburg.de\/content\/wp-content\/uploads\/2020\/08\/Mathias-M\u00fcller-Kopie-221x300.jpg\"><\/a>&nbsp; &nbsp;Mathias M\u00fcller &#8211; Vereinsvorsitzender<br>\nMobil: 0173 \/ 296 61 82, Email: <a href=\"mailto:mathiasmueller@outlook.com\" target=\"_blank\" rel=\"noopener\">mathiasmueller@outlook.com<\/a><\/p>\n<p><a href=\"http:\/\/einheit-bernburg.de\/content\/wp-content\/uploads\/2020\/08\/Lothar-Kral.jpg\"><noscript><img decoding=\"async\" class=\"alignnone wp-image-24425\" src=\"http:\/\/einheit-bernburg.de\/content\/wp-content\/uploads\/2020\/08\/Lothar-Kral-241x300.jpg\" alt width=\"151\" height=\"188\" srcset=\"https:\/\/einheit-bernburg.de\/content\/wp-content\/uploads\/2020\/08\/Lothar-Kral-241x300.jpg 241w, https:\/\/einheit-bernburg.de\/content\/wp-content\/uploads\/2020\/08\/Lothar-Kral.jpg 500w\" sizes=\"(max-width: 151px) 100vw, 151px\"><\/noscript><img decoding=\"async\" class=\"alignnone wp-image-24425 lazyload\" src=\"data:image\/svg+xml,%3Csvg%20xmlns%3D%22http%3A%2F%2Fwww.w3.org%2F2000%2Fsvg%22%20viewBox%3D%220%200%20151%20188%22%3E%3C%2Fsvg%3E\" alt width=\"151\" height=\"188\" srcset=\"data:image\/svg+xml,%3Csvg%20xmlns%3D%22http%3A%2F%2Fwww.w3.org%2F2000%2Fsvg%22%20viewBox%3D%220%200%20151%20188%22%3E%3C%2Fsvg%3E 151w\" sizes=\"(max-width: 151px) 100vw, 151px\" data-srcset=\"https:\/\/einheit-bernburg.de\/content\/wp-content\/uploads\/2020\/08\/Lothar-Kral-241x300.jpg 241w, https:\/\/einheit-bernburg.de\/content\/wp-content\/uploads\/2020\/08\/Lothar-Kral.jpg 500w\" data-src=\"http:\/\/einheit-bernburg.de\/content\/wp-content\/uploads\/2020\/08\/Lothar-Kral-241x300.jpg\"><\/a>&nbsp; Lothar Kral &#8211; Stellv. Vorsitzender<br>\nMobil: 0162 435 66 23, Email: <a href=\"mailto:lothar-kral@t-online.de\" target=\"_blank\" rel=\"noopener\">lothar-kral@t-online.de<\/a><\/p>\n<p><a href=\"http:\/\/einheit-bernburg.de\/content\/wp-content\/uploads\/2020\/08\/Malte-Paul.jpg\"><noscript><img decoding=\"async\" class=\"alignnone wp-image-24432\" src=\"http:\/\/einheit-bernburg.de\/content\/wp-content\/uploads\/2020\/08\/Malte-Paul-250x300.jpg\" alt width=\"150\" height=\"180\" srcset=\"https:\/\/einheit-bernburg.de\/content\/wp-content\/uploads\/2020\/08\/Malte-Paul-250x300.jpg 250w, https:\/\/einheit-bernburg.de\/content\/wp-content\/uploads\/2020\/08\/Malte-Paul.jpg 500w\" sizes=\"(max-width: 150px) 100vw, 150px\"><\/noscript><img decoding=\"async\" class=\"alignnone wp-image-24432 lazyload\" src=\"data:image\/svg+xml,%3Csvg%20xmlns%3D%22http%3A%2F%2Fwww.w3.org%2F2000%2Fsvg%22%20viewBox%3D%220%200%20150%20180%22%3E%3C%2Fsvg%3E\" alt width=\"150\" height=\"180\" srcset=\"data:image\/svg+xml,%3Csvg%20xmlns%3D%22http%3A%2F%2Fwww.w3.org%2F2000%2Fsvg%22%20viewBox%3D%220%200%20150%20180%22%3E%3C%2Fsvg%3E 150w\" sizes=\"(max-width: 150px) 100vw, 150px\" data-srcset=\"https:\/\/einheit-bernburg.de\/content\/wp-content\/uploads\/2020\/08\/Malte-Paul-250x300.jpg 250w, https:\/\/einheit-bernburg.de\/content\/wp-content\/uploads\/2020\/08\/Malte-Paul.jpg 500w\" data-src=\"http:\/\/einheit-bernburg.de\/content\/wp-content\/uploads\/2020\/08\/Malte-Paul-250x300.jpg\"><\/a>&nbsp; Malte Paul &#8211; Schatzmeister \/ Medien<\/p>\n<p><a href=\"http:\/\/einheit-bernburg.de\/content\/wp-content\/uploads\/2020\/08\/Andreas-Kre\u00df.jpg\"><noscript><img decoding=\"async\" class=\"alignnone wp-image-24430\" src=\"http:\/\/einheit-bernburg.de\/content\/wp-content\/uploads\/2020\/08\/Andreas-Kre\u00df-228x300.jpg\" alt width=\"150\" height=\"197\" srcset=\"https:\/\/einheit-bernburg.de\/content\/wp-content\/uploads\/2020\/08\/Andreas-Kre\u00df-228x300.jpg 228w, https:\/\/einheit-bernburg.de\/content\/wp-content\/uploads\/2020\/08\/Andreas-Kre\u00df.jpg 500w\" sizes=\"(max-width: 150px) 100vw, 150px\"><\/noscript><img decoding=\"async\" class=\"alignnone wp-image-24430 lazyload\" src=\"data:image\/svg+xml,%3Csvg%20xmlns%3D%22http%3A%2F%2Fwww.w3.org%2F2000%2Fsvg%22%20viewBox%3D%220%200%20150%20197%22%3E%3C%2Fsvg%3E\" alt width=\"150\" height=\"197\" srcset=\"data:image\/svg+xml,%3Csvg%20xmlns%3D%22http%3A%2F%2Fwww.w3.org%2F2000%2Fsvg%22%20viewBox%3D%220%200%20150%20197%22%3E%3C%2Fsvg%3E 150w\" sizes=\"(max-width: 150px) 100vw, 150px\" data-srcset=\"https:\/\/einheit-bernburg.de\/content\/wp-content\/uploads\/2020\/08\/Andreas-Kre\u00df-228x300.jpg 228w, https:\/\/einheit-bernburg.de\/content\/wp-content\/uploads\/2020\/08\/Andreas-Kre\u00df.jpg 500w\" data-src=\"http:\/\/einheit-bernburg.de\/content\/wp-content\/uploads\/2020\/08\/Andreas-Kre\u00df-228x300.jpg\"><\/a>&nbsp; Andreas Kre\u00df &#8211; Beratendes Mitglied \/ F\u00f6rderma\u00dfnahmen<\/p>\n<p><a href=\"https:\/\/einheit-bernburg.de\/content\/wp-content\/uploads\/2026\/03\/Blohm-Heiz-Werner.jpg\"><noscript><img decoding=\"async\" class=\"alignnone wp-image-44830\" src=\"https:\/\/einheit-bernburg.de\/content\/wp-content\/uploads\/2026\/03\/Blohm-Heiz-Werner-238x300.jpg\" alt width=\"151\" height=\"190\" srcset=\"https:\/\/einheit-bernburg.de\/content\/wp-content\/uploads\/2026\/03\/Blohm-Heiz-Werner-238x300.jpg 238w, https:\/\/einheit-bernburg.de\/content\/wp-content\/uploads\/2026\/03\/Blohm-Heiz-Werner.jpg 397w\" sizes=\"(max-width: 151px) 100vw, 151px\"><\/noscript><img decoding=\"async\" class=\"alignnone wp-image-44830 lazyload\" src=\"data:image\/svg+xml,%3Csvg%20xmlns%3D%22http%3A%2F%2Fwww.w3.org%2F2000%2Fsvg%22%20viewBox%3D%220%200%20151%20190%22%3E%3C%2Fsvg%3E\" alt width=\"151\" height=\"190\" srcset=\"data:image\/svg+xml,%3Csvg%20xmlns%3D%22http%3A%2F%2Fwww.w3.org%2F2000%2Fsvg%22%20viewBox%3D%220%200%20151%20190%22%3E%3C%2Fsvg%3E 151w\" sizes=\"(max-width: 151px) 100vw, 151px\" data-srcset=\"https:\/\/einheit-bernburg.de\/content\/wp-content\/uploads\/2026\/03\/Blohm-Heiz-Werner-238x300.jpg 238w, https:\/\/einheit-bernburg.de\/content\/wp-content\/uploads\/2026\/03\/Blohm-Heiz-Werner.jpg 397w\" data-src=\"https:\/\/einheit-bernburg.de\/content\/wp-content\/uploads\/2026\/03\/Blohm-Heiz-Werner-238x300.jpg\"><\/a>&nbsp; Heinz &#8211; Werner Blohm &#8211; K\u00fcmmerer um das Sportgel\u00e4nde des SV Einheit<\/p>\n<p><a href=\"https:\/\/einheit-bernburg.de\/content\/wp-content\/uploads\/2026\/03\/Hammermann-Jens.jpg\"><noscript><img decoding=\"async\" class=\"alignnone  wp-image-44832\" src=\"https:\/\/einheit-bernburg.de\/content\/wp-content\/uploads\/2026\/03\/Hammermann-Jens.jpg\" alt width=\"151\" height=\"180\"><\/noscript><img decoding=\"async\" class=\"alignnone  wp-image-44832 lazyload\" src=\"data:image\/svg+xml,%3Csvg%20xmlns%3D%22http%3A%2F%2Fwww.w3.org%2F2000%2Fsvg%22%20viewBox%3D%220%200%20151%20180%22%3E%3C%2Fsvg%3E\" alt width=\"151\" height=\"180\" data-src=\"https:\/\/einheit-bernburg.de\/content\/wp-content\/uploads\/2026\/03\/Hammermann-Jens.jpg\"><\/a>&nbsp; Beisitzer &#8211; Koordination zwischen Nachwuchs &#8211; u. Herrenbereich<\/p>\n<hr>\n<p><span style=\"color: #ff0000;\"><strong>Sportliche Leitung<\/strong><\/span><\/p>\n<p><span style=\"color: #333399;\"><strong>Herrenbereich<\/strong><\/span><br>\n<a href=\"http:\/\/einheit-bernburg.de\/content\/wp-content\/uploads\/2020\/08\/Mathias-M\u00fcller-Kopie.jpg\"><noscript><img decoding=\"async\" class=\"alignnone wp-image-24429\" src=\"http:\/\/einheit-bernburg.de\/content\/wp-content\/uploads\/2020\/08\/Mathias-M\u00fcller-Kopie-221x300.jpg\" alt width=\"70\" height=\"95\" srcset=\"https:\/\/einheit-bernburg.de\/content\/wp-content\/uploads\/2020\/08\/Mathias-M\u00fcller-Kopie-221x300.jpg 221w, https:\/\/einheit-bernburg.de\/content\/wp-content\/uploads\/2020\/08\/Mathias-M\u00fcller-Kopie.jpg 500w\" sizes=\"(max-width: 70px) 100vw, 70px\"><\/noscript><img decoding=\"async\" class=\"alignnone wp-image-24429 lazyload\" src=\"data:image\/svg+xml,%3Csvg%20xmlns%3D%22http%3A%2F%2Fwww.w3.org%2F2000%2Fsvg%22%20viewBox%3D%220%200%2070%2095%22%3E%3C%2Fsvg%3E\" alt width=\"70\" height=\"95\" srcset=\"data:image\/svg+xml,%3Csvg%20xmlns%3D%22http%3A%2F%2Fwww.w3.org%2F2000%2Fsvg%22%20viewBox%3D%220%200%2070%2095%22%3E%3C%2Fsvg%3E 70w\" sizes=\"(max-width: 70px) 100vw, 70px\" data-srcset=\"https:\/\/einheit-bernburg.de\/content\/wp-content\/uploads\/2020\/08\/Mathias-M\u00fcller-Kopie-221x300.jpg 221w, https:\/\/einheit-bernburg.de\/content\/wp-content\/uploads\/2020\/08\/Mathias-M\u00fcller-Kopie.jpg 500w\" data-src=\"http:\/\/einheit-bernburg.de\/content\/wp-content\/uploads\/2020\/08\/Mathias-M\u00fcller-Kopie-221x300.jpg\"><\/a><br>\nsiehe Vereinsvorsitzender<\/p>\n<p><a href=\"https:\/\/einheit-bernburg.de\/content\/wp-content\/uploads\/2025\/04\/Lehmann-Norbert-.jpeg\"><noscript><img decoding=\"async\" class=\"alignnone wp-image-40837\" src=\"https:\/\/einheit-bernburg.de\/content\/wp-content\/uploads\/2025\/04\/Lehmann-Norbert--222x300.jpeg\" alt width=\"70\" height=\"95\" srcset=\"https:\/\/einheit-bernburg.de\/content\/wp-content\/uploads\/2025\/04\/Lehmann-Norbert--222x300.jpeg 222w, https:\/\/einheit-bernburg.de\/content\/wp-content\/uploads\/2025\/04\/Lehmann-Norbert--759x1024.jpeg 759w, https:\/\/einheit-bernburg.de\/content\/wp-content\/uploads\/2025\/04\/Lehmann-Norbert--768x1037.jpeg 768w, https:\/\/einheit-bernburg.de\/content\/wp-content\/uploads\/2025\/04\/Lehmann-Norbert--1138x1536.jpeg 1138w, https:\/\/einheit-bernburg.de\/content\/wp-content\/uploads\/2025\/04\/Lehmann-Norbert--1517x2048.jpeg 1517w, https:\/\/einheit-bernburg.de\/content\/wp-content\/uploads\/2025\/04\/Lehmann-Norbert--1080x1458.jpeg 1080w, https:\/\/einheit-bernburg.de\/content\/wp-content\/uploads\/2025\/04\/Lehmann-Norbert-.jpeg 1823w\" sizes=\"(max-width: 70px) 100vw, 70px\"><\/noscript><img decoding=\"async\" class=\"alignnone wp-image-40837 lazyload\" src=\"data:image\/svg+xml,%3Csvg%20xmlns%3D%22http%3A%2F%2Fwww.w3.org%2F2000%2Fsvg%22%20viewBox%3D%220%200%2070%2095%22%3E%3C%2Fsvg%3E\" alt width=\"70\" height=\"95\" srcset=\"data:image\/svg+xml,%3Csvg%20xmlns%3D%22http%3A%2F%2Fwww.w3.org%2F2000%2Fsvg%22%20viewBox%3D%220%200%2070%2095%22%3E%3C%2Fsvg%3E 70w\" sizes=\"(max-width: 70px) 100vw, 70px\" data-srcset=\"https:\/\/einheit-bernburg.de\/content\/wp-content\/uploads\/2025\/04\/Lehmann-Norbert--222x300.jpeg 222w, https:\/\/einheit-bernburg.de\/content\/wp-content\/uploads\/2025\/04\/Lehmann-Norbert--759x1024.jpeg 759w, https:\/\/einheit-bernburg.de\/content\/wp-content\/uploads\/2025\/04\/Lehmann-Norbert--768x1037.jpeg 768w, https:\/\/einheit-bernburg.de\/content\/wp-content\/uploads\/2025\/04\/Lehmann-Norbert--1138x1536.jpeg 1138w, https:\/\/einheit-bernburg.de\/content\/wp-content\/uploads\/2025\/04\/Lehmann-Norbert--1517x2048.jpeg 1517w, https:\/\/einheit-bernburg.de\/content\/wp-content\/uploads\/2025\/04\/Lehmann-Norbert--1080x1458.jpeg 1080w, https:\/\/einheit-bernburg.de\/content\/wp-content\/uploads\/2025\/04\/Lehmann-Norbert-.jpeg 1823w\" data-src=\"https:\/\/einheit-bernburg.de\/content\/wp-content\/uploads\/2025\/04\/Lehmann-Norbert--222x300.jpeg\"><\/a><br>\nNorbert Lehmann: <strong>Koordinator Herrenteams<\/strong> &#8211; Mobil: 0172 \/ 938 88 89<br>\nEmail:&nbsp;<a href=\"norbert.lehmann61@gmx.de\">norbert.lehmann61@gmx.de<\/a> (kein Vorstandsmitglied)<\/p>\n<p><a href=\"https:\/\/einheit-bernburg.de\/content\/wp-content\/uploads\/2025\/04\/Kral-David.jpg\"><noscript><img decoding=\"async\" class=\"alignnone wp-image-40839\" src=\"https:\/\/einheit-bernburg.de\/content\/wp-content\/uploads\/2025\/04\/Kral-David-225x300.jpg\" alt width=\"70\" height=\"93\" srcset=\"https:\/\/einheit-bernburg.de\/content\/wp-content\/uploads\/2025\/04\/Kral-David-225x300.jpg 225w, https:\/\/einheit-bernburg.de\/content\/wp-content\/uploads\/2025\/04\/Kral-David.jpg 375w\" sizes=\"(max-width: 70px) 100vw, 70px\"><\/noscript><img decoding=\"async\" class=\"alignnone wp-image-40839 lazyload\" src=\"data:image\/svg+xml,%3Csvg%20xmlns%3D%22http%3A%2F%2Fwww.w3.org%2F2000%2Fsvg%22%20viewBox%3D%220%200%2070%2093%22%3E%3C%2Fsvg%3E\" alt width=\"70\" height=\"93\" srcset=\"data:image\/svg+xml,%3Csvg%20xmlns%3D%22http%3A%2F%2Fwww.w3.org%2F2000%2Fsvg%22%20viewBox%3D%220%200%2070%2093%22%3E%3C%2Fsvg%3E 70w\" sizes=\"(max-width: 70px) 100vw, 70px\" data-srcset=\"https:\/\/einheit-bernburg.de\/content\/wp-content\/uploads\/2025\/04\/Kral-David-225x300.jpg 225w, https:\/\/einheit-bernburg.de\/content\/wp-content\/uploads\/2025\/04\/Kral-David.jpg 375w\" data-src=\"https:\/\/einheit-bernburg.de\/content\/wp-content\/uploads\/2025\/04\/Kral-David-225x300.jpg\"><\/a><br>\nDavid Kral: <strong>Alte Herren<\/strong> &#8211; Mobil: 0163 782&nbsp; 88 31,<br>\nEmail:&nbsp;<a href=\"Dave_Kral@web.de\">Dave_Kral@web.de<\/a> (kein Vostandsmitglied)<\/p>\n<p><span style=\"color: #333399;\"><strong>Nachwuchsbereich<\/strong><\/span><\/p>\n<p><a href=\"http:\/\/einheit-bernburg.de\/content\/wp-content\/uploads\/2020\/08\/Lothar-Kral.jpg\"><noscript><img decoding=\"async\" class=\"alignnone wp-image-24425\" src=\"http:\/\/einheit-bernburg.de\/content\/wp-content\/uploads\/2020\/08\/Lothar-Kral-241x300.jpg\" alt width=\"70\" height=\"87\" srcset=\"https:\/\/einheit-bernburg.de\/content\/wp-content\/uploads\/2020\/08\/Lothar-Kral-241x300.jpg 241w, https:\/\/einheit-bernburg.de\/content\/wp-content\/uploads\/2020\/08\/Lothar-Kral.jpg 500w\" sizes=\"(max-width: 70px) 100vw, 70px\"><\/noscript><img decoding=\"async\" class=\"alignnone wp-image-24425 lazyload\" src=\"data:image\/svg+xml,%3Csvg%20xmlns%3D%22http%3A%2F%2Fwww.w3.org%2F2000%2Fsvg%22%20viewBox%3D%220%200%2070%2087%22%3E%3C%2Fsvg%3E\" alt width=\"70\" height=\"87\" srcset=\"data:image\/svg+xml,%3Csvg%20xmlns%3D%22http%3A%2F%2Fwww.w3.org%2F2000%2Fsvg%22%20viewBox%3D%220%200%2070%2087%22%3E%3C%2Fsvg%3E 70w\" sizes=\"(max-width: 70px) 100vw, 70px\" data-srcset=\"https:\/\/einheit-bernburg.de\/content\/wp-content\/uploads\/2020\/08\/Lothar-Kral-241x300.jpg 241w, https:\/\/einheit-bernburg.de\/content\/wp-content\/uploads\/2020\/08\/Lothar-Kral.jpg 500w\" data-src=\"http:\/\/einheit-bernburg.de\/content\/wp-content\/uploads\/2020\/08\/Lothar-Kral-241x300.jpg\"><\/a><br>\nLothar Kral, <strong>Jugendleiter<\/strong> &#8211; Tel.: 03471.311868, Mobil: 0162 435 66 23,<br>\nEmail: <a href=\"mailto:lothar-kral@t-online.de\" target=\"_blank\" rel=\"noopener\">lothar-kral@t-online.de<\/a><\/p>\n<hr>\n<p><a href=\"https:\/\/einheit-bernburg.de\/content\/wp-content\/uploads\/2025\/03\/Sportbericht-2025.docx\">Sportbericht &#8211; JHV 21.04.2025<\/a><\/p>\n<p><a href=\"https:\/\/einheit-bernburg.de\/content\/wp-content\/uploads\/2024\/10\/Sportbericht-2024.docx\">Sportbericht &#8211; JHV 15.03. 2024<\/a><\/p>\n<p><a href=\"https:\/\/einheit-bernburg.de\/content\/wp-content\/uploads\/2024\/10\/Sportbericht-2023.docx\">Sportbericht JHV 27.03.2023<\/a><\/p>\n<p><a href=\"https:\/\/einheit-bernburg.de\/content\/wp-content\/uploads\/2022\/04\/Bericht-JHV-2022.pdf\">Bericht JHV 01.04.2022<\/a><\/p>\n<p><a href=\"https:\/\/einheit-bernburg.de\/content\/wp-content\/uploads\/2022\/04\/8-2.jpg\"><noscript><img decoding=\"async\" class=\"alignnone wp-image-29043 \" src=\"https:\/\/einheit-bernburg.de\/content\/wp-content\/uploads\/2022\/04\/8-2-150x150.jpg\" alt width=\"130\" height=\"130\"><\/noscript><img decoding=\"async\" class=\"alignnone wp-image-29043  lazyload\" src=\"data:image\/svg+xml,%3Csvg%20xmlns%3D%22http%3A%2F%2Fwww.w3.org%2F2000%2Fsvg%22%20viewBox%3D%220%200%20130%20130%22%3E%3C%2Fsvg%3E\" alt width=\"130\" height=\"130\" data-src=\"https:\/\/einheit-bernburg.de\/content\/wp-content\/uploads\/2022\/04\/8-2-150x150.jpg\"> <\/a><a href=\"https:\/\/einheit-bernburg.de\/content\/wp-content\/uploads\/2022\/04\/7-2.jpg\"><noscript><img decoding=\"async\" class=\"alignnone wp-image-29049 \" src=\"https:\/\/einheit-bernburg.de\/content\/wp-content\/uploads\/2022\/04\/7-2-150x150.jpg\" alt width=\"130\" height=\"130\"><\/noscript><img decoding=\"async\" class=\"alignnone wp-image-29049  lazyload\" src=\"data:image\/svg+xml,%3Csvg%20xmlns%3D%22http%3A%2F%2Fwww.w3.org%2F2000%2Fsvg%22%20viewBox%3D%220%200%20130%20130%22%3E%3C%2Fsvg%3E\" alt width=\"130\" height=\"130\" data-src=\"https:\/\/einheit-bernburg.de\/content\/wp-content\/uploads\/2022\/04\/7-2-150x150.jpg\"> <\/a><a href=\"https:\/\/einheit-bernburg.de\/content\/wp-content\/uploads\/2022\/04\/4-2.jpg\"><noscript><img decoding=\"async\" class=\"alignnone wp-image-29050 \" src=\"https:\/\/einheit-bernburg.de\/content\/wp-content\/uploads\/2022\/04\/4-2-150x150.jpg\" alt width=\"130\" height=\"130\"><\/noscript><img decoding=\"async\" class=\"alignnone wp-image-29050  lazyload\" src=\"data:image\/svg+xml,%3Csvg%20xmlns%3D%22http%3A%2F%2Fwww.w3.org%2F2000%2Fsvg%22%20viewBox%3D%220%200%20130%20130%22%3E%3C%2Fsvg%3E\" alt width=\"130\" height=\"130\" data-src=\"https:\/\/einheit-bernburg.de\/content\/wp-content\/uploads\/2022\/04\/4-2-150x150.jpg\"> <\/a><a href=\"https:\/\/einheit-bernburg.de\/content\/wp-content\/uploads\/2022\/04\/2-2.jpg\"><noscript><img decoding=\"async\" class=\"alignnone wp-image-29051 \" src=\"https:\/\/einheit-bernburg.de\/content\/wp-content\/uploads\/2022\/04\/2-2-150x150.jpg\" alt width=\"130\" height=\"130\"><\/noscript><img decoding=\"async\" class=\"alignnone wp-image-29051  lazyload\" src=\"data:image\/svg+xml,%3Csvg%20xmlns%3D%22http%3A%2F%2Fwww.w3.org%2F2000%2Fsvg%22%20viewBox%3D%220%200%20130%20130%22%3E%3C%2Fsvg%3E\" alt width=\"130\" height=\"130\" data-src=\"https:\/\/einheit-bernburg.de\/content\/wp-content\/uploads\/2022\/04\/2-2-150x150.jpg\"> <\/a><a href=\"https:\/\/einheit-bernburg.de\/content\/wp-content\/uploads\/2022\/04\/3-2.jpg\"><noscript><img decoding=\"async\" class=\"alignnone wp-image-29052 \" src=\"https:\/\/einheit-bernburg.de\/content\/wp-content\/uploads\/2022\/04\/3-2-150x150.jpg\" alt width=\"130\" height=\"130\"><\/noscript><img decoding=\"async\" class=\"alignnone wp-image-29052  lazyload\" src=\"data:image\/svg+xml,%3Csvg%20xmlns%3D%22http%3A%2F%2Fwww.w3.org%2F2000%2Fsvg%22%20viewBox%3D%220%200%20130%20130%22%3E%3C%2Fsvg%3E\" alt width=\"130\" height=\"130\" data-src=\"https:\/\/einheit-bernburg.de\/content\/wp-content\/uploads\/2022\/04\/3-2-150x150.jpg\"><\/a><\/p>\n<p><a href=\"https:\/\/einheit-bernburg.de\/content\/wp-content\/uploads\/2024\/10\/Sportbericht-2022.docx\">Sportbericht &#8211; JHV 01.04.2022<\/a><\/p>\n<p><a href=\"https:\/\/einheit-bernburg.de\/content\/wp-content\/uploads\/2024\/10\/Sportbericht-2020.docx\">Sportbericht &#8211; JHV 06.03.2020<\/a><\/p>\n","protected":false},"excerpt":{"rendered":"<p>Vereinsvorstand &nbsp; &nbsp;Mathias M\u00fcller &#8211; Vereinsvorsitzender Mobil: 0173 \/ 296 61 82, Email: mathiasmueller@outlook.com &nbsp; Lothar Kral &#8211; Stellv. Vorsitzender Mobil: 0162 435 66 23, Email: lothar-kral@t-online.de &nbsp; Malte Paul &#8211; Schatzmeister \/ Medien &nbsp; Andreas Kre\u00df &#8211; Beratendes Mitglied \/ F\u00f6rderma\u00dfnahmen &nbsp; Heinz &#8211; Werner Blohm &#8211; K\u00fcmmerer um das Sportgel\u00e4nde des SV Einheit [&hellip;]<\/p>\n","protected":false},"author":3,"featured_media":0,"parent":27,"menu_order":0,"comment_status":"closed","ping_status":"closed","template":"","meta":{"footnotes":""},"_links":{"self":[{"href":"https:\/\/einheit-bernburg.de\/content\/index.php?rest_route=\/wp\/v2\/pages\/2639"}],"collection":[{"href":"https:\/\/einheit-bernburg.de\/content\/index.php?rest_route=\/wp\/v2\/pages"}],"about":[{"href":"https:\/\/einheit-bernburg.de\/content\/index.php?rest_route=\/wp\/v2\/types\/page"}],"author":[{"embeddable":true,"href":"https:\/\/einheit-bernburg.de\/content\/index.php?rest_route=\/wp\/v2\/users\/3"}],"replies":[{"embeddable":true,"href":"https:\/\/einheit-bernburg.de\/content\/index.php?rest_route=%2Fwp%2Fv2%2Fcomments&post=2639"}],"version-history":[{"count":34,"href":"https:\/\/einheit-bernburg.de\/content\/index.php?rest_route=\/wp\/v2\/pages\/2639\/revisions"}],"predecessor-version":[{"id":44833,"href":"https:\/\/einheit-bernburg.de\/content\/index.php?rest_route=\/wp\/v2\/pages\/2639\/revisions\/44833"}],"up":[{"embeddable":true,"href":"https:\/\/einheit-bernburg.de\/content\/index.php?rest_route=\/wp\/v2\/pages\/27"}],"wp:attachment":[{"href":"https:\/\/einheit-bernburg.de\/content\/index.php?rest_route=%2Fwp%2Fv2%2Fmedia&parent=2639"}],"curies":[{"name":"wp","href":"https:\/\/api.w.org\/{rel}","templated":true}]}}