{"id":26712,"date":"2021-07-05T11:06:20","date_gmt":"2021-07-05T09:06:20","guid":{"rendered":"https:\/\/einheit-bernburg.de\/content\/?page_id=26712"},"modified":"2026-04-26T21:46:42","modified_gmt":"2026-04-26T19:46:42","slug":"g1-junioren-2-2","status":"publish","type":"page","link":"https:\/\/einheit-bernburg.de\/content\/?page_id=26712","title":{"rendered":"D3-Junioren"},"content":{"rendered":"<h1 class=\"aufm\">SV Einheit Bernburg III.<\/h1>\n<h3 class=\"aufm\">1.Kreisklasse Vorrunde &#8211; Staffel 6<\/h3>\n<p><a href=\"https:\/\/einheit-bernburg.de\/content\/wp-content\/uploads\/2025\/09\/D3-2025-26.jpg\"><noscript><img decoding=\"async\" class=\"alignnone wp-image-42883 size-full\" src=\"https:\/\/einheit-bernburg.de\/content\/wp-content\/uploads\/2025\/09\/D3-2025-26.jpg\" alt width=\"1200\" height=\"1038\" srcset=\"https:\/\/einheit-bernburg.de\/content\/wp-content\/uploads\/2025\/09\/D3-2025-26.jpg 1200w, https:\/\/einheit-bernburg.de\/content\/wp-content\/uploads\/2025\/09\/D3-2025-26-300x260.jpg 300w, https:\/\/einheit-bernburg.de\/content\/wp-content\/uploads\/2025\/09\/D3-2025-26-1024x886.jpg 1024w, https:\/\/einheit-bernburg.de\/content\/wp-content\/uploads\/2025\/09\/D3-2025-26-768x664.jpg 768w, https:\/\/einheit-bernburg.de\/content\/wp-content\/uploads\/2025\/09\/D3-2025-26-1080x934.jpg 1080w\" sizes=\"(max-width: 1200px) 100vw, 1200px\"><\/noscript><img decoding=\"async\" class=\"alignnone wp-image-42883 size-full lazyload\" src=\"data:image\/svg+xml,%3Csvg%20xmlns%3D%22http%3A%2F%2Fwww.w3.org%2F2000%2Fsvg%22%20viewBox%3D%220%200%201200%201038%22%3E%3C%2Fsvg%3E\" alt width=\"1200\" height=\"1038\" srcset=\"data:image\/svg+xml,%3Csvg%20xmlns%3D%22http%3A%2F%2Fwww.w3.org%2F2000%2Fsvg%22%20viewBox%3D%220%200%201200%201038%22%3E%3C%2Fsvg%3E 1200w\" sizes=\"(max-width: 1200px) 100vw, 1200px\" data-srcset=\"https:\/\/einheit-bernburg.de\/content\/wp-content\/uploads\/2025\/09\/D3-2025-26.jpg 1200w, https:\/\/einheit-bernburg.de\/content\/wp-content\/uploads\/2025\/09\/D3-2025-26-300x260.jpg 300w, https:\/\/einheit-bernburg.de\/content\/wp-content\/uploads\/2025\/09\/D3-2025-26-1024x886.jpg 1024w, https:\/\/einheit-bernburg.de\/content\/wp-content\/uploads\/2025\/09\/D3-2025-26-768x664.jpg 768w, https:\/\/einheit-bernburg.de\/content\/wp-content\/uploads\/2025\/09\/D3-2025-26-1080x934.jpg 1080w\" data-src=\"https:\/\/einheit-bernburg.de\/content\/wp-content\/uploads\/2025\/09\/D3-2025-26.jpg\"><\/a><\/p>\n<p>Hintere Reihe:<br>\nFlorian Stein (TR), Finn Apel, Max Pega, Sponsor Denny Gerstenberger <a href=\"https:\/\/www.stadtwerke-bernburg.de\/\">SWB<\/a>, Pepe Sch\u00fctze, Lennart L\u00fcth, Ren\u00e9 Leschinger (TR),&nbsp; Frederick Leschinger, Dean Schwarz, Rick Beyreuther (TR)<\/p>\n<p>Vordere Reihe:<br>\nOliver Maiwald, Alexander Ru\u00df, Leon J\u00f6rdens, Taras Melnychuk, Bruno Bruder<\/p>\n<hr>\n<p><a class=\"submenu\" href=\"http:\/\/einheit-bernburg.de\/content\/?page_id=562\" target=\"_blank\" rel=\"noopener noreferrer\"><noscript><img decoding=\"async\" src=\"http:\/\/einheit-bernburg.de\/off\/images\/redsys\/link.gif\" alt border=\"0\"><\/noscript><img decoding=\"async\" src=\"data:image\/gif;base64,R0lGODlhAQABAIAAAAAAAP\/\/\/yH5BAEAAAAALAAAAAABAAEAAAIBRAA7\" alt border=\"0\" data-src=\"http:\/\/einheit-bernburg.de\/off\/images\/redsys\/link.gif\" class=\" lazyload\"><\/a>&nbsp;<a href=\"https:\/\/einheit-bernburg.de\/content\/?page_id=26738\" target=\"_blank\" rel=\"noopener\">Kader u. Zielstellung<\/a><\/p>\n<p><a class=\"submenu\" href=\"http:\/\/einheit-bernburg.de\/content\/?page_id=559\" target=\"_blank\" rel=\"noopener noreferrer\"><noscript><img decoding=\"async\" src=\"http:\/\/einheit-bernburg.de\/off\/images\/redsys\/link.gif\" alt border=\"0\"><\/noscript><img decoding=\"async\" src=\"data:image\/gif;base64,R0lGODlhAQABAIAAAAAAAP\/\/\/yH5BAEAAAAALAAAAAABAAEAAAIBRAA7\" alt border=\"0\" data-src=\"http:\/\/einheit-bernburg.de\/off\/images\/redsys\/link.gif\" class=\" lazyload\"><\/a>&nbsp;<a href=\"https:\/\/www.fussball.de\/spieltagsuebersicht\/platzierungsrunde-3-slk-d-jugend-kreis-salzland-d-junioren-1kreisklasse-d-junioren-saison2526-sachsen-anhalt\/-\/staffel\/02UT0CHTQK000006VS5489BTVSBKAEC1-G#!\/\"><strong>Platzierungsrunde 3 &#8211; Spielplan u. Tabelle<\/strong><\/a><\/p>\n<p><a class=\"submenu\" href=\"http:\/\/www.fussball.de\/spieltag\/runde-6-kreis-salzland-f-junioren-kreispokal-f-junioren-saison1617-sachsen-anhalt\/-\/staffel\/01TJ7F83JK000000VS54898EVS3CAK29-R#!\/section\/mediastream\" target=\"_blank\" rel=\"noopener noreferrer\"><noscript><img decoding=\"async\" class src=\"http:\/\/einheit-bernburg.de\/off\/images\/redsys\/link.gif\" alt border=\"0\"><\/noscript><img decoding=\"async\" class=\" lazyload\" src=\"data:image\/gif;base64,R0lGODlhAQABAIAAAAAAAP\/\/\/yH5BAEAAAAALAAAAAABAAEAAAIBRAA7\" alt border=\"0\" data-src=\"http:\/\/einheit-bernburg.de\/off\/images\/redsys\/link.gif\"><\/a> <a href=\"https:\/\/www.fussball.de\/spieltagsuebersicht\/1kreisklasse-d-jugend-st-6-kreis-salzland-d-junioren-1kreisklasse-d-junioren-saison2526-sachsen-anhalt\/-\/staffel\/02TUFTALRO000004VS5489BUVSOAGAUD-G#!\/\">Spielplan &#8211; Tabelle VR-St. 6<\/a><\/p>\n<p><a class=\"submenu\" href=\"http:\/\/www.fussball.de\/spieltag\/runde-6-kreis-salzland-f-junioren-kreispokal-f-junioren-saison1617-sachsen-anhalt\/-\/staffel\/01TJ7F83JK000000VS54898EVS3CAK29-R#!\/section\/mediastream\" target=\"_blank\" rel=\"noopener noreferrer\"><noscript><img decoding=\"async\" src=\"http:\/\/einheit-bernburg.de\/off\/images\/redsys\/link.gif\" alt border=\"0\"><\/noscript><img decoding=\"async\" src=\"data:image\/gif;base64,R0lGODlhAQABAIAAAAAAAP\/\/\/yH5BAEAAAAALAAAAAABAAEAAAIBRAA7\" alt border=\"0\" data-src=\"http:\/\/einheit-bernburg.de\/off\/images\/redsys\/link.gif\" class=\" lazyload\"><\/a> <a href=\"https:\/\/einheit-bernburg.de\/content\/wp-content\/uploads\/2025\/08\/RTP-NW-Kreis-2025-2026.pdf\">RTP Nachwuchs 2025-26-Kreis<\/a> &nbsp; <a class=\"submenu\" href=\"http:\/\/www.fussball.de\/spieltagsuebersicht\/landesliga-a-jun-staffel-6-sachsen-anhalt-a-junioren-landesliga-a-junioren-saison1516-sachsen-anhalt\/-\/staffel\/01OPP4VDC8000001VV0AG813VSIPV1RQ-G#!\/section\/stage\" target=\"_blank\" rel=\"noopener noreferrer\"><noscript><img decoding=\"async\" src=\"http:\/\/einheit-bernburg.de\/off\/images\/redsys\/link.gif\" alt border=\"0\"><\/noscript><img decoding=\"async\" src=\"data:image\/gif;base64,R0lGODlhAQABAIAAAAAAAP\/\/\/yH5BAEAAAAALAAAAAABAAEAAAIBRAA7\" alt border=\"0\" data-src=\"http:\/\/einheit-bernburg.de\/off\/images\/redsys\/link.gif\" class=\" lazyload\"><\/a>&nbsp;&nbsp;<a href=\"https:\/\/einheit-bernburg.de\/content\/wp-content\/uploads\/2025\/08\/Ausschreibung-Herren-NW-SR-2025-2026.pdf\">Ausschreibung Herren &#8211; NW &#8211; SR 2025-26<\/a><\/p>\n<p><strong>\u00dcber die abgelaufene Saison 2024\/25 kann man&nbsp; im Archiv unter E2 &#8211; u. D &#8211; Junioren informieren<\/strong>.<\/p>\n<hr>\n<h1>News und Spielberichte<\/h1>\n<hr>\n<h3>1.Kreisklasse &#8211; Platzierungsrunde<\/h3>\n<p><span style=\"text-decoration: underline;\"><strong>26.04.2026<\/strong>&nbsp;Ansto\u00df: <strong>11:00 Uhr<\/strong> &#8211; 7.ST<\/span><br>\nSV Einheit Berburg III. &#8211; TSV 1887 Neundorf \/ Hecklingen II.&nbsp;<strong>3:4 (1:2) <\/strong><em><a href=\"https:\/\/einheit-bernburg.de\/content\/wp-content\/uploads\/2026\/04\/Pressebericht-D3-2.pdf\">(Statistik)<\/a><\/em><\/p>\n<hr>\n<p><span style=\"text-decoration: underline;\"><strong>19.04.2026<\/strong> Ansto\u00df: <strong>11:00 Uhr <\/strong>\u2013 6.ST <em><a href=\"https:\/\/einheit-bernburg.de\/content\/wp-content\/uploads\/2026\/04\/Pressebericht-D3-1.pdf\">(Statistik)<\/a><\/em><\/span><br>\nSV 09 Sta\u00dffurt II. &#8211; SV Einheit Bernburg III.&nbsp;<strong>13:1 (4:0)<br>\n<a href=\"https:\/\/einheit-bernburg.de\/content\/wp-content\/uploads\/2026\/04\/D\u00a7.jpg\"><noscript><img decoding=\"async\" class=\"alignnone size-medium wp-image-45194\" src=\"https:\/\/einheit-bernburg.de\/content\/wp-content\/uploads\/2026\/04\/D\u00a7-300x112.jpg\" alt width=\"300\" height=\"112\" srcset=\"https:\/\/einheit-bernburg.de\/content\/wp-content\/uploads\/2026\/04\/D\u00a7-300x112.jpg 300w, https:\/\/einheit-bernburg.de\/content\/wp-content\/uploads\/2026\/04\/D\u00a7-1024x383.jpg 1024w, https:\/\/einheit-bernburg.de\/content\/wp-content\/uploads\/2026\/04\/D\u00a7-768x287.jpg 768w, https:\/\/einheit-bernburg.de\/content\/wp-content\/uploads\/2026\/04\/D\u00a7-1080x404.jpg 1080w, https:\/\/einheit-bernburg.de\/content\/wp-content\/uploads\/2026\/04\/D\u00a7.jpg 1261w\" sizes=\"(max-width: 300px) 100vw, 300px\"><\/noscript><img decoding=\"async\" class=\"alignnone size-medium wp-image-45194 lazyload\" src=\"data:image\/svg+xml,%3Csvg%20xmlns%3D%22http%3A%2F%2Fwww.w3.org%2F2000%2Fsvg%22%20viewBox%3D%220%200%20300%20112%22%3E%3C%2Fsvg%3E\" alt width=\"300\" height=\"112\" srcset=\"data:image\/svg+xml,%3Csvg%20xmlns%3D%22http%3A%2F%2Fwww.w3.org%2F2000%2Fsvg%22%20viewBox%3D%220%200%20300%20112%22%3E%3C%2Fsvg%3E 300w\" sizes=\"(max-width: 300px) 100vw, 300px\" data-srcset=\"https:\/\/einheit-bernburg.de\/content\/wp-content\/uploads\/2026\/04\/D\u00a7-300x112.jpg 300w, https:\/\/einheit-bernburg.de\/content\/wp-content\/uploads\/2026\/04\/D\u00a7-1024x383.jpg 1024w, https:\/\/einheit-bernburg.de\/content\/wp-content\/uploads\/2026\/04\/D\u00a7-768x287.jpg 768w, https:\/\/einheit-bernburg.de\/content\/wp-content\/uploads\/2026\/04\/D\u00a7-1080x404.jpg 1080w, https:\/\/einheit-bernburg.de\/content\/wp-content\/uploads\/2026\/04\/D\u00a7.jpg 1261w\" data-src=\"https:\/\/einheit-bernburg.de\/content\/wp-content\/uploads\/2026\/04\/D\u00a7-300x112.jpg\"><\/a><br>\n<\/strong><\/p>\n<p><strong>Grundtugenden &#8211; Aufb\u00e4umen, Zweikampfverhalt, Kommunikation &#8211; wurden vermisst<\/strong><br>\nNach den guten Leistungen der letzten Wochen dachte man, der Knoten sei nun endlich geplatzt! Mit breiter Brust und bei Mistwetter fuhr man zum SV 09 Stassfurt!<br>\nGleich nach einer Minute der Gegentreffer f\u00fcr unser Team, danach waren wir aber hellwach. Dies f\u00fchrte zu guten Chancen, die leider nicht genutzt wurden!<br>\nDer Totalausfall unserer Kids kam leider in Halbzeit zwei! Kein Aufb\u00e4umen, kein Zweikampfverhalten und keine Kommunikation!<br>\nDas gut besetzte 09er Mittelefeld lief an unseren Spielern vorbei, wie an Trainingsstangen! Am Ende verlie\u00dfen wir mit 13 Gegentreffern den Platz!Jetzt hei\u00dft es, auswerten und analysieren und den Fokus im Training wieder auf Zweikampfverhalten stellen, was heute wahrlich vermisst wurde!<\/p>\n<hr>\n<p><span style=\"text-decoration: underline;\"><strong>12.04.2026<\/strong>&nbsp;Ansto\u00df: <strong>11:00 Uhr<\/strong> &#8211; 5.ST<\/span><br>\nSV Einheit Berburg III. &#8211; SG Schneidlingen \/ Cochstedt <strong>5:0 (2:0) <\/strong><em><a href=\"https:\/\/einheit-bernburg.de\/content\/wp-content\/uploads\/2026\/04\/Pressebericht-D3.pdf\">(Statistik)<\/a><\/em><\/p>\n<hr>\n<p><span style=\"text-decoration: underline;\"><strong>15.03.2026<\/strong>&nbsp;Ansto\u00df: <strong>11:00 Uhr<\/strong> &#8211; 4.ST<\/span><br>\nSV Pl\u00f6tzkau 1921 II. &#8211; SV Einheit Bernburg III. <strong>3:3 (1:0) <\/strong><em><a href=\"https:\/\/einheit-bernburg.de\/content\/wp-content\/uploads\/2026\/03\/Pressebericht-D3.pdf\">(Statistik)<\/a><\/em><\/p>\n<hr>\n<p><span style=\"text-decoration: underline;\"><strong>08.03.2026<\/strong>&nbsp;Ansto\u00df: <strong>11:00 Uhr<\/strong> &#8211; 3.ST<\/span><br>\nSV Einheit Bernburg III. &#8211; TSV Blau-Weiss 49 Eggersdorf <strong>2:4 (0:3) <\/strong><em><a href=\"https:\/\/einheit-bernburg.de\/content\/wp-content\/uploads\/2026\/03\/Pressebericht-D3_2.pdf\">(Statistik)<\/a><\/em><\/p>\n<hr>\n<h3>Hallenkreismeisterschaft 2025\/26 u. Hallenturniere<\/h3>\n<hr>\n<p><span style=\"text-decoration: underline;\"><strong>Samstag, 28.02.2026:<\/strong> <strong>Van der Velde-Hallencup<\/strong> des <strong>SV<\/strong> <strong>W.U.T.<\/strong><\/span><br>\nBeginn: <strong>09:30 Uhr<\/strong> Spielort: Sporthalle Wolmirsleben<br>\n<a href=\"https:\/\/einheit-bernburg.de\/content\/wp-content\/uploads\/2026\/03\/D3-in-Wolmirsleben-HT_28.2.26-3.Pl_.jpg\"><noscript><img decoding=\"async\" class=\"alignnone wp-image-44585\" src=\"https:\/\/einheit-bernburg.de\/content\/wp-content\/uploads\/2026\/03\/D3-in-Wolmirsleben-HT_28.2.26-3.Pl_-300x219.jpg\" alt width=\"166\" height=\"121\" srcset=\"https:\/\/einheit-bernburg.de\/content\/wp-content\/uploads\/2026\/03\/D3-in-Wolmirsleben-HT_28.2.26-3.Pl_-300x219.jpg 300w, https:\/\/einheit-bernburg.de\/content\/wp-content\/uploads\/2026\/03\/D3-in-Wolmirsleben-HT_28.2.26-3.Pl_-768x560.jpg 768w, https:\/\/einheit-bernburg.de\/content\/wp-content\/uploads\/2026\/03\/D3-in-Wolmirsleben-HT_28.2.26-3.Pl_.jpg 831w\" sizes=\"(max-width: 166px) 100vw, 166px\"><\/noscript><img decoding=\"async\" class=\"alignnone wp-image-44585 lazyload\" src=\"data:image\/svg+xml,%3Csvg%20xmlns%3D%22http%3A%2F%2Fwww.w3.org%2F2000%2Fsvg%22%20viewBox%3D%220%200%20166%20121%22%3E%3C%2Fsvg%3E\" alt width=\"166\" height=\"121\" srcset=\"data:image\/svg+xml,%3Csvg%20xmlns%3D%22http%3A%2F%2Fwww.w3.org%2F2000%2Fsvg%22%20viewBox%3D%220%200%20166%20121%22%3E%3C%2Fsvg%3E 166w\" sizes=\"(max-width: 166px) 100vw, 166px\" data-srcset=\"https:\/\/einheit-bernburg.de\/content\/wp-content\/uploads\/2026\/03\/D3-in-Wolmirsleben-HT_28.2.26-3.Pl_-300x219.jpg 300w, https:\/\/einheit-bernburg.de\/content\/wp-content\/uploads\/2026\/03\/D3-in-Wolmirsleben-HT_28.2.26-3.Pl_-768x560.jpg 768w, https:\/\/einheit-bernburg.de\/content\/wp-content\/uploads\/2026\/03\/D3-in-Wolmirsleben-HT_28.2.26-3.Pl_.jpg 831w\" data-src=\"https:\/\/einheit-bernburg.de\/content\/wp-content\/uploads\/2026\/03\/D3-in-Wolmirsleben-HT_28.2.26-3.Pl_-300x219.jpg\"><\/a> <a href=\"https:\/\/einheit-bernburg.de\/content\/wp-content\/uploads\/2026\/03\/D3-in-Wolmirsleben-HT_28.2.26-3.Pl_.-2.jpg\"><noscript><img decoding=\"async\" class=\"alignnone size-medium wp-image-44586\" src=\"https:\/\/einheit-bernburg.de\/content\/wp-content\/uploads\/2026\/03\/D3-in-Wolmirsleben-HT_28.2.26-3.Pl_.-2-300x122.jpg\" alt width=\"300\" height=\"122\" srcset=\"https:\/\/einheit-bernburg.de\/content\/wp-content\/uploads\/2026\/03\/D3-in-Wolmirsleben-HT_28.2.26-3.Pl_.-2-300x122.jpg 300w, https:\/\/einheit-bernburg.de\/content\/wp-content\/uploads\/2026\/03\/D3-in-Wolmirsleben-HT_28.2.26-3.Pl_.-2-1024x416.jpg 1024w, https:\/\/einheit-bernburg.de\/content\/wp-content\/uploads\/2026\/03\/D3-in-Wolmirsleben-HT_28.2.26-3.Pl_.-2-768x312.jpg 768w, https:\/\/einheit-bernburg.de\/content\/wp-content\/uploads\/2026\/03\/D3-in-Wolmirsleben-HT_28.2.26-3.Pl_.-2-1080x439.jpg 1080w, https:\/\/einheit-bernburg.de\/content\/wp-content\/uploads\/2026\/03\/D3-in-Wolmirsleben-HT_28.2.26-3.Pl_.-2.jpg 1500w\" sizes=\"(max-width: 300px) 100vw, 300px\"><\/noscript><img decoding=\"async\" class=\"alignnone size-medium wp-image-44586 lazyload\" src=\"data:image\/svg+xml,%3Csvg%20xmlns%3D%22http%3A%2F%2Fwww.w3.org%2F2000%2Fsvg%22%20viewBox%3D%220%200%20300%20122%22%3E%3C%2Fsvg%3E\" alt width=\"300\" height=\"122\" srcset=\"data:image\/svg+xml,%3Csvg%20xmlns%3D%22http%3A%2F%2Fwww.w3.org%2F2000%2Fsvg%22%20viewBox%3D%220%200%20300%20122%22%3E%3C%2Fsvg%3E 300w\" sizes=\"(max-width: 300px) 100vw, 300px\" data-srcset=\"https:\/\/einheit-bernburg.de\/content\/wp-content\/uploads\/2026\/03\/D3-in-Wolmirsleben-HT_28.2.26-3.Pl_.-2-300x122.jpg 300w, https:\/\/einheit-bernburg.de\/content\/wp-content\/uploads\/2026\/03\/D3-in-Wolmirsleben-HT_28.2.26-3.Pl_.-2-1024x416.jpg 1024w, https:\/\/einheit-bernburg.de\/content\/wp-content\/uploads\/2026\/03\/D3-in-Wolmirsleben-HT_28.2.26-3.Pl_.-2-768x312.jpg 768w, https:\/\/einheit-bernburg.de\/content\/wp-content\/uploads\/2026\/03\/D3-in-Wolmirsleben-HT_28.2.26-3.Pl_.-2-1080x439.jpg 1080w, https:\/\/einheit-bernburg.de\/content\/wp-content\/uploads\/2026\/03\/D3-in-Wolmirsleben-HT_28.2.26-3.Pl_.-2.jpg 1500w\" data-src=\"https:\/\/einheit-bernburg.de\/content\/wp-content\/uploads\/2026\/03\/D3-in-Wolmirsleben-HT_28.2.26-3.Pl_.-2-300x122.jpg\"><\/a><\/p>\n<p><strong>D3 in Wolmirsleben erneut auf dem Treppchen<br>\n<\/strong>Unsere D3 pr\u00e4sentierte sich an diesem Turniertag sehr gut, sodass man auch sehr viel Lob von aussen bekam!<br>\nSpielerisch so wie taktisch sehr sehr ordentlich! Einziges Manko an diesem Tag war die Chancenverwertung unseres Teams!<br>\nDeshalb landeten wir &#8222;nur&#8220; auf dem 3. Platz, punktgleich mit dem Zweiten!<br>\nEs war nochmal ein sch\u00f6ner Test vor dem ersten Punktspiel im Jahr 2026!<\/p>\n<p><strong>Gespielt haben:<\/strong><br>\nOliver, Pepe, Bruno, Frederik, Finn, Lennart, Alexander, Taras<\/p>\n<p><em><a href=\"https:\/\/einheit-bernburg.de\/content\/wp-content\/uploads\/2026\/03\/D3-HT-in-Wolmirsleben-28.02.26_3.Pl_.pdf\">(Ergebnis\u00fcbersicht)<\/a><\/em><\/p>\n<hr>\n<p><span style=\"text-decoration: underline;\"><strong>Samstag, 07.02.2026:<\/strong> Hallenturnier der <strong>TSG Calbe<\/strong><\/span><br>\nBeginn: <strong>15:00 Uhr<\/strong>&nbsp; Spielort: Hegerhalle Calbe<br>\n<a href=\"https:\/\/einheit-bernburg.de\/content\/wp-content\/uploads\/2026\/02\/D3-HT-in-Calbe_3.Pl_07.0326.jpg\"><noscript><img decoding=\"async\" class=\"alignnone size-medium wp-image-44437\" src=\"https:\/\/einheit-bernburg.de\/content\/wp-content\/uploads\/2026\/02\/D3-HT-in-Calbe_3.Pl_07.0326-300x128.jpg\" alt width=\"300\" height=\"128\" srcset=\"https:\/\/einheit-bernburg.de\/content\/wp-content\/uploads\/2026\/02\/D3-HT-in-Calbe_3.Pl_07.0326-300x128.jpg 300w, https:\/\/einheit-bernburg.de\/content\/wp-content\/uploads\/2026\/02\/D3-HT-in-Calbe_3.Pl_07.0326-1024x436.jpg 1024w, https:\/\/einheit-bernburg.de\/content\/wp-content\/uploads\/2026\/02\/D3-HT-in-Calbe_3.Pl_07.0326-768x327.jpg 768w, https:\/\/einheit-bernburg.de\/content\/wp-content\/uploads\/2026\/02\/D3-HT-in-Calbe_3.Pl_07.0326-1536x654.jpg 1536w, https:\/\/einheit-bernburg.de\/content\/wp-content\/uploads\/2026\/02\/D3-HT-in-Calbe_3.Pl_07.0326-1080x460.jpg 1080w, https:\/\/einheit-bernburg.de\/content\/wp-content\/uploads\/2026\/02\/D3-HT-in-Calbe_3.Pl_07.0326.jpg 1889w\" sizes=\"(max-width: 300px) 100vw, 300px\"><\/noscript><img decoding=\"async\" class=\"alignnone size-medium wp-image-44437 lazyload\" src=\"data:image\/svg+xml,%3Csvg%20xmlns%3D%22http%3A%2F%2Fwww.w3.org%2F2000%2Fsvg%22%20viewBox%3D%220%200%20300%20128%22%3E%3C%2Fsvg%3E\" alt width=\"300\" height=\"128\" srcset=\"data:image\/svg+xml,%3Csvg%20xmlns%3D%22http%3A%2F%2Fwww.w3.org%2F2000%2Fsvg%22%20viewBox%3D%220%200%20300%20128%22%3E%3C%2Fsvg%3E 300w\" sizes=\"(max-width: 300px) 100vw, 300px\" data-srcset=\"https:\/\/einheit-bernburg.de\/content\/wp-content\/uploads\/2026\/02\/D3-HT-in-Calbe_3.Pl_07.0326-300x128.jpg 300w, https:\/\/einheit-bernburg.de\/content\/wp-content\/uploads\/2026\/02\/D3-HT-in-Calbe_3.Pl_07.0326-1024x436.jpg 1024w, https:\/\/einheit-bernburg.de\/content\/wp-content\/uploads\/2026\/02\/D3-HT-in-Calbe_3.Pl_07.0326-768x327.jpg 768w, https:\/\/einheit-bernburg.de\/content\/wp-content\/uploads\/2026\/02\/D3-HT-in-Calbe_3.Pl_07.0326-1536x654.jpg 1536w, https:\/\/einheit-bernburg.de\/content\/wp-content\/uploads\/2026\/02\/D3-HT-in-Calbe_3.Pl_07.0326-1080x460.jpg 1080w, https:\/\/einheit-bernburg.de\/content\/wp-content\/uploads\/2026\/02\/D3-HT-in-Calbe_3.Pl_07.0326.jpg 1889w\" data-src=\"https:\/\/einheit-bernburg.de\/content\/wp-content\/uploads\/2026\/02\/D3-HT-in-Calbe_3.Pl_07.0326-300x128.jpg\"><\/a> <a href=\"https:\/\/einheit-bernburg.de\/content\/wp-content\/uploads\/2026\/02\/D3-HT-Calbe.jpg\"><noscript><img decoding=\"async\" class=\"alignnone wp-image-44438\" src=\"https:\/\/einheit-bernburg.de\/content\/wp-content\/uploads\/2026\/02\/D3-HT-Calbe-300x225.jpg\" alt width=\"171\" height=\"128\" srcset=\"https:\/\/einheit-bernburg.de\/content\/wp-content\/uploads\/2026\/02\/D3-HT-Calbe-300x225.jpg 300w, https:\/\/einheit-bernburg.de\/content\/wp-content\/uploads\/2026\/02\/D3-HT-Calbe-768x576.jpg 768w, https:\/\/einheit-bernburg.de\/content\/wp-content\/uploads\/2026\/02\/D3-HT-Calbe.jpg 1012w\" sizes=\"(max-width: 171px) 100vw, 171px\"><\/noscript><img decoding=\"async\" class=\"alignnone wp-image-44438 lazyload\" src=\"data:image\/svg+xml,%3Csvg%20xmlns%3D%22http%3A%2F%2Fwww.w3.org%2F2000%2Fsvg%22%20viewBox%3D%220%200%20171%20128%22%3E%3C%2Fsvg%3E\" alt width=\"171\" height=\"128\" srcset=\"data:image\/svg+xml,%3Csvg%20xmlns%3D%22http%3A%2F%2Fwww.w3.org%2F2000%2Fsvg%22%20viewBox%3D%220%200%20171%20128%22%3E%3C%2Fsvg%3E 171w\" sizes=\"(max-width: 171px) 100vw, 171px\" data-srcset=\"https:\/\/einheit-bernburg.de\/content\/wp-content\/uploads\/2026\/02\/D3-HT-Calbe-300x225.jpg 300w, https:\/\/einheit-bernburg.de\/content\/wp-content\/uploads\/2026\/02\/D3-HT-Calbe-768x576.jpg 768w, https:\/\/einheit-bernburg.de\/content\/wp-content\/uploads\/2026\/02\/D3-HT-Calbe.jpg 1012w\" data-src=\"https:\/\/einheit-bernburg.de\/content\/wp-content\/uploads\/2026\/02\/D3-HT-Calbe-300x225.jpg\"><\/a><\/p>\n<p><strong>3.Platz<\/strong><br>\nEndlich belohnt sich unsere D3 mal bei einem Hallenturnier und erspielt sich in Calbe einen Podestplatz.<\/p>\n<p><strong>Kader in Calbe: <\/strong>Oliver, Pepe(1), Bruno, Finn, Alex, Lennart(2), Max, Noah (4), Taras<\/p>\n<hr>\n<p><span style=\"text-decoration: underline;\"><strong>Sonntag, 01.02.2026:<\/strong> <strong>&#8222;Einsundnull.NET Cup 2026&#8220;<\/strong> des <strong>ESV Lok G\u00fcsten<\/strong><\/span><br>\nBeginn: <strong>14:00 Uhr&nbsp;<\/strong>&nbsp; Spielort: WEMA-Sporthalle Aschersleben<br>\n<a href=\"https:\/\/einheit-bernburg.de\/content\/wp-content\/uploads\/2026\/02\/D3-beim-Turnier-von-Lok-Guesten_01.02.26.jpg\"><noscript><img decoding=\"async\" class=\"alignnone size-medium wp-image-44352\" src=\"https:\/\/einheit-bernburg.de\/content\/wp-content\/uploads\/2026\/02\/D3-beim-Turnier-von-Lok-Guesten_01.02.26-300x129.jpg\" alt width=\"300\" height=\"129\" srcset=\"https:\/\/einheit-bernburg.de\/content\/wp-content\/uploads\/2026\/02\/D3-beim-Turnier-von-Lok-Guesten_01.02.26-300x129.jpg 300w, https:\/\/einheit-bernburg.de\/content\/wp-content\/uploads\/2026\/02\/D3-beim-Turnier-von-Lok-Guesten_01.02.26-1024x441.jpg 1024w, https:\/\/einheit-bernburg.de\/content\/wp-content\/uploads\/2026\/02\/D3-beim-Turnier-von-Lok-Guesten_01.02.26-768x330.jpg 768w, https:\/\/einheit-bernburg.de\/content\/wp-content\/uploads\/2026\/02\/D3-beim-Turnier-von-Lok-Guesten_01.02.26-1080x465.jpg 1080w, https:\/\/einheit-bernburg.de\/content\/wp-content\/uploads\/2026\/02\/D3-beim-Turnier-von-Lok-Guesten_01.02.26.jpg 1104w\" sizes=\"(max-width: 300px) 100vw, 300px\"><\/noscript><img decoding=\"async\" class=\"alignnone size-medium wp-image-44352 lazyload\" src=\"data:image\/svg+xml,%3Csvg%20xmlns%3D%22http%3A%2F%2Fwww.w3.org%2F2000%2Fsvg%22%20viewBox%3D%220%200%20300%20129%22%3E%3C%2Fsvg%3E\" alt width=\"300\" height=\"129\" srcset=\"data:image\/svg+xml,%3Csvg%20xmlns%3D%22http%3A%2F%2Fwww.w3.org%2F2000%2Fsvg%22%20viewBox%3D%220%200%20300%20129%22%3E%3C%2Fsvg%3E 300w\" sizes=\"(max-width: 300px) 100vw, 300px\" data-srcset=\"https:\/\/einheit-bernburg.de\/content\/wp-content\/uploads\/2026\/02\/D3-beim-Turnier-von-Lok-Guesten_01.02.26-300x129.jpg 300w, https:\/\/einheit-bernburg.de\/content\/wp-content\/uploads\/2026\/02\/D3-beim-Turnier-von-Lok-Guesten_01.02.26-1024x441.jpg 1024w, https:\/\/einheit-bernburg.de\/content\/wp-content\/uploads\/2026\/02\/D3-beim-Turnier-von-Lok-Guesten_01.02.26-768x330.jpg 768w, https:\/\/einheit-bernburg.de\/content\/wp-content\/uploads\/2026\/02\/D3-beim-Turnier-von-Lok-Guesten_01.02.26-1080x465.jpg 1080w, https:\/\/einheit-bernburg.de\/content\/wp-content\/uploads\/2026\/02\/D3-beim-Turnier-von-Lok-Guesten_01.02.26.jpg 1104w\" data-src=\"https:\/\/einheit-bernburg.de\/content\/wp-content\/uploads\/2026\/02\/D3-beim-Turnier-von-Lok-Guesten_01.02.26-300x129.jpg\"><\/a><br>\nErneut ein <strong>5.Platz<\/strong> f\u00fcr unsere D3 in einem Turnier mit 6 Mannschaften, das bis auf den Turniersieger sehr eng war. Ihre Bilanz &#8211; 2 Siege gegen die in der Abschlusstabelle benachbarten Teams und 3 Niederlagen, das entspricht einem Torverh\u00e4ltnis von 6:16 Toren. Souver\u00e4ner Turniersieger wurde, ohne Verlustpunkt und mit 29:1 Toren, das Team vom Magdeburger SV Preussen, vor der Mannschaft der NSG Z\u00f6rbig\/L\u00f6beritz.<\/p>\n<p><strong>Unser Team:<\/strong> Leon, Pepe, Bruno, Finn, Oskar (3 Tore), Lennart, Alexander, Max<\/p>\n<p><strong>Endstand:<\/strong><br>\n<strong>1.<\/strong>MSV Preussen, <strong>2.<\/strong>NSG Z\u00f6rbig\/L\u00f6beritz, <strong>3.<\/strong>ESV Lok G\u00fcsten, <strong>4.<\/strong>NSG Calbe\/Barby<br>\n<strong>5.<\/strong>SV Einheit Bernburg III., <strong>6.<\/strong>SV 90 St. Georg Hecklingen<\/p>\n<hr>\n<p><span style=\"text-decoration: underline;\"><strong>Sonntag, 25.01.2026:<\/strong> Hallenturnier des <strong>FC Hettstedt<\/strong><\/span><br>\nBeginn: <strong>09:00 Uhr<\/strong>&nbsp; Spielort: &#8222;Druschba&#8220;- Sporthalle Hettstedt<\/p>\n<p><strong>Endstand: 6.Platz f\u00fcr unsere D3<\/strong><br>\n<a href=\"https:\/\/einheit-bernburg.de\/content\/wp-content\/uploads\/2026\/01\/Endstand-HT-beim-FC-Hettstedt-1.jpg\"><noscript><img decoding=\"async\" class=\"alignnone size-medium wp-image-44294\" src=\"https:\/\/einheit-bernburg.de\/content\/wp-content\/uploads\/2026\/01\/Endstand-HT-beim-FC-Hettstedt-1-300x210.jpg\" alt width=\"300\" height=\"210\" srcset=\"https:\/\/einheit-bernburg.de\/content\/wp-content\/uploads\/2026\/01\/Endstand-HT-beim-FC-Hettstedt-1-300x210.jpg 300w, https:\/\/einheit-bernburg.de\/content\/wp-content\/uploads\/2026\/01\/Endstand-HT-beim-FC-Hettstedt-1-768x538.jpg 768w, https:\/\/einheit-bernburg.de\/content\/wp-content\/uploads\/2026\/01\/Endstand-HT-beim-FC-Hettstedt-1.jpg 974w\" sizes=\"(max-width: 300px) 100vw, 300px\"><\/noscript><img decoding=\"async\" class=\"alignnone size-medium wp-image-44294 lazyload\" src=\"data:image\/svg+xml,%3Csvg%20xmlns%3D%22http%3A%2F%2Fwww.w3.org%2F2000%2Fsvg%22%20viewBox%3D%220%200%20300%20210%22%3E%3C%2Fsvg%3E\" alt width=\"300\" height=\"210\" srcset=\"data:image\/svg+xml,%3Csvg%20xmlns%3D%22http%3A%2F%2Fwww.w3.org%2F2000%2Fsvg%22%20viewBox%3D%220%200%20300%20210%22%3E%3C%2Fsvg%3E 300w\" sizes=\"(max-width: 300px) 100vw, 300px\" data-srcset=\"https:\/\/einheit-bernburg.de\/content\/wp-content\/uploads\/2026\/01\/Endstand-HT-beim-FC-Hettstedt-1-300x210.jpg 300w, https:\/\/einheit-bernburg.de\/content\/wp-content\/uploads\/2026\/01\/Endstand-HT-beim-FC-Hettstedt-1-768x538.jpg 768w, https:\/\/einheit-bernburg.de\/content\/wp-content\/uploads\/2026\/01\/Endstand-HT-beim-FC-Hettstedt-1.jpg 974w\" data-src=\"https:\/\/einheit-bernburg.de\/content\/wp-content\/uploads\/2026\/01\/Endstand-HT-beim-FC-Hettstedt-1-300x210.jpg\"><\/a><\/p>\n<hr>\n<p><span style=\"text-decoration: underline;\"><strong>Sonntag, 18.01.2026:<\/strong> <strong>WOBAU-Cup 2026<\/strong> des <strong>TSV 1887 Neundorf<\/strong><\/span><br>\nBeginn: <strong>13:00 Uhr<\/strong> Anreise: ab 12:15 Uhr Spielort: WEMA-Sporthalle Aschersleben<br>\n<a href=\"https:\/\/einheit-bernburg.de\/content\/wp-content\/uploads\/2026\/01\/D3-2.jpg\"><noscript><img decoding=\"async\" class=\"alignnone size-medium wp-image-44181\" src=\"https:\/\/einheit-bernburg.de\/content\/wp-content\/uploads\/2026\/01\/D3-2-300x190.jpg\" alt width=\"300\" height=\"190\" srcset=\"https:\/\/einheit-bernburg.de\/content\/wp-content\/uploads\/2026\/01\/D3-2-300x190.jpg 300w, https:\/\/einheit-bernburg.de\/content\/wp-content\/uploads\/2026\/01\/D3-2-1024x647.jpg 1024w, https:\/\/einheit-bernburg.de\/content\/wp-content\/uploads\/2026\/01\/D3-2-768x485.jpg 768w, https:\/\/einheit-bernburg.de\/content\/wp-content\/uploads\/2026\/01\/D3-2-1080x683.jpg 1080w, https:\/\/einheit-bernburg.de\/content\/wp-content\/uploads\/2026\/01\/D3-2.jpg 1449w\" sizes=\"(max-width: 300px) 100vw, 300px\"><\/noscript><img decoding=\"async\" class=\"alignnone size-medium wp-image-44181 lazyload\" src=\"data:image\/svg+xml,%3Csvg%20xmlns%3D%22http%3A%2F%2Fwww.w3.org%2F2000%2Fsvg%22%20viewBox%3D%220%200%20300%20190%22%3E%3C%2Fsvg%3E\" alt width=\"300\" height=\"190\" srcset=\"data:image\/svg+xml,%3Csvg%20xmlns%3D%22http%3A%2F%2Fwww.w3.org%2F2000%2Fsvg%22%20viewBox%3D%220%200%20300%20190%22%3E%3C%2Fsvg%3E 300w\" sizes=\"(max-width: 300px) 100vw, 300px\" data-srcset=\"https:\/\/einheit-bernburg.de\/content\/wp-content\/uploads\/2026\/01\/D3-2-300x190.jpg 300w, https:\/\/einheit-bernburg.de\/content\/wp-content\/uploads\/2026\/01\/D3-2-1024x647.jpg 1024w, https:\/\/einheit-bernburg.de\/content\/wp-content\/uploads\/2026\/01\/D3-2-768x485.jpg 768w, https:\/\/einheit-bernburg.de\/content\/wp-content\/uploads\/2026\/01\/D3-2-1080x683.jpg 1080w, https:\/\/einheit-bernburg.de\/content\/wp-content\/uploads\/2026\/01\/D3-2.jpg 1449w\" data-src=\"https:\/\/einheit-bernburg.de\/content\/wp-content\/uploads\/2026\/01\/D3-2-300x190.jpg\"><\/a> &nbsp;&nbsp; <a href=\"https:\/\/einheit-bernburg.de\/content\/wp-content\/uploads\/2026\/01\/D3-WoBau-Cup-2026.pdf\">Ergbnis\u00fcbersicht<\/a><br>\n<strong>Platz 5<\/strong> f\u00fcr unsere Jungs &#8211; Dicke Fehler im Abschlussspiel gegen Baalberge verhinderten ein besseres Resultat. Leon J\u00f6rdens als &#8222;Bester Torwart&#8220; des Turniers geehrt.<\/p>\n<hr>\n<p><span style=\"text-decoration: underline;\"><strong>Sonntag, 14.12.2025:<\/strong> HKM \u2013 <strong>Vorrunde<\/strong> Staffel <strong>5<\/strong><\/span><br>\nBeginn: <strong>14:00 Uhr<\/strong> Anreise: ab 13:15 Uhr<br>\n<strong>Spielort:<\/strong> Sporthalle &#8222;Askaneum&#8220;, Otto &#8211; Lilien &#8211; Str. 22, 06449 Aschersleben<\/p>\n<p><strong>Teilnehmer:<br>\n<\/strong>Lok G\u00fcsten, SC Seeland, Rotation ASL, TuS Bebitz, Union SBK, Einheit Bbg. III.<br>\n<a href=\"https:\/\/www.fussball.de\/spieltagsuebersicht\/hallenturnier-kreis-salzland-d-junioren-hallen-kreisturnier-d-junioren-saison2526-sachsen-anhalt\/-\/staffel\/02TL3GOQ74000000VS5489BSVSKABKDB-C#!\/\">(Spielplan u. Tabelle)<\/a>&nbsp; &nbsp; &nbsp; &nbsp;<a href=\"https:\/\/einheit-bernburg.de\/content\/wp-content\/uploads\/2025\/11\/Ausschreibung-D-HKM-2025-2026.pdf\">(Ausschreibung)<\/a><\/p>\n<hr>\n<hr>\n<h3>Weihnachtsfeier 2025<\/h3>\n<p>Die&nbsp; Weihnachtsfeier der D3-Junioren fand dieses Jahr im Sport &#8211; u. Kulturzentrum Poblitz der SG Gr\u00fcn-Wei\u00df Beesenlaublingen statt. Daf\u00fcr vielen Dank nochmal an unseren Partnerverein. Der Weihnachtsmann war zu Gast und \u00fcberbrachte kleine Geschenke und danach standen Spa\u00df und Spiel im Vordergrund. Nach einer kurzen Winterpause startet die Mannschaft wieder am 12.01.2026 ins Training.<\/p>\n<p><em>Einige Impressionen<br>\n<a href=\"https:\/\/einheit-bernburg.de\/content\/wp-content\/uploads\/2025\/12\/Weihnachtfeier-D3-2.jpg\"><noscript><img decoding=\"async\" class=\"alignnone wp-image-44067 size-thumbnail\" src=\"https:\/\/einheit-bernburg.de\/content\/wp-content\/uploads\/2025\/12\/Weihnachtfeier-D3-2-150x150.jpg\" alt width=\"150\" height=\"150\"><\/noscript><img decoding=\"async\" class=\"alignnone wp-image-44067 size-thumbnail lazyload\" src=\"data:image\/svg+xml,%3Csvg%20xmlns%3D%22http%3A%2F%2Fwww.w3.org%2F2000%2Fsvg%22%20viewBox%3D%220%200%20150%20150%22%3E%3C%2Fsvg%3E\" alt width=\"150\" height=\"150\" data-src=\"https:\/\/einheit-bernburg.de\/content\/wp-content\/uploads\/2025\/12\/Weihnachtfeier-D3-2-150x150.jpg\"><\/a> <a href=\"https:\/\/einheit-bernburg.de\/content\/wp-content\/uploads\/2025\/12\/Weihnachtfeier-D3-1.jpg\"><noscript><img decoding=\"async\" class=\"alignnone wp-image-44066\" src=\"https:\/\/einheit-bernburg.de\/content\/wp-content\/uploads\/2025\/12\/Weihnachtfeier-D3-1-300x225.jpg\" alt width=\"201\" height=\"151\" srcset=\"https:\/\/einheit-bernburg.de\/content\/wp-content\/uploads\/2025\/12\/Weihnachtfeier-D3-1-300x225.jpg 300w, https:\/\/einheit-bernburg.de\/content\/wp-content\/uploads\/2025\/12\/Weihnachtfeier-D3-1-1024x768.jpg 1024w, https:\/\/einheit-bernburg.de\/content\/wp-content\/uploads\/2025\/12\/Weihnachtfeier-D3-1-768x576.jpg 768w, https:\/\/einheit-bernburg.de\/content\/wp-content\/uploads\/2025\/12\/Weihnachtfeier-D3-1-1080x810.jpg 1080w, https:\/\/einheit-bernburg.de\/content\/wp-content\/uploads\/2025\/12\/Weihnachtfeier-D3-1.jpg 1400w\" sizes=\"(max-width: 201px) 100vw, 201px\"><\/noscript><img decoding=\"async\" class=\"alignnone wp-image-44066 lazyload\" src=\"data:image\/svg+xml,%3Csvg%20xmlns%3D%22http%3A%2F%2Fwww.w3.org%2F2000%2Fsvg%22%20viewBox%3D%220%200%20201%20151%22%3E%3C%2Fsvg%3E\" alt width=\"201\" height=\"151\" srcset=\"data:image\/svg+xml,%3Csvg%20xmlns%3D%22http%3A%2F%2Fwww.w3.org%2F2000%2Fsvg%22%20viewBox%3D%220%200%20201%20151%22%3E%3C%2Fsvg%3E 201w\" sizes=\"(max-width: 201px) 100vw, 201px\" data-srcset=\"https:\/\/einheit-bernburg.de\/content\/wp-content\/uploads\/2025\/12\/Weihnachtfeier-D3-1-300x225.jpg 300w, https:\/\/einheit-bernburg.de\/content\/wp-content\/uploads\/2025\/12\/Weihnachtfeier-D3-1-1024x768.jpg 1024w, https:\/\/einheit-bernburg.de\/content\/wp-content\/uploads\/2025\/12\/Weihnachtfeier-D3-1-768x576.jpg 768w, https:\/\/einheit-bernburg.de\/content\/wp-content\/uploads\/2025\/12\/Weihnachtfeier-D3-1-1080x810.jpg 1080w, https:\/\/einheit-bernburg.de\/content\/wp-content\/uploads\/2025\/12\/Weihnachtfeier-D3-1.jpg 1400w\" data-src=\"https:\/\/einheit-bernburg.de\/content\/wp-content\/uploads\/2025\/12\/Weihnachtfeier-D3-1-300x225.jpg\"> <\/a><a href=\"https:\/\/einheit-bernburg.de\/content\/wp-content\/uploads\/2025\/12\/Weihnachtfeier-D3-3.jpg\"><noscript><img decoding=\"async\" class=\"alignnone wp-image-44068 size-thumbnail\" src=\"https:\/\/einheit-bernburg.de\/content\/wp-content\/uploads\/2025\/12\/Weihnachtfeier-D3-3-150x150.jpg\" alt width=\"150\" height=\"150\"><\/noscript><img decoding=\"async\" class=\"alignnone wp-image-44068 size-thumbnail lazyload\" src=\"data:image\/svg+xml,%3Csvg%20xmlns%3D%22http%3A%2F%2Fwww.w3.org%2F2000%2Fsvg%22%20viewBox%3D%220%200%20150%20150%22%3E%3C%2Fsvg%3E\" alt width=\"150\" height=\"150\" data-src=\"https:\/\/einheit-bernburg.de\/content\/wp-content\/uploads\/2025\/12\/Weihnachtfeier-D3-3-150x150.jpg\"><\/a><br>\n<\/em><\/p>\n<p><a href=\"https:\/\/einheit-bernburg.de\/content\/wp-content\/uploads\/2025\/12\/Weihnachtfeier-D3-5.jpg\"><noscript><img decoding=\"async\" class=\"alignnone wp-image-44069 size-thumbnail\" src=\"https:\/\/einheit-bernburg.de\/content\/wp-content\/uploads\/2025\/12\/Weihnachtfeier-D3-5-150x150.jpg\" alt width=\"150\" height=\"150\"><\/noscript><img decoding=\"async\" class=\"alignnone wp-image-44069 size-thumbnail lazyload\" src=\"data:image\/svg+xml,%3Csvg%20xmlns%3D%22http%3A%2F%2Fwww.w3.org%2F2000%2Fsvg%22%20viewBox%3D%220%200%20150%20150%22%3E%3C%2Fsvg%3E\" alt width=\"150\" height=\"150\" data-src=\"https:\/\/einheit-bernburg.de\/content\/wp-content\/uploads\/2025\/12\/Weihnachtfeier-D3-5-150x150.jpg\"> <\/a><a href=\"https:\/\/einheit-bernburg.de\/content\/wp-content\/uploads\/2025\/12\/Weihnachtfeier-D3-4.jpg\"><noscript><img decoding=\"async\" class=\"alignnone wp-image-44070\" src=\"https:\/\/einheit-bernburg.de\/content\/wp-content\/uploads\/2025\/12\/Weihnachtfeier-D3-4-300x225.jpg\" alt width=\"201\" height=\"151\" srcset=\"https:\/\/einheit-bernburg.de\/content\/wp-content\/uploads\/2025\/12\/Weihnachtfeier-D3-4-300x225.jpg 300w, https:\/\/einheit-bernburg.de\/content\/wp-content\/uploads\/2025\/12\/Weihnachtfeier-D3-4-1024x768.jpg 1024w, https:\/\/einheit-bernburg.de\/content\/wp-content\/uploads\/2025\/12\/Weihnachtfeier-D3-4-768x576.jpg 768w, https:\/\/einheit-bernburg.de\/content\/wp-content\/uploads\/2025\/12\/Weihnachtfeier-D3-4-1080x810.jpg 1080w, https:\/\/einheit-bernburg.de\/content\/wp-content\/uploads\/2025\/12\/Weihnachtfeier-D3-4.jpg 1400w\" sizes=\"(max-width: 201px) 100vw, 201px\"><\/noscript><img decoding=\"async\" class=\"alignnone wp-image-44070 lazyload\" src=\"data:image\/svg+xml,%3Csvg%20xmlns%3D%22http%3A%2F%2Fwww.w3.org%2F2000%2Fsvg%22%20viewBox%3D%220%200%20201%20151%22%3E%3C%2Fsvg%3E\" alt width=\"201\" height=\"151\" srcset=\"data:image\/svg+xml,%3Csvg%20xmlns%3D%22http%3A%2F%2Fwww.w3.org%2F2000%2Fsvg%22%20viewBox%3D%220%200%20201%20151%22%3E%3C%2Fsvg%3E 201w\" sizes=\"(max-width: 201px) 100vw, 201px\" data-srcset=\"https:\/\/einheit-bernburg.de\/content\/wp-content\/uploads\/2025\/12\/Weihnachtfeier-D3-4-300x225.jpg 300w, https:\/\/einheit-bernburg.de\/content\/wp-content\/uploads\/2025\/12\/Weihnachtfeier-D3-4-1024x768.jpg 1024w, https:\/\/einheit-bernburg.de\/content\/wp-content\/uploads\/2025\/12\/Weihnachtfeier-D3-4-768x576.jpg 768w, https:\/\/einheit-bernburg.de\/content\/wp-content\/uploads\/2025\/12\/Weihnachtfeier-D3-4-1080x810.jpg 1080w, https:\/\/einheit-bernburg.de\/content\/wp-content\/uploads\/2025\/12\/Weihnachtfeier-D3-4.jpg 1400w\" data-src=\"https:\/\/einheit-bernburg.de\/content\/wp-content\/uploads\/2025\/12\/Weihnachtfeier-D3-4-300x225.jpg\"><\/a> <a href=\"https:\/\/einheit-bernburg.de\/content\/wp-content\/uploads\/2025\/12\/Weihnachtfeier-D3-6.jpg\"><noscript><img decoding=\"async\" class=\"alignnone wp-image-44071 size-thumbnail\" src=\"https:\/\/einheit-bernburg.de\/content\/wp-content\/uploads\/2025\/12\/Weihnachtfeier-D3-6-150x150.jpg\" alt width=\"150\" height=\"150\"><\/noscript><img decoding=\"async\" class=\"alignnone wp-image-44071 size-thumbnail lazyload\" src=\"data:image\/svg+xml,%3Csvg%20xmlns%3D%22http%3A%2F%2Fwww.w3.org%2F2000%2Fsvg%22%20viewBox%3D%220%200%20150%20150%22%3E%3C%2Fsvg%3E\" alt width=\"150\" height=\"150\" data-src=\"https:\/\/einheit-bernburg.de\/content\/wp-content\/uploads\/2025\/12\/Weihnachtfeier-D3-6-150x150.jpg\"><\/a><\/p>\n<hr>\n<h3>Kreisklasse &#8211; Platzierungsrunde<\/h3>\n<p><span style=\"text-decoration: underline;\"><strong>22.11.2025<\/strong> Ansto\u00df: <strong>11:30 Uhr<\/strong> &#8211; 2.ST<\/span><br>\nTSV 1887 Neundorf \/ Hecklingen II &#8211; SV Einheit Bernburg III.&nbsp;<strong>3:2 (2:1)<\/strong><\/p>\n<p><strong>Hat man kein Gl\u00fcck, kommt auch noch Pech hinzu<br>\n<\/strong>Wir reisten zum zweiten Spiel der Platzierungsrunde zum TSV Neundorf! Die Vorzeichen hierf\u00fcr standen nach Absagen und Spielerabgabe auf keinem guten Stern! Bei diesem d\u00fcnnen Kader aktuell, tut jede Position weh, die man anders besetzen muss! Nichtsdestotrotz wollten wir auf dem schwer bespielbarem Rasen 3 Punkte mit nach Hause nehmen! Aber es kam anders!!!!<br>\nNach einem fatalem Fehler der Abwehr, brauchte der St\u00fcrmer nur noch einschieben. Unser Team lie\u00df sich dann von der unsch\u00f6nen Spielweise des Gegners anstecken! Manch einer w\u00e4re bei dem &#8222;Spiel&#8220; lieber zuhause geblieben! Neundorf erh\u00f6hte auf 2:0!<br>\nDann wurde das Einheitteam endlich wach. Vor der Halbzeit verk\u00fcrzte Frederik, durch einen abgef\u00e4lschten Freisto\u00df, auf 2:1, ehe der Halbzeitpfiff ert\u00f6nte!<br>\nAnsprache in der Kabine zur Halbzeit, dass hier heute mehr drin ist!<br>\nKurzes Fazit zur 2. Halbzeit! Unser Team permanent am Dr\u00fccker und spielbestimmend! Das sollte sich kurz vor Ende mit dem 2:2 Ausgleich durch Lennart auszahlen! Fortuna war an diesem Tag aber leider nicht auf unserer Seite! In der 60. Spielminute bekamen die Gastgeber noch einen Strafsto\u00df zugesprochen!<br>\nDer Schiedsrichter ist an diesem Tag leider nicht positiv aufgefallen, sehr viele falsche Entscheidungen, zu wenig Durchsetzungskraft, Unp\u00fcnktlichkeit und leider dann diese fragliche Entscheidung auf Strafsto\u00df! Leider verloren wir das Spiel 3:2.<br>\nFussball ist halt nicht immer fair, am Ende z\u00e4hlt das Ergebnis! Die D3 verabschiedet sich damit in die Hallensaison!<\/p>\n<p><em>Abschlie\u00dfende Worte zu unserer Mannschaft!<\/em><br>\n<em>Sollte sich ein gewisses Verhalten von manchen Kindern nicht \u00e4ndern, dann gibt es unsererseits Konsequenzen in Form von Nichtnominierung am Spieltag!<\/em><\/p>\n<hr>\n<p><span style=\"text-decoration: underline;\"><strong>09.11.2025<\/strong> Ansto\u00df: <strong>11:00 Uhr<\/strong> &#8211; 1.ST<\/span><br>\nSV Einheit Bernburg III. &#8211; SV 09 Sta\u00dffurt II.&nbsp;<strong>2:4 (1:2)<br>\n<a href=\"https:\/\/einheit-bernburg.de\/content\/wp-content\/uploads\/2025\/11\/D3-STF-II.-.jpg\"><noscript><img decoding=\"async\" class=\"alignnone size-medium wp-image-43623\" src=\"https:\/\/einheit-bernburg.de\/content\/wp-content\/uploads\/2025\/11\/D3-STF-II.--300x133.jpg\" alt width=\"300\" height=\"133\" srcset=\"https:\/\/einheit-bernburg.de\/content\/wp-content\/uploads\/2025\/11\/D3-STF-II.--300x133.jpg 300w, https:\/\/einheit-bernburg.de\/content\/wp-content\/uploads\/2025\/11\/D3-STF-II.--1024x454.jpg 1024w, https:\/\/einheit-bernburg.de\/content\/wp-content\/uploads\/2025\/11\/D3-STF-II.--768x340.jpg 768w, https:\/\/einheit-bernburg.de\/content\/wp-content\/uploads\/2025\/11\/D3-STF-II.--1080x478.jpg 1080w, https:\/\/einheit-bernburg.de\/content\/wp-content\/uploads\/2025\/11\/D3-STF-II.-.jpg 1307w\" sizes=\"(max-width: 300px) 100vw, 300px\"><\/noscript><img decoding=\"async\" class=\"alignnone size-medium wp-image-43623 lazyload\" src=\"data:image\/svg+xml,%3Csvg%20xmlns%3D%22http%3A%2F%2Fwww.w3.org%2F2000%2Fsvg%22%20viewBox%3D%220%200%20300%20133%22%3E%3C%2Fsvg%3E\" alt width=\"300\" height=\"133\" srcset=\"data:image\/svg+xml,%3Csvg%20xmlns%3D%22http%3A%2F%2Fwww.w3.org%2F2000%2Fsvg%22%20viewBox%3D%220%200%20300%20133%22%3E%3C%2Fsvg%3E 300w\" sizes=\"(max-width: 300px) 100vw, 300px\" data-srcset=\"https:\/\/einheit-bernburg.de\/content\/wp-content\/uploads\/2025\/11\/D3-STF-II.--300x133.jpg 300w, https:\/\/einheit-bernburg.de\/content\/wp-content\/uploads\/2025\/11\/D3-STF-II.--1024x454.jpg 1024w, https:\/\/einheit-bernburg.de\/content\/wp-content\/uploads\/2025\/11\/D3-STF-II.--768x340.jpg 768w, https:\/\/einheit-bernburg.de\/content\/wp-content\/uploads\/2025\/11\/D3-STF-II.--1080x478.jpg 1080w, https:\/\/einheit-bernburg.de\/content\/wp-content\/uploads\/2025\/11\/D3-STF-II.-.jpg 1307w\" data-src=\"https:\/\/einheit-bernburg.de\/content\/wp-content\/uploads\/2025\/11\/D3-STF-II.--300x133.jpg\"><\/a><br>\n<\/strong><\/p>\n<hr>\n<h3>Kreisklasse Staffel 6<\/h3>\n<p><span style=\"text-decoration: underline;\"><strong>12.10.2025<\/strong> Ansto\u00df: <strong>09:30 Uhr<\/strong> &#8211; 6.ST<\/span><strong><br>\n<\/strong>SV Einheit Bernburg III. &#8211; Union 1861 Sch\u00f6nebeck IV&nbsp;<strong>1:7 (1:4)<\/strong><\/p>\n<hr>\n<p><span style=\"text-decoration: underline;\"><strong>28.09.2025<\/strong> Ansto\u00df: <strong>10:30 Uhr <\/strong>&#8211; 5.ST<\/span><br>\nSV Lok Aschersleben I &#8211; SV Einheit Bernburg III.&nbsp;<strong>8:0 (4:0)&nbsp;<\/strong><\/p>\n<hr>\n<p><span style=\"text-decoration: underline;\"><strong>20.09.2025<\/strong> Ansto\u00df: <strong>11:00 Uhr <\/strong>&#8211; 4.ST<\/span><br>\nSV W.U.T. U12 &#8211; SV Einheit Bernburg III.&nbsp;<strong>4:3 (3:0)<\/strong><\/p>\n<p><strong>Es geht doch &#8211; Kampf, Wille, Zusammenhalt und Chancenverwertung!<br>\n<\/strong>Aktuell schaffen wir es leider nicht, uns mal mit einem F\u00fchrungstreffer zu belohnen. 100% ige Chancen werden zu einfach vergeben! Hinten hauen wir uns die B\u00e4lle leider oftmals selbst rein und laden den Gegner regelrecht zum Toreschie\u00dfen ein!<br>\nDie K\u00f6rpersprache und das Verhalten mancher Spieler wirft so einige Fragen auf! So auch in der 1 Halbzeit gegen die Wolmirslebener! Einheit spielbestimmend bis zum ersten Gegentor! Danach null K\u00f6rpersprache, geschweige den ein Aufb\u00e4umen!<br>\nIn der Halbzeit fanden wir als Trainerteam dann die richtigen Worte und siehe da, es geht doch! Kampf, Wille, Zusammenhalt und Chancenverwertung stimmten!<br>\nAn solche Szenen und Halbzeiten m\u00fcssen wir ankn\u00fcpfen! Leider reichte es am Ende nicht f\u00fcr drei Punkte! Beide Spiele gegen die Spielgemeinschaft verlor man leider, sodass man mit 0 Punkten am Tabellenende steht!<br>\n<strong>Jetzt hei\u00dft es nur Kopf hoch, flei\u00dfig trainieren und einfache Fehler abstellen!<\/strong><\/p>\n<hr>\n<p><span style=\"text-decoration: underline;\"><strong>13.09.2025<\/strong> Ansto\u00df: <strong>11:00 Uhr<\/strong> &#8211; 3.ST<\/span><strong><br>\n<\/strong>Union 1861 Sch\u00f6nebeck IV. &#8211; SV Einheit Bernburg III.&nbsp;&nbsp;<strong>6:0 (4:0)<\/strong><\/p>\n<hr>\n<h3><strong>Kreispokal 1.Runde&nbsp;<\/strong><\/h3>\n<p><span style=\"text-decoration: underline;\"><strong>31.08.2025<\/strong> Ansto\u00df: <strong>09:30 Uhr<\/strong><\/span><br>\nSV 08 Baalberge &#8211; SV Einheit Bernburg III.&nbsp;<strong>3:0 (2:0)<\/strong><br>\n<em><a href=\"https:\/\/www.fussball.de\/spieltagsuebersicht\/kreispokal-d-jugend-slk-kreis-salzland-d-junioren-kreispokal-d-junioren-saison2526-sachsen-anhalt\/-\/staffel\/02TVD5MNSO000000VS5489BUVT4DR8KJ-C#!\/\">(Alle Spiele)<\/a><\/em><\/p>\n<hr>\n<h3>Kreisklasse Staffel 6<\/h3>\n<p><span style=\"text-decoration: underline;\"><strong>07.09.2025<\/strong> Ansto\u00df: <strong>11:00 Uhr<\/strong> &#8211; 2.ST<\/span><strong><br>\n<\/strong>SV Einheit Bernburg III. &#8211; SV Lok Aschersleben <strong>0:7 (0:2)<\/strong><\/p>\n<hr>\n<p><span style=\"text-decoration: underline;\"><strong>23.08.2025<\/strong> Ansto\u00df: <strong>11:00 Uhr<\/strong> &#8211; 1.ST<\/span><strong><br>\n<\/strong>SV Einheit Bernburg &#8211; SV W\/U\/T U12&nbsp;<strong>1:2 (1:1)<br>\n<a href=\"https:\/\/einheit-bernburg.de\/content\/wp-content\/uploads\/2025\/08\/D3-W.U.T.-II.jpg\"><noscript><img decoding=\"async\" class=\"alignnone size-medium wp-image-42681\" src=\"https:\/\/einheit-bernburg.de\/content\/wp-content\/uploads\/2025\/08\/D3-W.U.T.-II-300x142.jpg\" alt width=\"300\" height=\"142\" srcset=\"https:\/\/einheit-bernburg.de\/content\/wp-content\/uploads\/2025\/08\/D3-W.U.T.-II-300x142.jpg 300w, https:\/\/einheit-bernburg.de\/content\/wp-content\/uploads\/2025\/08\/D3-W.U.T.-II-1024x484.jpg 1024w, https:\/\/einheit-bernburg.de\/content\/wp-content\/uploads\/2025\/08\/D3-W.U.T.-II-768x363.jpg 768w, https:\/\/einheit-bernburg.de\/content\/wp-content\/uploads\/2025\/08\/D3-W.U.T.-II-1080x511.jpg 1080w, https:\/\/einheit-bernburg.de\/content\/wp-content\/uploads\/2025\/08\/D3-W.U.T.-II.jpg 1417w\" sizes=\"(max-width: 300px) 100vw, 300px\"><\/noscript><img decoding=\"async\" class=\"alignnone size-medium wp-image-42681 lazyload\" src=\"data:image\/svg+xml,%3Csvg%20xmlns%3D%22http%3A%2F%2Fwww.w3.org%2F2000%2Fsvg%22%20viewBox%3D%220%200%20300%20142%22%3E%3C%2Fsvg%3E\" alt width=\"300\" height=\"142\" srcset=\"data:image\/svg+xml,%3Csvg%20xmlns%3D%22http%3A%2F%2Fwww.w3.org%2F2000%2Fsvg%22%20viewBox%3D%220%200%20300%20142%22%3E%3C%2Fsvg%3E 300w\" sizes=\"(max-width: 300px) 100vw, 300px\" data-srcset=\"https:\/\/einheit-bernburg.de\/content\/wp-content\/uploads\/2025\/08\/D3-W.U.T.-II-300x142.jpg 300w, https:\/\/einheit-bernburg.de\/content\/wp-content\/uploads\/2025\/08\/D3-W.U.T.-II-1024x484.jpg 1024w, https:\/\/einheit-bernburg.de\/content\/wp-content\/uploads\/2025\/08\/D3-W.U.T.-II-768x363.jpg 768w, https:\/\/einheit-bernburg.de\/content\/wp-content\/uploads\/2025\/08\/D3-W.U.T.-II-1080x511.jpg 1080w, https:\/\/einheit-bernburg.de\/content\/wp-content\/uploads\/2025\/08\/D3-W.U.T.-II.jpg 1417w\" data-src=\"https:\/\/einheit-bernburg.de\/content\/wp-content\/uploads\/2025\/08\/D3-W.U.T.-II-300x142.jpg\"><\/a><a href=\"https:\/\/einheit-bernburg.de\/content\/wp-content\/uploads\/2025\/08\/D3-W.U.T.-II.-Szene.jpg\"> <noscript><img decoding=\"async\" class=\"alignnone wp-image-42682\" src=\"https:\/\/einheit-bernburg.de\/content\/wp-content\/uploads\/2025\/08\/D3-W.U.T.-II.-Szene-300x167.jpg\" alt width=\"255\" height=\"142\" srcset=\"https:\/\/einheit-bernburg.de\/content\/wp-content\/uploads\/2025\/08\/D3-W.U.T.-II.-Szene-300x167.jpg 300w, https:\/\/einheit-bernburg.de\/content\/wp-content\/uploads\/2025\/08\/D3-W.U.T.-II.-Szene-1024x569.jpg 1024w, https:\/\/einheit-bernburg.de\/content\/wp-content\/uploads\/2025\/08\/D3-W.U.T.-II.-Szene-768x426.jpg 768w, https:\/\/einheit-bernburg.de\/content\/wp-content\/uploads\/2025\/08\/D3-W.U.T.-II.-Szene-1080x600.jpg 1080w, https:\/\/einheit-bernburg.de\/content\/wp-content\/uploads\/2025\/08\/D3-W.U.T.-II.-Szene.jpg 1500w\" sizes=\"(max-width: 255px) 100vw, 255px\"><\/noscript><img decoding=\"async\" class=\"alignnone wp-image-42682 lazyload\" src=\"data:image\/svg+xml,%3Csvg%20xmlns%3D%22http%3A%2F%2Fwww.w3.org%2F2000%2Fsvg%22%20viewBox%3D%220%200%20255%20142%22%3E%3C%2Fsvg%3E\" alt width=\"255\" height=\"142\" srcset=\"data:image\/svg+xml,%3Csvg%20xmlns%3D%22http%3A%2F%2Fwww.w3.org%2F2000%2Fsvg%22%20viewBox%3D%220%200%20255%20142%22%3E%3C%2Fsvg%3E 255w\" sizes=\"(max-width: 255px) 100vw, 255px\" data-srcset=\"https:\/\/einheit-bernburg.de\/content\/wp-content\/uploads\/2025\/08\/D3-W.U.T.-II.-Szene-300x167.jpg 300w, https:\/\/einheit-bernburg.de\/content\/wp-content\/uploads\/2025\/08\/D3-W.U.T.-II.-Szene-1024x569.jpg 1024w, https:\/\/einheit-bernburg.de\/content\/wp-content\/uploads\/2025\/08\/D3-W.U.T.-II.-Szene-768x426.jpg 768w, https:\/\/einheit-bernburg.de\/content\/wp-content\/uploads\/2025\/08\/D3-W.U.T.-II.-Szene-1080x600.jpg 1080w, https:\/\/einheit-bernburg.de\/content\/wp-content\/uploads\/2025\/08\/D3-W.U.T.-II.-Szene.jpg 1500w\" data-src=\"https:\/\/einheit-bernburg.de\/content\/wp-content\/uploads\/2025\/08\/D3-W.U.T.-II.-Szene-300x167.jpg\"><\/a><br>\n<\/strong><\/p>\n<p><strong>Zufriedenstellende Leistung der D3, einzig das Fortune fehlt dem Team<\/strong><br>\nSamstag war es soweit, das erste Punktspiel mit der neuen D3! Gegner auf dem heimischen Platz war der Wolmirslebener SV. Also hie\u00df es K\u00f6pfe zusammenstecken f\u00fcr die erste Startaufstellung der Saison. Der Kader war mit 14 Kindern sehr gut best\u00fcckt! Leider gerieten wir durch einen doofen Fehler, an dem die Trainer ma\u00dfgeblich beteiligt waren in R\u00fcckstand. Danach hie\u00df das spielbestimmende Team nur noch Einheit Bernburg. Oliver erzielte in der 7. Spielminute den postwendenden Ausgleich. Es war ein Anrennen auf das Tor der G\u00e4ste. Leider schafften wir es nicht den Ball nochmals im gegnerischen Tor unterzubringen, mal war es Unverm\u00f6gen oder mal war es einfach Pech. Ein Sonntagsschuss der Wolmirslebener besiegelte dann die 1:2 Niederlage unseres Teams. Wir als Trainer waren mehr als zufrieden mit der Leistung. An dieses Spiel wollen wir ankn\u00fcpfen und werden weiter flei\u00dfig trainieren!<\/p>\n<hr>\n<p><span style=\"text-decoration: underline;\"><strong>12.08.2025<\/strong> Ansto\u00df: <strong>17:30 Uhr &#8211; Testspiel <\/strong>in Beesenlaublingen \/ Poplitz<\/span><strong><br>\n<\/strong>SV Einheit Bernburg III. &#8211; VfB Borussia G\u00f6rzig&nbsp;<strong>3:6<br>\n<a href=\"https:\/\/einheit-bernburg.de\/content\/wp-content\/uploads\/2025\/08\/D3-Borussia-Goerzig.jpg\"><noscript><img decoding=\"async\" class=\"alignnone size-medium wp-image-42456\" src=\"https:\/\/einheit-bernburg.de\/content\/wp-content\/uploads\/2025\/08\/D3-Borussia-Goerzig-300x117.jpg\" alt width=\"300\" height=\"117\" srcset=\"https:\/\/einheit-bernburg.de\/content\/wp-content\/uploads\/2025\/08\/D3-Borussia-Goerzig-300x117.jpg 300w, https:\/\/einheit-bernburg.de\/content\/wp-content\/uploads\/2025\/08\/D3-Borussia-Goerzig-1024x399.jpg 1024w, https:\/\/einheit-bernburg.de\/content\/wp-content\/uploads\/2025\/08\/D3-Borussia-Goerzig-768x300.jpg 768w, https:\/\/einheit-bernburg.de\/content\/wp-content\/uploads\/2025\/08\/D3-Borussia-Goerzig-1080x421.jpg 1080w, https:\/\/einheit-bernburg.de\/content\/wp-content\/uploads\/2025\/08\/D3-Borussia-Goerzig.jpg 1500w\" sizes=\"(max-width: 300px) 100vw, 300px\"><\/noscript><img decoding=\"async\" class=\"alignnone size-medium wp-image-42456 lazyload\" src=\"data:image\/svg+xml,%3Csvg%20xmlns%3D%22http%3A%2F%2Fwww.w3.org%2F2000%2Fsvg%22%20viewBox%3D%220%200%20300%20117%22%3E%3C%2Fsvg%3E\" alt width=\"300\" height=\"117\" srcset=\"data:image\/svg+xml,%3Csvg%20xmlns%3D%22http%3A%2F%2Fwww.w3.org%2F2000%2Fsvg%22%20viewBox%3D%220%200%20300%20117%22%3E%3C%2Fsvg%3E 300w\" sizes=\"(max-width: 300px) 100vw, 300px\" data-srcset=\"https:\/\/einheit-bernburg.de\/content\/wp-content\/uploads\/2025\/08\/D3-Borussia-Goerzig-300x117.jpg 300w, https:\/\/einheit-bernburg.de\/content\/wp-content\/uploads\/2025\/08\/D3-Borussia-Goerzig-1024x399.jpg 1024w, https:\/\/einheit-bernburg.de\/content\/wp-content\/uploads\/2025\/08\/D3-Borussia-Goerzig-768x300.jpg 768w, https:\/\/einheit-bernburg.de\/content\/wp-content\/uploads\/2025\/08\/D3-Borussia-Goerzig-1080x421.jpg 1080w, https:\/\/einheit-bernburg.de\/content\/wp-content\/uploads\/2025\/08\/D3-Borussia-Goerzig.jpg 1500w\" data-src=\"https:\/\/einheit-bernburg.de\/content\/wp-content\/uploads\/2025\/08\/D3-Borussia-Goerzig-300x117.jpg\"><\/a><br>\n<\/strong><\/p>\n<p><strong>Das 1. Testspiel nach der Sommerpause mit neu formierter D3<\/strong><br>\nZu Gast hatten wir den VfB Borussia G\u00f6rzig Und wir&nbsp; spielten auf dem Sportplatz in Beesenlaublingen \/ Poplitz.<br>\nBei bestem Fussballwetter war es bis zur 50 Spielminute ein sehr guter Schlagabtausch beider Teams! Zum Ende hin verlie\u00dfen uns leider dir Kr\u00e4fte bzw. es wurde ja auch einiges probiert und umgestellt! Man darf hierbei nicht vergessen, da\u00df sich manche Kids zum ersten Mal sahen und beschnuppern mussten!<br>\nEs ist noch Luft nach oben, aber dies werden wir in den n\u00e4chsten Trainingseinheiten schon hinbekommen!<br>\nEin sehr sch\u00f6ner Test gegen ein fairen Gegner, mit dem wir den Kontakt sicher nicht abrei\u00dfen lassen!<br>\nJetzt hei\u00dft es flei\u00dfig trainieren und ein geschlossene Einheit Formen, denn bis zum ersten Punktspiel sind es nur noch wenige Tage ;)!<\/p>\n<hr>\n<p>&nbsp;<\/p>\n","protected":false},"excerpt":{"rendered":"<p>SV Einheit Bernburg III. 1.Kreisklasse Vorrunde &#8211; Staffel 6 Hintere Reihe: Florian Stein (TR), Finn Apel, Max Pega, Sponsor Denny Gerstenberger SWB, Pepe Sch\u00fctze, Lennart L\u00fcth, Ren\u00e9 Leschinger (TR),&nbsp; Frederick Leschinger, Dean Schwarz, Rick Beyreuther (TR) Vordere Reihe: Oliver Maiwald, Alexander Ru\u00df, Leon J\u00f6rdens, Taras Melnychuk, Bruno Bruder &nbsp;Kader u. Zielstellung &nbsp;Platzierungsrunde 3 &#8211; Spielplan [&hellip;]<\/p>\n","protected":false},"author":3,"featured_media":0,"parent":15,"menu_order":9,"comment_status":"closed","ping_status":"closed","template":"","meta":{"footnotes":""},"_links":{"self":[{"href":"https:\/\/einheit-bernburg.de\/content\/index.php?rest_route=\/wp\/v2\/pages\/26712"}],"collection":[{"href":"https:\/\/einheit-bernburg.de\/content\/index.php?rest_route=\/wp\/v2\/pages"}],"about":[{"href":"https:\/\/einheit-bernburg.de\/content\/index.php?rest_route=\/wp\/v2\/types\/page"}],"author":[{"embeddable":true,"href":"https:\/\/einheit-bernburg.de\/content\/index.php?rest_route=\/wp\/v2\/users\/3"}],"replies":[{"embeddable":true,"href":"https:\/\/einheit-bernburg.de\/content\/index.php?rest_route=%2Fwp%2Fv2%2Fcomments&post=26712"}],"version-history":[{"count":606,"href":"https:\/\/einheit-bernburg.de\/content\/index.php?rest_route=\/wp\/v2\/pages\/26712\/revisions"}],"predecessor-version":[{"id":45313,"href":"https:\/\/einheit-bernburg.de\/content\/index.php?rest_route=\/wp\/v2\/pages\/26712\/revisions\/45313"}],"up":[{"embeddable":true,"href":"https:\/\/einheit-bernburg.de\/content\/index.php?rest_route=\/wp\/v2\/pages\/15"}],"wp:attachment":[{"href":"https:\/\/einheit-bernburg.de\/content\/index.php?rest_route=%2Fwp%2Fv2%2Fmedia&parent=26712"}],"curies":[{"name":"wp","href":"https:\/\/api.w.org\/{rel}","templated":true}]}}