{"id":3440,"date":"2016-07-21T14:04:39","date_gmt":"2016-07-21T12:04:39","guid":{"rendered":"http:\/\/einheit-bernburg.de\/content\/?page_id=3440"},"modified":"2016-07-27T13:12:17","modified_gmt":"2016-07-27T11:12:17","slug":"archiv-kader-u-zielstellung-2-herren-201516","status":"publish","type":"page","link":"https:\/\/einheit-bernburg.de\/content\/?page_id=3440","title":{"rendered":"Archiv Kader u. Zielstellung 2. Herren 2015\/16"},"content":{"rendered":"<h1>SV Einheit Bernburg II.<\/h1>\n<h3>1. Kreisklasse Staffel 2 \u2013 2015\/16<\/h3>\n<p>Die Mannschaft erreichte in der vergangenen Saison 2014\/15 einen ordentlichen 6.Platz in ihrer Staffel, sieht man die Probleme, die sich f\u00fcr dieses Team ergaben. F\u00fcr diese Saison steht Trainer Silvio Naschke aus famili\u00e4ren Gr\u00fcnden nicht mehr zur Verf\u00fcgung. Ein neuer Mann an der Spitze der Zweiten hat sich bisher nicht wirklich gefunden, sodass Sebastian Engelke dieses Amt als Spielertrainer \u00fcbernehmen wird.<\/p>\n<p>Wir w\u00fcnschen der Mannschaft mit ihrem F\u00fchrungsduo Sebastian Engelke und Egon Knauft ein erfolgreiches Spieljahr 2015\/16.<\/p>\n<hr \/>\n<div class=\"su-table su-table-alternate\">\n<table>\n<tbody>\n<tr>\n<td style=\"width: 25%\"><strong>Ansprechpartner<\/strong><\/td>\n<td>Lothar Kral (Sportlicher Leiter) Tel.: 03471\/311868, Mobil: 0177 \/ 939 42 32<\/td>\n<\/tr>\n<tr>\n<td style=\"width: 25%\"><strong>Trainingszeit<\/strong><\/td>\n<td>Dienstag u. Donnerstag 18:30 &#8211; 20:00 Uhr (Einheitplatz)<\/td>\n<\/tr>\n<tr>\n<td style=\"width: 25%\"><strong>Trainer<\/strong><\/td>\n<td>Sebastian Engelke \u00a0\u00a0 Mobil: 0163 \/ 251 65 20<\/td>\n<\/tr>\n<tr>\n<td style=\"width: 25%\"><strong>Betreuer<\/strong><\/td>\n<td>Egon Knauft\u00a0\u00a0 \u00a0\u00a0\u00a0\u00a0\u00a0\u00a0\u00a0\u00a0\u00a0\u00a0 Mobil: 0152 \/ 556 003 55<\/td>\n<\/tr>\n<tr>\n<td style=\"width: 25%\"><strong>Zielstellung<\/strong><\/td>\n<td>Mittelfeldplatz<\/td>\n<\/tr>\n<\/tbody>\n<\/table>\n<\/div>\n<hr \/>\n<h3>Kader<\/h3>\n\n<table id=\"tablepress-4\" class=\"tablepress tablepress-id-4\">\n<thead>\n<tr class=\"row-1 odd\">\n\t<th class=\"column-1\">Lfd.Nr.<\/th><th class=\"column-2\">Name<\/th><th class=\"column-3\">Vorname<\/th><th class=\"column-4\">Geb.-Datum<\/th><th class=\"column-5\">Zug\u00e4nge (woher)<\/th>\n<\/tr>\n<\/thead>\n<tbody>\n<tr class=\"row-2 even\">\n\t<td class=\"column-1\">1<\/td><td class=\"column-2\">Apel<\/td><td class=\"column-3\">Michael<\/td><td class=\"column-4\">03.12.1990<\/td><td class=\"column-5\"><\/td>\n<\/tr>\n<tr class=\"row-3 odd\">\n\t<td class=\"column-1\">2<\/td><td class=\"column-2\">Apel<\/td><td class=\"column-3\">Ricardo<\/td><td class=\"column-4\">04.08.1995<\/td><td class=\"column-5\"><\/td>\n<\/tr>\n<tr class=\"row-4 even\">\n\t<td class=\"column-1\">19<\/td><td class=\"column-2\">Bahn<\/td><td class=\"column-3\">Robert<\/td><td class=\"column-4\">02.04.1998<\/td><td class=\"column-5\">Rot-Wei\u00df Gr.Rosenburg<\/td>\n<\/tr>\n<tr class=\"row-5 odd\">\n\t<td class=\"column-1\">7<\/td><td class=\"column-2\">Beck<\/td><td class=\"column-3\">Robert<\/td><td class=\"column-4\">16.04.1996<\/td><td class=\"column-5\"><\/td>\n<\/tr>\n<tr class=\"row-6 even\">\n\t<td class=\"column-1\">3<\/td><td class=\"column-2\">Beyreuther<\/td><td class=\"column-3\">Rick<\/td><td class=\"column-4\">07.04.1989<\/td><td class=\"column-5\"><\/td>\n<\/tr>\n<tr class=\"row-7 odd\">\n\t<td class=\"column-1\">4<\/td><td class=\"column-2\">B\u00f6hm<\/td><td class=\"column-3\">Uwe<\/td><td class=\"column-4\">29.03.1970<\/td><td class=\"column-5\"><\/td>\n<\/tr>\n<tr class=\"row-8 even\">\n\t<td class=\"column-1\">5<\/td><td class=\"column-2\">Engelke<\/td><td class=\"column-3\">Sebastian<\/td><td class=\"column-4\">08.02.1983<\/td><td class=\"column-5\"><\/td>\n<\/tr>\n<tr class=\"row-9 odd\">\n\t<td class=\"column-1\">6<\/td><td class=\"column-2\">Goldhorn<\/td><td class=\"column-3\">Stefan<\/td><td class=\"column-4\">06.07.1988<\/td><td class=\"column-5\"><\/td>\n<\/tr>\n<tr class=\"row-10 even\">\n\t<td class=\"column-1\">8<\/td><td class=\"column-2\">Kinzuraschwili<\/td><td class=\"column-3\">Henry<\/td><td class=\"column-4\">06.05.1991<\/td><td class=\"column-5\"><\/td>\n<\/tr>\n<tr class=\"row-11 odd\">\n\t<td class=\"column-1\">21<\/td><td class=\"column-2\">Hensel<\/td><td class=\"column-3\">Thomas<\/td><td class=\"column-4\">20.06.1967<\/td><td class=\"column-5\"><\/td>\n<\/tr>\n<tr class=\"row-12 even\">\n\t<td class=\"column-1\">20<\/td><td class=\"column-2\">Kral<\/td><td class=\"column-3\">David<\/td><td class=\"column-4\">23.02.1978<\/td><td class=\"column-5\"><\/td>\n<\/tr>\n<tr class=\"row-13 odd\">\n\t<td class=\"column-1\">9<\/td><td class=\"column-2\">Ludwig<\/td><td class=\"column-3\">David<\/td><td class=\"column-4\">31.01.1984<\/td><td class=\"column-5\"><\/td>\n<\/tr>\n<tr class=\"row-14 even\">\n\t<td class=\"column-1\">10<\/td><td class=\"column-2\">Meder<\/td><td class=\"column-3\">Sebastian<\/td><td class=\"column-4\">26.11.1991<\/td><td class=\"column-5\"><\/td>\n<\/tr>\n<tr class=\"row-15 odd\">\n\t<td class=\"column-1\">11<\/td><td class=\"column-2\">Mehrholz<\/td><td class=\"column-3\">Philipp<\/td><td class=\"column-4\">07.01.1992<\/td><td class=\"column-5\"><\/td>\n<\/tr>\n<tr class=\"row-16 even\">\n\t<td class=\"column-1\">12<\/td><td class=\"column-2\">Meyer<\/td><td class=\"column-3\">Eric<\/td><td class=\"column-4\">28.02.1992<\/td><td class=\"column-5\"><\/td>\n<\/tr>\n<tr class=\"row-17 odd\">\n\t<td class=\"column-1\">13<\/td><td class=\"column-2\">Merkel<\/td><td class=\"column-3\">Marcel<\/td><td class=\"column-4\">22.02.1986<\/td><td class=\"column-5\"><\/td>\n<\/tr>\n<tr class=\"row-18 even\">\n\t<td class=\"column-1\">14<\/td><td class=\"column-2\">R\u00f6diger<\/td><td class=\"column-3\">Marc<\/td><td class=\"column-4\">16.09.1976<\/td><td class=\"column-5\"><\/td>\n<\/tr>\n<tr class=\"row-19 odd\">\n\t<td class=\"column-1\">15<\/td><td class=\"column-2\">Schmidt<\/td><td class=\"column-3\">Andy<\/td><td class=\"column-4\">19.04.1992<\/td><td class=\"column-5\"><\/td>\n<\/tr>\n<tr class=\"row-20 even\">\n\t<td class=\"column-1\">16<\/td><td class=\"column-2\">Sperlich<\/td><td class=\"column-3\">Stefan<\/td><td class=\"column-4\">08.10.1980<\/td><td class=\"column-5\"><\/td>\n<\/tr>\n<tr class=\"row-21 odd\">\n\t<td class=\"column-1\">17<\/td><td class=\"column-2\">Voigt<\/td><td class=\"column-3\">Ren\u00e9<\/td><td class=\"column-4\">21.02.1986<\/td><td class=\"column-5\"><\/td>\n<\/tr>\n<tr class=\"row-22 even\">\n\t<td class=\"column-1\">18<\/td><td class=\"column-2\">Zipfel<\/td><td class=\"column-3\">Julien<\/td><td class=\"column-4\">11.07.1994<\/td><td class=\"column-5\"><\/td>\n<\/tr>\n<\/tbody>\n<\/table>\n\n","protected":false},"excerpt":{"rendered":"<p>SV Einheit Bernburg II. 1. Kreisklasse Staffel 2 \u2013 2015\/16 Die Mannschaft erreichte in der vergangenen Saison 2014\/15 einen ordentlichen 6.Platz in ihrer Staffel, sieht man die Probleme, die sich f\u00fcr dieses Team ergaben. F\u00fcr diese Saison steht Trainer Silvio Naschke aus famili\u00e4ren Gr\u00fcnden nicht mehr zur Verf\u00fcgung. Ein neuer Mann an der Spitze der [&hellip;]<\/p>\n","protected":false},"author":3,"featured_media":0,"parent":3438,"menu_order":0,"comment_status":"closed","ping_status":"closed","template":"","meta":{"footnotes":""},"_links":{"self":[{"href":"https:\/\/einheit-bernburg.de\/content\/index.php?rest_route=\/wp\/v2\/pages\/3440"}],"collection":[{"href":"https:\/\/einheit-bernburg.de\/content\/index.php?rest_route=\/wp\/v2\/pages"}],"about":[{"href":"https:\/\/einheit-bernburg.de\/content\/index.php?rest_route=\/wp\/v2\/types\/page"}],"author":[{"embeddable":true,"href":"https:\/\/einheit-bernburg.de\/content\/index.php?rest_route=\/wp\/v2\/users\/3"}],"replies":[{"embeddable":true,"href":"https:\/\/einheit-bernburg.de\/content\/index.php?rest_route=%2Fwp%2Fv2%2Fcomments&post=3440"}],"version-history":[{"count":1,"href":"https:\/\/einheit-bernburg.de\/content\/index.php?rest_route=\/wp\/v2\/pages\/3440\/revisions"}],"predecessor-version":[{"id":3442,"href":"https:\/\/einheit-bernburg.de\/content\/index.php?rest_route=\/wp\/v2\/pages\/3440\/revisions\/3442"}],"up":[{"embeddable":true,"href":"https:\/\/einheit-bernburg.de\/content\/index.php?rest_route=\/wp\/v2\/pages\/3438"}],"wp:attachment":[{"href":"https:\/\/einheit-bernburg.de\/content\/index.php?rest_route=%2Fwp%2Fv2%2Fmedia&parent=3440"}],"curies":[{"name":"wp","href":"https:\/\/api.w.org\/{rel}","templated":true}]}}