{"id":37964,"date":"2024-08-12T14:32:31","date_gmt":"2024-08-12T12:32:31","guid":{"rendered":"https:\/\/einheit-bernburg.de\/content\/?page_id=37964"},"modified":"2024-08-12T14:32:45","modified_gmt":"2024-08-12T12:32:45","slug":"g-junioren-sv-einheit-bernburg-2","status":"publish","type":"page","link":"https:\/\/einheit-bernburg.de\/content\/?page_id=37964","title":{"rendered":"Archiv G-Junioren 2023\/24"},"content":{"rendered":"<h1 class=\"aufm\">Spg. Einheit Bernburg &#8211; Eintracht Pei\u00dfen<\/h1>\n<h3 class=\"aufm\">Fair Play &#8211; Liga 2023\/24<\/h3>\n<p class=\"aufm\"><a href=\"https:\/\/einheit-bernburg.de\/content\/wp-content\/uploads\/2023\/08\/G-Jun.-TR.jpg\"><noscript><img decoding=\"async\" class=\"alignnone wp-image-34645 size-full\" src=\"https:\/\/einheit-bernburg.de\/content\/wp-content\/uploads\/2023\/08\/G-Jun.-TR.jpg\" alt width=\"717\" height=\"596\" srcset=\"https:\/\/einheit-bernburg.de\/content\/wp-content\/uploads\/2023\/08\/G-Jun.-TR.jpg 717w, https:\/\/einheit-bernburg.de\/content\/wp-content\/uploads\/2023\/08\/G-Jun.-TR-300x249.jpg 300w\" sizes=\"(max-width: 717px) 100vw, 717px\"><\/noscript><img decoding=\"async\" class=\"alignnone wp-image-34645 size-full lazyload\" src=\"data:image\/svg+xml,%3Csvg%20xmlns%3D%22http%3A%2F%2Fwww.w3.org%2F2000%2Fsvg%22%20viewBox%3D%220%200%20717%20596%22%3E%3C%2Fsvg%3E\" alt width=\"717\" height=\"596\" srcset=\"data:image\/svg+xml,%3Csvg%20xmlns%3D%22http%3A%2F%2Fwww.w3.org%2F2000%2Fsvg%22%20viewBox%3D%220%200%20717%20596%22%3E%3C%2Fsvg%3E 717w\" sizes=\"(max-width: 717px) 100vw, 717px\" data-srcset=\"https:\/\/einheit-bernburg.de\/content\/wp-content\/uploads\/2023\/08\/G-Jun.-TR.jpg 717w, https:\/\/einheit-bernburg.de\/content\/wp-content\/uploads\/2023\/08\/G-Jun.-TR-300x249.jpg 300w\" data-src=\"https:\/\/einheit-bernburg.de\/content\/wp-content\/uploads\/2023\/08\/G-Jun.-TR.jpg\"><\/a><br>\nUnsere G &#8211; Junioren 2023\/24 &#8211; ein Anfang<\/p>\n<p><strong><a href=\"https:\/\/einheit-bernburg.de\/content\/wp-content\/uploads\/2022\/08\/Suchmeldung-G-Junioren-2022-23-1.pdf\">Suchmeldung G &#8211; Junioren 2022-23<\/a>&nbsp;&nbsp;&nbsp;&nbsp;&nbsp;&nbsp; &nbsp;&nbsp;&nbsp;&nbsp;&nbsp;&nbsp;&nbsp;&nbsp;&nbsp;&nbsp;&nbsp;&nbsp; <a href=\"https:\/\/einheit-bernburg.de\/content\/wp-content\/uploads\/2022\/08\/Trainer-gesucht-2.pdf\">Trainer gesucht<\/a><\/strong><br>\n<a href=\"https:\/\/einheit-bernburg.de\/content\/wp-content\/uploads\/2022\/08\/Suchmeldung-G-Junioren-2022-23-1.jpg\"><noscript><img decoding=\"async\" class=\"alignnone size-medium wp-image-30610\" src=\"https:\/\/einheit-bernburg.de\/content\/wp-content\/uploads\/2022\/08\/Suchmeldung-G-Junioren-2022-23-1-300x212.jpg\" alt width=\"300\" height=\"212\" srcset=\"https:\/\/einheit-bernburg.de\/content\/wp-content\/uploads\/2022\/08\/Suchmeldung-G-Junioren-2022-23-1-300x212.jpg 300w, https:\/\/einheit-bernburg.de\/content\/wp-content\/uploads\/2022\/08\/Suchmeldung-G-Junioren-2022-23-1-1024x724.jpg 1024w, https:\/\/einheit-bernburg.de\/content\/wp-content\/uploads\/2022\/08\/Suchmeldung-G-Junioren-2022-23-1-768x543.jpg 768w, https:\/\/einheit-bernburg.de\/content\/wp-content\/uploads\/2022\/08\/Suchmeldung-G-Junioren-2022-23-1-1080x763.jpg 1080w, https:\/\/einheit-bernburg.de\/content\/wp-content\/uploads\/2022\/08\/Suchmeldung-G-Junioren-2022-23-1.jpg 1500w\" sizes=\"(max-width: 300px) 100vw, 300px\"><\/noscript><img decoding=\"async\" class=\"alignnone size-medium wp-image-30610 lazyload\" src=\"data:image\/svg+xml,%3Csvg%20xmlns%3D%22http%3A%2F%2Fwww.w3.org%2F2000%2Fsvg%22%20viewBox%3D%220%200%20300%20212%22%3E%3C%2Fsvg%3E\" alt width=\"300\" height=\"212\" srcset=\"data:image\/svg+xml,%3Csvg%20xmlns%3D%22http%3A%2F%2Fwww.w3.org%2F2000%2Fsvg%22%20viewBox%3D%220%200%20300%20212%22%3E%3C%2Fsvg%3E 300w\" sizes=\"(max-width: 300px) 100vw, 300px\" data-srcset=\"https:\/\/einheit-bernburg.de\/content\/wp-content\/uploads\/2022\/08\/Suchmeldung-G-Junioren-2022-23-1-300x212.jpg 300w, https:\/\/einheit-bernburg.de\/content\/wp-content\/uploads\/2022\/08\/Suchmeldung-G-Junioren-2022-23-1-1024x724.jpg 1024w, https:\/\/einheit-bernburg.de\/content\/wp-content\/uploads\/2022\/08\/Suchmeldung-G-Junioren-2022-23-1-768x543.jpg 768w, https:\/\/einheit-bernburg.de\/content\/wp-content\/uploads\/2022\/08\/Suchmeldung-G-Junioren-2022-23-1-1080x763.jpg 1080w, https:\/\/einheit-bernburg.de\/content\/wp-content\/uploads\/2022\/08\/Suchmeldung-G-Junioren-2022-23-1.jpg 1500w\" data-src=\"https:\/\/einheit-bernburg.de\/content\/wp-content\/uploads\/2022\/08\/Suchmeldung-G-Junioren-2022-23-1-300x212.jpg\"><\/a>&nbsp;&nbsp; <a href=\"https:\/\/einheit-bernburg.de\/content\/wp-content\/uploads\/2022\/08\/Trainer-gesucht-2.png\"><noscript><img decoding=\"async\" class=\"alignnone size-medium wp-image-30611\" src=\"https:\/\/einheit-bernburg.de\/content\/wp-content\/uploads\/2022\/08\/Trainer-gesucht-2-300x212.png\" alt width=\"300\" height=\"212\" srcset=\"https:\/\/einheit-bernburg.de\/content\/wp-content\/uploads\/2022\/08\/Trainer-gesucht-2-300x212.png 300w, https:\/\/einheit-bernburg.de\/content\/wp-content\/uploads\/2022\/08\/Trainer-gesucht-2-1024x724.png 1024w, https:\/\/einheit-bernburg.de\/content\/wp-content\/uploads\/2022\/08\/Trainer-gesucht-2-768x543.png 768w, https:\/\/einheit-bernburg.de\/content\/wp-content\/uploads\/2022\/08\/Trainer-gesucht-2-1080x763.png 1080w, https:\/\/einheit-bernburg.de\/content\/wp-content\/uploads\/2022\/08\/Trainer-gesucht-2.png 1500w\" sizes=\"(max-width: 300px) 100vw, 300px\"><\/noscript><img decoding=\"async\" class=\"alignnone size-medium wp-image-30611 lazyload\" src=\"data:image\/svg+xml,%3Csvg%20xmlns%3D%22http%3A%2F%2Fwww.w3.org%2F2000%2Fsvg%22%20viewBox%3D%220%200%20300%20212%22%3E%3C%2Fsvg%3E\" alt width=\"300\" height=\"212\" srcset=\"data:image\/svg+xml,%3Csvg%20xmlns%3D%22http%3A%2F%2Fwww.w3.org%2F2000%2Fsvg%22%20viewBox%3D%220%200%20300%20212%22%3E%3C%2Fsvg%3E 300w\" sizes=\"(max-width: 300px) 100vw, 300px\" data-srcset=\"https:\/\/einheit-bernburg.de\/content\/wp-content\/uploads\/2022\/08\/Trainer-gesucht-2-300x212.png 300w, https:\/\/einheit-bernburg.de\/content\/wp-content\/uploads\/2022\/08\/Trainer-gesucht-2-1024x724.png 1024w, https:\/\/einheit-bernburg.de\/content\/wp-content\/uploads\/2022\/08\/Trainer-gesucht-2-768x543.png 768w, https:\/\/einheit-bernburg.de\/content\/wp-content\/uploads\/2022\/08\/Trainer-gesucht-2-1080x763.png 1080w, https:\/\/einheit-bernburg.de\/content\/wp-content\/uploads\/2022\/08\/Trainer-gesucht-2.png 1500w\" data-src=\"https:\/\/einheit-bernburg.de\/content\/wp-content\/uploads\/2022\/08\/Trainer-gesucht-2-300x212.png\"><\/a><br>\n<a href=\"https:\/\/www.dfb.de\/trainer\/bambini\/artikel\/trainieren-mit-bambini-so-gehts-2260\/\"><strong>Trainieren mit Bambinis &#8211; so geht&#8217;s<\/strong><\/a><\/p>\n<div>\n<hr>\n<\/div>\n<div>\n<p><a class=\"submenu\" href=\"http:\/\/einheit-bernburg.de\/content\/?page_id=20031\" target=\"_blank\" rel=\"noopener noreferrer\"><noscript><img decoding=\"async\" class src=\"http:\/\/einheit-bernburg.de\/off\/images\/redsys\/link.gif\" alt border=\"0\"><\/noscript><img decoding=\"async\" class=\" lazyload\" src=\"data:image\/gif;base64,R0lGODlhAQABAIAAAAAAAP\/\/\/yH5BAEAAAAALAAAAAABAAEAAAIBRAA7\" alt border=\"0\" data-src=\"http:\/\/einheit-bernburg.de\/off\/images\/redsys\/link.gif\"><\/a>&nbsp;<a href=\"https:\/\/einheit-bernburg.de\/content\/?page_id=37968\" target=\"_blank\" rel=\"noopener\">Kader u. Zielstellung<\/a><\/p>\n<p><noscript><img decoding=\"async\" class src=\"http:\/\/einheit-bernburg.de\/off\/images\/redsys\/link.gif\" alt border=\"0\"><\/noscript><img decoding=\"async\" class=\" lazyload\" src=\"data:image\/gif;base64,R0lGODlhAQABAIAAAAAAAP\/\/\/yH5BAEAAAAALAAAAAABAAEAAAIBRAA7\" alt border=\"0\" data-src=\"http:\/\/einheit-bernburg.de\/off\/images\/redsys\/link.gif\">&nbsp;<strong><a href=\"https:\/\/einheit-bernburg.de\/content\/wp-content\/uploads\/2023\/08\/Spielplan-G-Jun.-Hinrunde.pdf\">Spielplan G-Junioren &#8211; Hinrunde<\/a><\/strong><\/p>\n<p><a class=\"submenu\" href=\"http:\/\/www.fussball.de\/spieltag\/runde-6-kreis-salzland-f-junioren-kreispokal-f-junioren-saison1617-sachsen-anhalt\/-\/staffel\/01TJ7F83JK000000VS54898EVS3CAK29-R#!\/section\/mediastream\" target=\"_blank\" rel=\"noopener noreferrer\"><noscript><img decoding=\"async\" class src=\"http:\/\/einheit-bernburg.de\/off\/images\/redsys\/link.gif\" alt border=\"0\"><\/noscript><img decoding=\"async\" class=\" lazyload\" src=\"data:image\/gif;base64,R0lGODlhAQABAIAAAAAAAP\/\/\/yH5BAEAAAAALAAAAAABAAEAAAIBRAA7\" alt border=\"0\" data-src=\"http:\/\/einheit-bernburg.de\/off\/images\/redsys\/link.gif\"><\/a> <a href=\"https:\/\/einheit-bernburg.de\/content\/wp-content\/uploads\/2023\/08\/RTP-Nachwuchs-2023-2024-Kreis.pdf\">RTP Nachwuchs 2023-2024<\/a> &nbsp; <a class=\"submenu\" href=\"http:\/\/www.fussball.de\/spieltag\/runde-6-kreis-salzland-f-junioren-kreispokal-f-junioren-saison1617-sachsen-anhalt\/-\/staffel\/01TJ7F83JK000000VS54898EVS3CAK29-R#!\/section\/mediastream\" target=\"_blank\" rel=\"noopener noreferrer\"><noscript><img decoding=\"async\" class src=\"http:\/\/einheit-bernburg.de\/off\/images\/redsys\/link.gif\" alt border=\"0\"><\/noscript><img decoding=\"async\" class=\" lazyload\" src=\"data:image\/gif;base64,R0lGODlhAQABAIAAAAAAAP\/\/\/yH5BAEAAAAALAAAAAABAAEAAAIBRAA7\" alt border=\"0\" data-src=\"http:\/\/einheit-bernburg.de\/off\/images\/redsys\/link.gif\"><\/a> <a href=\"https:\/\/einheit-bernburg.de\/content\/wp-content\/uploads\/2023\/08\/Ausschreibun-G-Junioren_2023-24.pdf\">Ausschreibung G-Junioren_2023-24<\/a><\/p>\n<p><strong>\u00dcber die abgelaufene Saison 2022\/23 kann man sich ausf\u00fchrlich im Archiv unter G &#8211; Junioren informieren<\/strong>.<\/p>\n<p><strong>Alles was man zur Bambini &#8211; Fairplay-Liga wissen sollte<\/strong><br>\n<a href=\"http:\/\/einheit-bernburg.de\/content\/wp-content\/uploads\/2016\/07\/0002.jpg\"><noscript><img decoding=\"async\" class=\"alignnone size-medium wp-image-9171\" src=\"http:\/\/einheit-bernburg.de\/content\/wp-content\/uploads\/2016\/07\/0002-300x212.jpg\" alt width=\"300\" height=\"212\" srcset=\"https:\/\/einheit-bernburg.de\/content\/wp-content\/uploads\/2016\/07\/0002-300x212.jpg 300w, https:\/\/einheit-bernburg.de\/content\/wp-content\/uploads\/2016\/07\/0002-768x543.jpg 768w, https:\/\/einheit-bernburg.de\/content\/wp-content\/uploads\/2016\/07\/0002-1024x724.jpg 1024w, https:\/\/einheit-bernburg.de\/content\/wp-content\/uploads\/2016\/07\/0002-1080x763.jpg 1080w, https:\/\/einheit-bernburg.de\/content\/wp-content\/uploads\/2016\/07\/0002.jpg 1200w\" sizes=\"(max-width: 300px) 100vw, 300px\"><\/noscript><img decoding=\"async\" class=\"alignnone size-medium wp-image-9171 lazyload\" src=\"data:image\/svg+xml,%3Csvg%20xmlns%3D%22http%3A%2F%2Fwww.w3.org%2F2000%2Fsvg%22%20viewBox%3D%220%200%20300%20212%22%3E%3C%2Fsvg%3E\" alt width=\"300\" height=\"212\" srcset=\"data:image\/svg+xml,%3Csvg%20xmlns%3D%22http%3A%2F%2Fwww.w3.org%2F2000%2Fsvg%22%20viewBox%3D%220%200%20300%20212%22%3E%3C%2Fsvg%3E 300w\" sizes=\"(max-width: 300px) 100vw, 300px\" data-srcset=\"https:\/\/einheit-bernburg.de\/content\/wp-content\/uploads\/2016\/07\/0002-300x212.jpg 300w, https:\/\/einheit-bernburg.de\/content\/wp-content\/uploads\/2016\/07\/0002-768x543.jpg 768w, https:\/\/einheit-bernburg.de\/content\/wp-content\/uploads\/2016\/07\/0002-1024x724.jpg 1024w, https:\/\/einheit-bernburg.de\/content\/wp-content\/uploads\/2016\/07\/0002-1080x763.jpg 1080w, https:\/\/einheit-bernburg.de\/content\/wp-content\/uploads\/2016\/07\/0002.jpg 1200w\" data-src=\"http:\/\/einheit-bernburg.de\/content\/wp-content\/uploads\/2016\/07\/0002-300x212.jpg\"><\/a> <a href=\"http:\/\/einheit-bernburg.de\/content\/wp-content\/uploads\/2016\/07\/0001.jpg\"><noscript><img decoding=\"async\" class=\"alignnone size-medium wp-image-9172\" src=\"http:\/\/einheit-bernburg.de\/content\/wp-content\/uploads\/2016\/07\/0001-300x212.jpg\" alt width=\"300\" height=\"212\" srcset=\"https:\/\/einheit-bernburg.de\/content\/wp-content\/uploads\/2016\/07\/0001-300x212.jpg 300w, https:\/\/einheit-bernburg.de\/content\/wp-content\/uploads\/2016\/07\/0001-768x543.jpg 768w, https:\/\/einheit-bernburg.de\/content\/wp-content\/uploads\/2016\/07\/0001-1024x724.jpg 1024w, https:\/\/einheit-bernburg.de\/content\/wp-content\/uploads\/2016\/07\/0001-1080x763.jpg 1080w, https:\/\/einheit-bernburg.de\/content\/wp-content\/uploads\/2016\/07\/0001.jpg 1200w\" sizes=\"(max-width: 300px) 100vw, 300px\"><\/noscript><img decoding=\"async\" class=\"alignnone size-medium wp-image-9172 lazyload\" src=\"data:image\/svg+xml,%3Csvg%20xmlns%3D%22http%3A%2F%2Fwww.w3.org%2F2000%2Fsvg%22%20viewBox%3D%220%200%20300%20212%22%3E%3C%2Fsvg%3E\" alt width=\"300\" height=\"212\" srcset=\"data:image\/svg+xml,%3Csvg%20xmlns%3D%22http%3A%2F%2Fwww.w3.org%2F2000%2Fsvg%22%20viewBox%3D%220%200%20300%20212%22%3E%3C%2Fsvg%3E 300w\" sizes=\"(max-width: 300px) 100vw, 300px\" data-srcset=\"https:\/\/einheit-bernburg.de\/content\/wp-content\/uploads\/2016\/07\/0001-300x212.jpg 300w, https:\/\/einheit-bernburg.de\/content\/wp-content\/uploads\/2016\/07\/0001-768x543.jpg 768w, https:\/\/einheit-bernburg.de\/content\/wp-content\/uploads\/2016\/07\/0001-1024x724.jpg 1024w, https:\/\/einheit-bernburg.de\/content\/wp-content\/uploads\/2016\/07\/0001-1080x763.jpg 1080w, https:\/\/einheit-bernburg.de\/content\/wp-content\/uploads\/2016\/07\/0001.jpg 1200w\" data-src=\"http:\/\/einheit-bernburg.de\/content\/wp-content\/uploads\/2016\/07\/0001-300x212.jpg\">.<\/a><br>\n<em>(Fotos zum Vergr\u00f6\u00dfern anklicken)<br>\n<a href=\"http:\/\/einheit-bernburg.de\/content\/wp-content\/uploads\/2018\/07\/Das-Spielfeld-G-Junioren.pdf\">Das Spielfeld &#8211; G-Junioren<\/a><\/em><\/p>\n<hr>\n<h1 class=\"content\">News u. Spielberichte<\/h1>\n<hr>\n<h3>Hallenturniere<\/h3>\n<p><span style=\"color: #0000ff;\">Als G\u00e4ste bei den Spielen u. Turnieren der SG Neuborna 62<\/span><\/p>\n<p><span style=\"text-decoration: underline;\"><strong>07.01.2023 &#8211; SpoWa &#8211; Cup in K\u00f6then<\/strong><\/span><br>\nBeginn: 10:00 Uhr&nbsp; Ende: ca. 12:30 Uhr<br>\nSpielort: <strong>Heinz-Fricke-Sporthalle<\/strong>, An d. R\u00fcsternbreite, 06366 K\u00f6then<\/p>\n<p><strong>Teilnehmer:<br>\n<\/strong>VfB Borussia G\u00f6rzig, SG Aken\/Wulfen, SC Bernburg, SG Neuborna 62, SG Union Sandersdorf<\/p>\n<hr>\n<p><span style=\"text-decoration: underline;\"><strong>30.06.2023 Saisonabschlussfeier<\/strong><\/span><br>\nEinheit &#8211; Sportplatz<br>\n<a href=\"https:\/\/einheit-bernburg.de\/content\/wp-content\/uploads\/2023\/07\/G-Jun.-Abschl.-Feier-14jpg.jpg\"><noscript><img decoding=\"async\" class=\"alignnone wp-image-34082\" src=\"https:\/\/einheit-bernburg.de\/content\/wp-content\/uploads\/2023\/07\/G-Jun.-Abschl.-Feier-14jpg-300x225.jpg\" alt width=\"233\" height=\"175\" srcset=\"https:\/\/einheit-bernburg.de\/content\/wp-content\/uploads\/2023\/07\/G-Jun.-Abschl.-Feier-14jpg-300x225.jpg 300w, https:\/\/einheit-bernburg.de\/content\/wp-content\/uploads\/2023\/07\/G-Jun.-Abschl.-Feier-14jpg-1024x768.jpg 1024w, https:\/\/einheit-bernburg.de\/content\/wp-content\/uploads\/2023\/07\/G-Jun.-Abschl.-Feier-14jpg-768x576.jpg 768w, https:\/\/einheit-bernburg.de\/content\/wp-content\/uploads\/2023\/07\/G-Jun.-Abschl.-Feier-14jpg-1080x810.jpg 1080w, https:\/\/einheit-bernburg.de\/content\/wp-content\/uploads\/2023\/07\/G-Jun.-Abschl.-Feier-14jpg.jpg 1500w\" sizes=\"(max-width: 233px) 100vw, 233px\"><\/noscript><img decoding=\"async\" class=\"alignnone wp-image-34082 lazyload\" src=\"data:image\/svg+xml,%3Csvg%20xmlns%3D%22http%3A%2F%2Fwww.w3.org%2F2000%2Fsvg%22%20viewBox%3D%220%200%20233%20175%22%3E%3C%2Fsvg%3E\" alt width=\"233\" height=\"175\" srcset=\"data:image\/svg+xml,%3Csvg%20xmlns%3D%22http%3A%2F%2Fwww.w3.org%2F2000%2Fsvg%22%20viewBox%3D%220%200%20233%20175%22%3E%3C%2Fsvg%3E 233w\" sizes=\"(max-width: 233px) 100vw, 233px\" data-srcset=\"https:\/\/einheit-bernburg.de\/content\/wp-content\/uploads\/2023\/07\/G-Jun.-Abschl.-Feier-14jpg-300x225.jpg 300w, https:\/\/einheit-bernburg.de\/content\/wp-content\/uploads\/2023\/07\/G-Jun.-Abschl.-Feier-14jpg-1024x768.jpg 1024w, https:\/\/einheit-bernburg.de\/content\/wp-content\/uploads\/2023\/07\/G-Jun.-Abschl.-Feier-14jpg-768x576.jpg 768w, https:\/\/einheit-bernburg.de\/content\/wp-content\/uploads\/2023\/07\/G-Jun.-Abschl.-Feier-14jpg-1080x810.jpg 1080w, https:\/\/einheit-bernburg.de\/content\/wp-content\/uploads\/2023\/07\/G-Jun.-Abschl.-Feier-14jpg.jpg 1500w\" data-src=\"https:\/\/einheit-bernburg.de\/content\/wp-content\/uploads\/2023\/07\/G-Jun.-Abschl.-Feier-14jpg-300x225.jpg\"><\/a> <a href=\"https:\/\/einheit-bernburg.de\/content\/wp-content\/uploads\/2023\/07\/Trainerabschied-bei-den-Babinis.jpg\"><noscript><img decoding=\"async\" class=\"alignnone wp-image-34084\" src=\"https:\/\/einheit-bernburg.de\/content\/wp-content\/uploads\/2023\/07\/Trainerabschied-bei-den-Babinis-159x300.jpg\" alt width=\"105\" height=\"198\" srcset=\"https:\/\/einheit-bernburg.de\/content\/wp-content\/uploads\/2023\/07\/Trainerabschied-bei-den-Babinis-159x300.jpg 159w, https:\/\/einheit-bernburg.de\/content\/wp-content\/uploads\/2023\/07\/Trainerabschied-bei-den-Babinis-543x1024.jpg 543w, https:\/\/einheit-bernburg.de\/content\/wp-content\/uploads\/2023\/07\/Trainerabschied-bei-den-Babinis-768x1449.jpg 768w, https:\/\/einheit-bernburg.de\/content\/wp-content\/uploads\/2023\/07\/Trainerabschied-bei-den-Babinis-814x1536.jpg 814w, https:\/\/einheit-bernburg.de\/content\/wp-content\/uploads\/2023\/07\/Trainerabschied-bei-den-Babinis.jpg 848w\" sizes=\"(max-width: 105px) 100vw, 105px\"><\/noscript><img decoding=\"async\" class=\"alignnone wp-image-34084 lazyload\" src=\"data:image\/svg+xml,%3Csvg%20xmlns%3D%22http%3A%2F%2Fwww.w3.org%2F2000%2Fsvg%22%20viewBox%3D%220%200%20105%20198%22%3E%3C%2Fsvg%3E\" alt width=\"105\" height=\"198\" srcset=\"data:image\/svg+xml,%3Csvg%20xmlns%3D%22http%3A%2F%2Fwww.w3.org%2F2000%2Fsvg%22%20viewBox%3D%220%200%20105%20198%22%3E%3C%2Fsvg%3E 105w\" sizes=\"(max-width: 105px) 100vw, 105px\" data-srcset=\"https:\/\/einheit-bernburg.de\/content\/wp-content\/uploads\/2023\/07\/Trainerabschied-bei-den-Babinis-159x300.jpg 159w, https:\/\/einheit-bernburg.de\/content\/wp-content\/uploads\/2023\/07\/Trainerabschied-bei-den-Babinis-543x1024.jpg 543w, https:\/\/einheit-bernburg.de\/content\/wp-content\/uploads\/2023\/07\/Trainerabschied-bei-den-Babinis-768x1449.jpg 768w, https:\/\/einheit-bernburg.de\/content\/wp-content\/uploads\/2023\/07\/Trainerabschied-bei-den-Babinis-814x1536.jpg 814w, https:\/\/einheit-bernburg.de\/content\/wp-content\/uploads\/2023\/07\/Trainerabschied-bei-den-Babinis.jpg 848w\" data-src=\"https:\/\/einheit-bernburg.de\/content\/wp-content\/uploads\/2023\/07\/Trainerabschied-bei-den-Babinis-159x300.jpg\"><\/a><a href=\"https:\/\/einheit-bernburg.de\/content\/wp-content\/uploads\/2023\/07\/G-Jun.-Abschl.-Feier-2jpg.jpg\">&nbsp;<noscript><img decoding=\"async\" class=\"alignnone wp-image-34083\" src=\"https:\/\/einheit-bernburg.de\/content\/wp-content\/uploads\/2023\/07\/G-Jun.-Abschl.-Feier-2jpg-300x225.jpg\" alt width=\"233\" height=\"175\" srcset=\"https:\/\/einheit-bernburg.de\/content\/wp-content\/uploads\/2023\/07\/G-Jun.-Abschl.-Feier-2jpg-300x225.jpg 300w, https:\/\/einheit-bernburg.de\/content\/wp-content\/uploads\/2023\/07\/G-Jun.-Abschl.-Feier-2jpg-1024x768.jpg 1024w, https:\/\/einheit-bernburg.de\/content\/wp-content\/uploads\/2023\/07\/G-Jun.-Abschl.-Feier-2jpg-768x576.jpg 768w, https:\/\/einheit-bernburg.de\/content\/wp-content\/uploads\/2023\/07\/G-Jun.-Abschl.-Feier-2jpg-1536x1152.jpg 1536w, https:\/\/einheit-bernburg.de\/content\/wp-content\/uploads\/2023\/07\/G-Jun.-Abschl.-Feier-2jpg-1080x810.jpg 1080w, https:\/\/einheit-bernburg.de\/content\/wp-content\/uploads\/2023\/07\/G-Jun.-Abschl.-Feier-2jpg.jpg 1600w\" sizes=\"(max-width: 233px) 100vw, 233px\"><\/noscript><img decoding=\"async\" class=\"alignnone wp-image-34083 lazyload\" src=\"data:image\/svg+xml,%3Csvg%20xmlns%3D%22http%3A%2F%2Fwww.w3.org%2F2000%2Fsvg%22%20viewBox%3D%220%200%20233%20175%22%3E%3C%2Fsvg%3E\" alt width=\"233\" height=\"175\" srcset=\"data:image\/svg+xml,%3Csvg%20xmlns%3D%22http%3A%2F%2Fwww.w3.org%2F2000%2Fsvg%22%20viewBox%3D%220%200%20233%20175%22%3E%3C%2Fsvg%3E 233w\" sizes=\"(max-width: 233px) 100vw, 233px\" data-srcset=\"https:\/\/einheit-bernburg.de\/content\/wp-content\/uploads\/2023\/07\/G-Jun.-Abschl.-Feier-2jpg-300x225.jpg 300w, https:\/\/einheit-bernburg.de\/content\/wp-content\/uploads\/2023\/07\/G-Jun.-Abschl.-Feier-2jpg-1024x768.jpg 1024w, https:\/\/einheit-bernburg.de\/content\/wp-content\/uploads\/2023\/07\/G-Jun.-Abschl.-Feier-2jpg-768x576.jpg 768w, https:\/\/einheit-bernburg.de\/content\/wp-content\/uploads\/2023\/07\/G-Jun.-Abschl.-Feier-2jpg-1536x1152.jpg 1536w, https:\/\/einheit-bernburg.de\/content\/wp-content\/uploads\/2023\/07\/G-Jun.-Abschl.-Feier-2jpg-1080x810.jpg 1080w, https:\/\/einheit-bernburg.de\/content\/wp-content\/uploads\/2023\/07\/G-Jun.-Abschl.-Feier-2jpg.jpg 1600w\" data-src=\"https:\/\/einheit-bernburg.de\/content\/wp-content\/uploads\/2023\/07\/G-Jun.-Abschl.-Feier-2jpg-300x225.jpg\"><\/a><\/p>\n<p>Letztmalig vor den Sommerferien trafen sich die Kids unserer Spielgemeinschaft der Saison 2022\/23. Eine Saisonabschlussfeier, gemeinsam mit Eltern und zum Teil mit Geschwistern stand auf dem Programm. Einleitend lie\u00df der scheidende Trainer Lothar Kral das Spieljahr noch einmal in der Analyse Revue passieren. Insgesamt 11 Turniere der KFV Fair Play-Liga absovierten die Kids, dazu bestritten sie noch einige Einladungsturniere, sowie 3 Turniere in der Halle. Das war schon beachtlich. Leider war unser Kader nicht sehr gro\u00df und so war man oft froh, gerademal eine spielf\u00e4hige Mannschaft an den Start zu bringen. Dennoch wurden alle angebotenen Veranstaltungen wahrgenommen und Spa\u00df hatten die j\u00fcngsten Kicker dabei auch reichlich.<br>\nEinen gro\u00dfen Dank richtete der Trainer nat\u00fcrlich an seine beiden Helfer Mathias Griese und Frank Huth, die ihn stets zuverl\u00e4ssig unterst\u00fctzten, aber auch an die Eltern, ohne die ja eigentlich nicht viel gehen w\u00fcrde.<br>\nSchlie\u00dflich bekamen alle Kinder noch ein kleines Geschenk (Minipokal, Urkunde, S\u00fc\u00dfes) zur Erinnerung an die abgelaufene Saison, wobei kein Kind ohne einen Zukunft weisenden Komentar wegkam. Einige Kinder m\u00fcssen im neuen Spieljahr schon eine Altersklasse h\u00f6her ran. Mal sehen wer den Sprung schon schafft. Die verbleibenden G-Junioren werden eine gesonderte Gruppe im Rahmen&nbsp; des F-Junioren Trainings bilden und unter der Obhut von Mathias und Frank weiter Spa\u00df haben und sich hoffentlich gut weiter enwickeln.<br>\nZum Abschluss der F\u00f6rmlichkeiten erhielt der Trainer von den Eltern noch ein Pr\u00e4sent und bedankt sich auch auf diesem Wege noch einmal recht herzlich.<br>\nDanach ging&#8217;s zum gem\u00fctlichen Teil \u00fcber und einige Muttis und Vatis fanden sich auch noch f\u00fcr einen kleinen Kick gegen die Bambinis.<\/p>\n<\/div>\n","protected":false},"excerpt":{"rendered":"<p>Spg. Einheit Bernburg &#8211; Eintracht Pei\u00dfen Fair Play &#8211; Liga 2023\/24 Unsere G &#8211; Junioren 2023\/24 &#8211; ein Anfang Suchmeldung G &#8211; Junioren 2022-23&nbsp;&nbsp;&nbsp;&nbsp;&nbsp;&nbsp; &nbsp;&nbsp;&nbsp;&nbsp;&nbsp;&nbsp;&nbsp;&nbsp;&nbsp;&nbsp;&nbsp;&nbsp; Trainer gesucht &nbsp;&nbsp; Trainieren mit Bambinis &#8211; so geht&#8217;s &nbsp;Kader u. Zielstellung &nbsp;Spielplan G-Junioren &#8211; Hinrunde RTP Nachwuchs 2023-2024 &nbsp; Ausschreibung G-Junioren_2023-24 \u00dcber die abgelaufene Saison 2022\/23 kann man sich [&hellip;]<\/p>\n","protected":false},"author":3,"featured_media":0,"parent":37598,"menu_order":10,"comment_status":"closed","ping_status":"closed","template":"","meta":{"footnotes":""},"_links":{"self":[{"href":"https:\/\/einheit-bernburg.de\/content\/index.php?rest_route=\/wp\/v2\/pages\/37964"}],"collection":[{"href":"https:\/\/einheit-bernburg.de\/content\/index.php?rest_route=\/wp\/v2\/pages"}],"about":[{"href":"https:\/\/einheit-bernburg.de\/content\/index.php?rest_route=\/wp\/v2\/types\/page"}],"author":[{"embeddable":true,"href":"https:\/\/einheit-bernburg.de\/content\/index.php?rest_route=\/wp\/v2\/users\/3"}],"replies":[{"embeddable":true,"href":"https:\/\/einheit-bernburg.de\/content\/index.php?rest_route=%2Fwp%2Fv2%2Fcomments&post=37964"}],"version-history":[{"count":2,"href":"https:\/\/einheit-bernburg.de\/content\/index.php?rest_route=\/wp\/v2\/pages\/37964\/revisions"}],"predecessor-version":[{"id":37971,"href":"https:\/\/einheit-bernburg.de\/content\/index.php?rest_route=\/wp\/v2\/pages\/37964\/revisions\/37971"}],"up":[{"embeddable":true,"href":"https:\/\/einheit-bernburg.de\/content\/index.php?rest_route=\/wp\/v2\/pages\/37598"}],"wp:attachment":[{"href":"https:\/\/einheit-bernburg.de\/content\/index.php?rest_route=%2Fwp%2Fv2%2Fmedia&parent=37964"}],"curies":[{"name":"wp","href":"https:\/\/api.w.org\/{rel}","templated":true}]}}