{"id":42245,"date":"2025-08-05T13:58:42","date_gmt":"2025-08-05T11:58:42","guid":{"rendered":"https:\/\/einheit-bernburg.de\/content\/?page_id=42245"},"modified":"2025-08-05T13:59:15","modified_gmt":"2025-08-05T11:59:15","slug":"g1-junioren-2-2","status":"publish","type":"page","link":"https:\/\/einheit-bernburg.de\/content\/?page_id=42245","title":{"rendered":"Archiv E2-Junioren 2024\/25"},"content":{"rendered":"<h1 class=\"aufm\">SV Einheit Bernburg II.<\/h1>\n<h3 class=\"aufm\">1.Kreisklasse Vorrunde &#8211; Staffel 6 \/ aktuell Meisterrunde &#8211; 2024 \/ 25<\/h3>\n<p><a href=\"https:\/\/einheit-bernburg.de\/content\/wp-content\/uploads\/2024\/08\/E2-2024-25.jpg\"><noscript><img decoding=\"async\" class=\"alignnone wp-image-38055 size-full\" src=\"https:\/\/einheit-bernburg.de\/content\/wp-content\/uploads\/2024\/08\/E2-2024-25.jpg\" alt width=\"1465\" height=\"1006\" srcset=\"https:\/\/einheit-bernburg.de\/content\/wp-content\/uploads\/2024\/08\/E2-2024-25.jpg 1465w, https:\/\/einheit-bernburg.de\/content\/wp-content\/uploads\/2024\/08\/E2-2024-25-300x206.jpg 300w, https:\/\/einheit-bernburg.de\/content\/wp-content\/uploads\/2024\/08\/E2-2024-25-1024x703.jpg 1024w, https:\/\/einheit-bernburg.de\/content\/wp-content\/uploads\/2024\/08\/E2-2024-25-768x527.jpg 768w, https:\/\/einheit-bernburg.de\/content\/wp-content\/uploads\/2024\/08\/E2-2024-25-1080x742.jpg 1080w\" sizes=\"(max-width: 1465px) 100vw, 1465px\"><\/noscript><img decoding=\"async\" class=\"alignnone wp-image-38055 size-full lazyload\" src=\"data:image\/svg+xml,%3Csvg%20xmlns%3D%22http%3A%2F%2Fwww.w3.org%2F2000%2Fsvg%22%20viewBox%3D%220%200%201465%201006%22%3E%3C%2Fsvg%3E\" alt width=\"1465\" height=\"1006\" srcset=\"data:image\/svg+xml,%3Csvg%20xmlns%3D%22http%3A%2F%2Fwww.w3.org%2F2000%2Fsvg%22%20viewBox%3D%220%200%201465%201006%22%3E%3C%2Fsvg%3E 1465w\" sizes=\"(max-width: 1465px) 100vw, 1465px\" data-srcset=\"https:\/\/einheit-bernburg.de\/content\/wp-content\/uploads\/2024\/08\/E2-2024-25.jpg 1465w, https:\/\/einheit-bernburg.de\/content\/wp-content\/uploads\/2024\/08\/E2-2024-25-300x206.jpg 300w, https:\/\/einheit-bernburg.de\/content\/wp-content\/uploads\/2024\/08\/E2-2024-25-1024x703.jpg 1024w, https:\/\/einheit-bernburg.de\/content\/wp-content\/uploads\/2024\/08\/E2-2024-25-768x527.jpg 768w, https:\/\/einheit-bernburg.de\/content\/wp-content\/uploads\/2024\/08\/E2-2024-25-1080x742.jpg 1080w\" data-src=\"https:\/\/einheit-bernburg.de\/content\/wp-content\/uploads\/2024\/08\/E2-2024-25.jpg\"><\/a><\/p>\n<p>Hinen v.l.: Sebastian Leschik, Alexander Ru\u00df, Oliver Maiwald, Flynn Herold, Max Pega, Finn Apel<br>\nSitzend v.l.:<br>\nEmil Brauns, Noah Joel Neumeister, Yannik Redemske, Leon J\u00f6rdens, Jan &#8211; Luis F\u00fcrtig, Taras Melnychuk, Michel Nowak<\/p>\n<p><a href=\"https:\/\/einheit-bernburg.de\/content\/wp-content\/uploads\/2024\/08\/E1-u.-E2-2024-25-1.jpg\"><noscript><img decoding=\"async\" class=\"alignnone size-medium wp-image-38053\" src=\"https:\/\/einheit-bernburg.de\/content\/wp-content\/uploads\/2024\/08\/E1-u.-E2-2024-25-1-300x131.jpg\" alt width=\"300\" height=\"131\" srcset=\"https:\/\/einheit-bernburg.de\/content\/wp-content\/uploads\/2024\/08\/E1-u.-E2-2024-25-1-300x131.jpg 300w, https:\/\/einheit-bernburg.de\/content\/wp-content\/uploads\/2024\/08\/E1-u.-E2-2024-25-1-1024x446.jpg 1024w, https:\/\/einheit-bernburg.de\/content\/wp-content\/uploads\/2024\/08\/E1-u.-E2-2024-25-1-768x334.jpg 768w, https:\/\/einheit-bernburg.de\/content\/wp-content\/uploads\/2024\/08\/E1-u.-E2-2024-25-1-1080x470.jpg 1080w, https:\/\/einheit-bernburg.de\/content\/wp-content\/uploads\/2024\/08\/E1-u.-E2-2024-25-1.jpg 1386w\" sizes=\"(max-width: 300px) 100vw, 300px\"><\/noscript><img decoding=\"async\" class=\"alignnone size-medium wp-image-38053 lazyload\" src=\"data:image\/svg+xml,%3Csvg%20xmlns%3D%22http%3A%2F%2Fwww.w3.org%2F2000%2Fsvg%22%20viewBox%3D%220%200%20300%20131%22%3E%3C%2Fsvg%3E\" alt width=\"300\" height=\"131\" srcset=\"data:image\/svg+xml,%3Csvg%20xmlns%3D%22http%3A%2F%2Fwww.w3.org%2F2000%2Fsvg%22%20viewBox%3D%220%200%20300%20131%22%3E%3C%2Fsvg%3E 300w\" sizes=\"(max-width: 300px) 100vw, 300px\" data-srcset=\"https:\/\/einheit-bernburg.de\/content\/wp-content\/uploads\/2024\/08\/E1-u.-E2-2024-25-1-300x131.jpg 300w, https:\/\/einheit-bernburg.de\/content\/wp-content\/uploads\/2024\/08\/E1-u.-E2-2024-25-1-1024x446.jpg 1024w, https:\/\/einheit-bernburg.de\/content\/wp-content\/uploads\/2024\/08\/E1-u.-E2-2024-25-1-768x334.jpg 768w, https:\/\/einheit-bernburg.de\/content\/wp-content\/uploads\/2024\/08\/E1-u.-E2-2024-25-1-1080x470.jpg 1080w, https:\/\/einheit-bernburg.de\/content\/wp-content\/uploads\/2024\/08\/E1-u.-E2-2024-25-1.jpg 1386w\" data-src=\"https:\/\/einheit-bernburg.de\/content\/wp-content\/uploads\/2024\/08\/E1-u.-E2-2024-25-1-300x131.jpg\"><\/a> E1 &#8211; u. E2 &#8211; Junioren 2024 \/ 25<\/p>\n<hr>\n<p><a class=\"submenu\" href=\"http:\/\/einheit-bernburg.de\/content\/?page_id=562\" target=\"_blank\" rel=\"noopener noreferrer\"><noscript><img decoding=\"async\" src=\"http:\/\/einheit-bernburg.de\/off\/images\/redsys\/link.gif\" alt border=\"0\"><\/noscript><img decoding=\"async\" src=\"data:image\/gif;base64,R0lGODlhAQABAIAAAAAAAP\/\/\/yH5BAEAAAAALAAAAAABAAEAAAIBRAA7\" alt border=\"0\" data-src=\"http:\/\/einheit-bernburg.de\/off\/images\/redsys\/link.gif\" class=\" lazyload\"><\/a>&nbsp;<a href=\"https:\/\/einheit-bernburg.de\/content\/?page_id=42254\" target=\"_blank\" rel=\"noopener\">Kader u. Zielstellung<\/a><\/p>\n<p><strong><a class=\"submenu\" href=\"http:\/\/einheit-bernburg.de\/content\/?page_id=562\" target=\"_blank\" rel=\"noopener noreferrer\"><noscript><img decoding=\"async\" src=\"http:\/\/einheit-bernburg.de\/off\/images\/redsys\/link.gif\" alt border=\"0\"><\/noscript><img decoding=\"async\" src=\"data:image\/gif;base64,R0lGODlhAQABAIAAAAAAAP\/\/\/yH5BAEAAAAALAAAAAABAAEAAAIBRAA7\" alt border=\"0\" data-src=\"http:\/\/einheit-bernburg.de\/off\/images\/redsys\/link.gif\" class=\" lazyload\"><\/a> <a href=\"https:\/\/www.fussball.de\/spielplan\/1kreisklasse-e-jugend-st-1-mr-kreis-salzland-e-junioren-1kreisklasse-e-junioren-saison2425-sachsen-anhalt\/-\/staffel\/02R3NJ7B7800000CVS5489B3VVDI574D-G#!\/section\/matchplan\">Meisterrunde E-Junioren<\/a><\/strong><\/p>\n<p><a class=\"submenu\" href=\"http:\/\/www.fussball.de\/spieltag\/runde-6-kreis-salzland-f-junioren-kreispokal-f-junioren-saison1617-sachsen-anhalt\/-\/staffel\/01TJ7F83JK000000VS54898EVS3CAK29-R#!\/section\/mediastream\" target=\"_blank\" rel=\"noopener noreferrer\"><noscript><img decoding=\"async\" src=\"http:\/\/einheit-bernburg.de\/off\/images\/redsys\/link.gif\" alt border=\"0\"><\/noscript><img decoding=\"async\" src=\"data:image\/gif;base64,R0lGODlhAQABAIAAAAAAAP\/\/\/yH5BAEAAAAALAAAAAABAAEAAAIBRAA7\" alt border=\"0\" data-src=\"http:\/\/einheit-bernburg.de\/off\/images\/redsys\/link.gif\" class=\" lazyload\"><\/a> <a href=\"https:\/\/www.fussball.de\/spieltagsuebersicht\/e-jugend-staffel-6-kreis-salzland-e-junioren-1kreisklasse-e-junioren-saison2425-sachsen-anhalt\/-\/staffel\/02Q4ESPSD8000004VS5489B3VUHDH0E9-G#!\/\">Spielplan &#8211; Tabelle&nbsp;St.6<\/a><\/p>\n<p><a class=\"submenu\" href=\"http:\/\/www.fussball.de\/spieltag\/runde-6-kreis-salzland-f-junioren-kreispokal-f-junioren-saison1617-sachsen-anhalt\/-\/staffel\/01TJ7F83JK000000VS54898EVS3CAK29-R#!\/section\/mediastream\" target=\"_blank\" rel=\"noopener noreferrer\"><noscript><img decoding=\"async\" src=\"http:\/\/einheit-bernburg.de\/off\/images\/redsys\/link.gif\" alt border=\"0\"><\/noscript><img decoding=\"async\" src=\"data:image\/gif;base64,R0lGODlhAQABAIAAAAAAAP\/\/\/yH5BAEAAAAALAAAAAABAAEAAAIBRAA7\" alt border=\"0\" data-src=\"http:\/\/einheit-bernburg.de\/off\/images\/redsys\/link.gif\" class=\" lazyload\"><\/a> <a href=\"https:\/\/einheit-bernburg.de\/content\/wp-content\/uploads\/2024\/08\/RTP-NW-2024-2025-Final-1.pdf\">RTP NW 2024-2025 Kreis<\/a>&nbsp;&nbsp; <a class=\"submenu\" href=\"http:\/\/www.fussball.de\/spieltagsuebersicht\/landesliga-a-jun-staffel-6-sachsen-anhalt-a-junioren-landesliga-a-junioren-saison1516-sachsen-anhalt\/-\/staffel\/01OPP4VDC8000001VV0AG813VSIPV1RQ-G#!\/section\/stage\" target=\"_blank\" rel=\"noopener noreferrer\"><noscript><img decoding=\"async\" src=\"http:\/\/einheit-bernburg.de\/off\/images\/redsys\/link.gif\" alt border=\"0\"><\/noscript><img decoding=\"async\" src=\"data:image\/gif;base64,R0lGODlhAQABAIAAAAAAAP\/\/\/yH5BAEAAAAALAAAAAABAAEAAAIBRAA7\" alt border=\"0\" data-src=\"http:\/\/einheit-bernburg.de\/off\/images\/redsys\/link.gif\" class=\" lazyload\"><\/a>&nbsp; <a href=\"https:\/\/einheit-bernburg.de\/content\/wp-content\/uploads\/2024\/12\/Finale-Ausschreibung-Herren-NW-2024-2025-SR-1.pdf\">Ausschreibung-Herren u. Nachwuchs 2024-25<\/a><\/p>\n<p><strong>\u00dcber die abgelaufene Saison 2023\/24 kann man sich im Archiv auf den Seiten der E2- Junioren informieren<\/strong>.<\/p>\n<hr>\n<h1>News und Spielberichte<\/h1>\n<h3>Meisterrunde<\/h3>\n<p><span style=\"text-decoration: underline;\"><strong>14.06.2025<\/strong> Ansto\u00df: <strong>09:30 Uhr<\/strong> &#8211; 10.Spieltag<\/span><br>\nSV 90 Sankt Georg Hecklingen &#8211; SV Einheit Bernburg<\/p>\n<hr>\n<p><span style=\"text-decoration: underline;\"><strong>31.05.2025<\/strong> Ansto\u00df: <strong>09:30 Uhr<\/strong> &#8211; 9.Spieltag<\/span><br>\nSV Einheit Bernburg &#8211; Union 1861 Sch\u00f6nebeck U11&nbsp;<strong>0:9 (0:4)<br>\n<a href=\"https:\/\/einheit-bernburg.de\/content\/wp-content\/uploads\/2025\/05\/E2-SBK.jpg\"><noscript><img decoding=\"async\" class=\"alignnone size-medium wp-image-41486\" src=\"https:\/\/einheit-bernburg.de\/content\/wp-content\/uploads\/2025\/05\/E2-SBK-300x118.jpg\" alt width=\"300\" height=\"118\" srcset=\"https:\/\/einheit-bernburg.de\/content\/wp-content\/uploads\/2025\/05\/E2-SBK-300x118.jpg 300w, https:\/\/einheit-bernburg.de\/content\/wp-content\/uploads\/2025\/05\/E2-SBK-768x302.jpg 768w, https:\/\/einheit-bernburg.de\/content\/wp-content\/uploads\/2025\/05\/E2-SBK.jpg 800w\" sizes=\"(max-width: 300px) 100vw, 300px\"><\/noscript><img decoding=\"async\" class=\"alignnone size-medium wp-image-41486 lazyload\" src=\"data:image\/svg+xml,%3Csvg%20xmlns%3D%22http%3A%2F%2Fwww.w3.org%2F2000%2Fsvg%22%20viewBox%3D%220%200%20300%20118%22%3E%3C%2Fsvg%3E\" alt width=\"300\" height=\"118\" srcset=\"data:image\/svg+xml,%3Csvg%20xmlns%3D%22http%3A%2F%2Fwww.w3.org%2F2000%2Fsvg%22%20viewBox%3D%220%200%20300%20118%22%3E%3C%2Fsvg%3E 300w\" sizes=\"(max-width: 300px) 100vw, 300px\" data-srcset=\"https:\/\/einheit-bernburg.de\/content\/wp-content\/uploads\/2025\/05\/E2-SBK-300x118.jpg 300w, https:\/\/einheit-bernburg.de\/content\/wp-content\/uploads\/2025\/05\/E2-SBK-768x302.jpg 768w, https:\/\/einheit-bernburg.de\/content\/wp-content\/uploads\/2025\/05\/E2-SBK.jpg 800w\" data-src=\"https:\/\/einheit-bernburg.de\/content\/wp-content\/uploads\/2025\/05\/E2-SBK-300x118.jpg\"><\/a><br>\n<\/strong><\/p>\n<hr>\n<p><span style=\"text-decoration: underline;\"><strong>04.05.2025<\/strong> Ansto\u00df: <strong>10:30 Uhr <\/strong>&#8211; Testspiel<\/span><br>\nSV Wulfen &#8211; SV Einheit Bernburg II. <strong>5:2<\/strong><\/p>\n<p>Es wurde einiges getestet und man erspielte sich auch Chancen, aber letztlich zu viele individuelle Fehler, die dann f\u00fcr diese Niederlage sorgten.<\/p>\n<hr>\n<p><span style=\"text-decoration: underline;\"><strong>26.04.2025<\/strong> Ansto\u00df: <strong>09:30 Uhr<\/strong> &#8211; 7.Spieltag<\/span><br>\nSV Einheit Bernburg II. &#8211; SV Lok Aschersleben II. <strong>2:4 (0:4)<\/strong><\/p>\n<hr>\n<p><span style=\"text-decoration: underline;\"><strong>03.04.2025<\/strong> Ansto\u00df: <strong>17:00 Uhr<\/strong> &#8211; 6.Spieltag<\/span><br>\nSV Einheit Bernburg &#8211; SV Einheit Bernburg II. <strong>12:0 (3:0)<br>\n<a href=\"https:\/\/einheit-bernburg.de\/content\/wp-content\/uploads\/2025\/04\/E1-E2-MR-3.4.25.jpg\"><noscript><img decoding=\"async\" class=\"alignnone size-medium wp-image-40775\" src=\"https:\/\/einheit-bernburg.de\/content\/wp-content\/uploads\/2025\/04\/E1-E2-MR-3.4.25-300x109.jpg\" alt width=\"300\" height=\"109\" srcset=\"https:\/\/einheit-bernburg.de\/content\/wp-content\/uploads\/2025\/04\/E1-E2-MR-3.4.25-300x109.jpg 300w, https:\/\/einheit-bernburg.de\/content\/wp-content\/uploads\/2025\/04\/E1-E2-MR-3.4.25-1024x371.jpg 1024w, https:\/\/einheit-bernburg.de\/content\/wp-content\/uploads\/2025\/04\/E1-E2-MR-3.4.25-768x278.jpg 768w, https:\/\/einheit-bernburg.de\/content\/wp-content\/uploads\/2025\/04\/E1-E2-MR-3.4.25-1080x391.jpg 1080w, https:\/\/einheit-bernburg.de\/content\/wp-content\/uploads\/2025\/04\/E1-E2-MR-3.4.25.jpg 1231w\" sizes=\"(max-width: 300px) 100vw, 300px\"><\/noscript><img decoding=\"async\" class=\"alignnone size-medium wp-image-40775 lazyload\" src=\"data:image\/svg+xml,%3Csvg%20xmlns%3D%22http%3A%2F%2Fwww.w3.org%2F2000%2Fsvg%22%20viewBox%3D%220%200%20300%20109%22%3E%3C%2Fsvg%3E\" alt width=\"300\" height=\"109\" srcset=\"data:image\/svg+xml,%3Csvg%20xmlns%3D%22http%3A%2F%2Fwww.w3.org%2F2000%2Fsvg%22%20viewBox%3D%220%200%20300%20109%22%3E%3C%2Fsvg%3E 300w\" sizes=\"(max-width: 300px) 100vw, 300px\" data-srcset=\"https:\/\/einheit-bernburg.de\/content\/wp-content\/uploads\/2025\/04\/E1-E2-MR-3.4.25-300x109.jpg 300w, https:\/\/einheit-bernburg.de\/content\/wp-content\/uploads\/2025\/04\/E1-E2-MR-3.4.25-1024x371.jpg 1024w, https:\/\/einheit-bernburg.de\/content\/wp-content\/uploads\/2025\/04\/E1-E2-MR-3.4.25-768x278.jpg 768w, https:\/\/einheit-bernburg.de\/content\/wp-content\/uploads\/2025\/04\/E1-E2-MR-3.4.25-1080x391.jpg 1080w, https:\/\/einheit-bernburg.de\/content\/wp-content\/uploads\/2025\/04\/E1-E2-MR-3.4.25.jpg 1231w\" data-src=\"https:\/\/einheit-bernburg.de\/content\/wp-content\/uploads\/2025\/04\/E1-E2-MR-3.4.25-300x109.jpg\"><\/a><br>\n<\/strong><\/p>\n<p>Zum R\u00fcckrundenauftakt der Meisterrunde trafen bereits am Donnerstagnachmittag die beiden Einheitteams aufeinander. Diesmal war Einheit II. Gast bei der Ersten auf dem Kunstrasenplatz des Vereins.<\/p>\n<hr>\n<p><span style=\"text-decoration: underline;\"><strong>29.03.2025<\/strong> Ansto\u00df: <strong>11:00 Uhr<\/strong><\/span><br>\nSV Einheit Bernburg &#8211; SV 90 Sankt Georg Hecklingen <strong>2:3 (0:2)<br>\n<a href=\"https:\/\/einheit-bernburg.de\/content\/wp-content\/uploads\/2025\/03\/3-11.jpg\"><noscript><img decoding=\"async\" class=\"alignnone wp-image-40677 size-thumbnail\" src=\"https:\/\/einheit-bernburg.de\/content\/wp-content\/uploads\/2025\/03\/3-11-150x150.jpg\" alt width=\"150\" height=\"150\"><\/noscript><img decoding=\"async\" class=\"alignnone wp-image-40677 size-thumbnail lazyload\" src=\"data:image\/svg+xml,%3Csvg%20xmlns%3D%22http%3A%2F%2Fwww.w3.org%2F2000%2Fsvg%22%20viewBox%3D%220%200%20150%20150%22%3E%3C%2Fsvg%3E\" alt width=\"150\" height=\"150\" data-src=\"https:\/\/einheit-bernburg.de\/content\/wp-content\/uploads\/2025\/03\/3-11-150x150.jpg\"> <\/a><a href=\"https:\/\/einheit-bernburg.de\/content\/wp-content\/uploads\/2025\/03\/1-10.jpg\"><noscript><img decoding=\"async\" class=\"alignnone size-medium wp-image-40678\" src=\"https:\/\/einheit-bernburg.de\/content\/wp-content\/uploads\/2025\/03\/1-10-300x83.jpg\" alt width=\"300\" height=\"83\" srcset=\"https:\/\/einheit-bernburg.de\/content\/wp-content\/uploads\/2025\/03\/1-10-300x83.jpg 300w, https:\/\/einheit-bernburg.de\/content\/wp-content\/uploads\/2025\/03\/1-10-1024x284.jpg 1024w, https:\/\/einheit-bernburg.de\/content\/wp-content\/uploads\/2025\/03\/1-10-768x213.jpg 768w, https:\/\/einheit-bernburg.de\/content\/wp-content\/uploads\/2025\/03\/1-10-1080x300.jpg 1080w, https:\/\/einheit-bernburg.de\/content\/wp-content\/uploads\/2025\/03\/1-10.jpg 1500w\" sizes=\"(max-width: 300px) 100vw, 300px\"><\/noscript><img decoding=\"async\" class=\"alignnone size-medium wp-image-40678 lazyload\" src=\"data:image\/svg+xml,%3Csvg%20xmlns%3D%22http%3A%2F%2Fwww.w3.org%2F2000%2Fsvg%22%20viewBox%3D%220%200%20300%2083%22%3E%3C%2Fsvg%3E\" alt width=\"300\" height=\"83\" srcset=\"data:image\/svg+xml,%3Csvg%20xmlns%3D%22http%3A%2F%2Fwww.w3.org%2F2000%2Fsvg%22%20viewBox%3D%220%200%20300%2083%22%3E%3C%2Fsvg%3E 300w\" sizes=\"(max-width: 300px) 100vw, 300px\" data-srcset=\"https:\/\/einheit-bernburg.de\/content\/wp-content\/uploads\/2025\/03\/1-10-300x83.jpg 300w, https:\/\/einheit-bernburg.de\/content\/wp-content\/uploads\/2025\/03\/1-10-1024x284.jpg 1024w, https:\/\/einheit-bernburg.de\/content\/wp-content\/uploads\/2025\/03\/1-10-768x213.jpg 768w, https:\/\/einheit-bernburg.de\/content\/wp-content\/uploads\/2025\/03\/1-10-1080x300.jpg 1080w, https:\/\/einheit-bernburg.de\/content\/wp-content\/uploads\/2025\/03\/1-10.jpg 1500w\" data-src=\"https:\/\/einheit-bernburg.de\/content\/wp-content\/uploads\/2025\/03\/1-10-300x83.jpg\"> <\/a><a href=\"https:\/\/einheit-bernburg.de\/content\/wp-content\/uploads\/2025\/03\/4-10.jpg\"><noscript><img decoding=\"async\" class=\"alignnone wp-image-40679 size-thumbnail\" src=\"https:\/\/einheit-bernburg.de\/content\/wp-content\/uploads\/2025\/03\/4-10-150x150.jpg\" alt width=\"150\" height=\"150\"><\/noscript><img decoding=\"async\" class=\"alignnone wp-image-40679 size-thumbnail lazyload\" src=\"data:image\/svg+xml,%3Csvg%20xmlns%3D%22http%3A%2F%2Fwww.w3.org%2F2000%2Fsvg%22%20viewBox%3D%220%200%20150%20150%22%3E%3C%2Fsvg%3E\" alt width=\"150\" height=\"150\" data-src=\"https:\/\/einheit-bernburg.de\/content\/wp-content\/uploads\/2025\/03\/4-10-150x150.jpg\"><\/a><br>\n<\/strong><\/p>\n<hr>\n<p><span style=\"text-decoration: underline;\"><strong>23.03.2025<\/strong> Ansto\u00df: <\/span><strong><span style=\"text-decoration: underline;\">11:00 Uhr <\/span><\/strong><span style=\"text-decoration: underline;\">&#8211; 4.ST<br>\n<\/span><strong>Spielort:<\/strong> Stadtwerke Sportpark, Magdeburger Str. 176, 39218 Sch\u00f6nebeck<br>\nUnion 1861 Sch\u00f6nebeck U11 &#8211; SV Einheit Bernburg II. <strong>10:1 (5:0)<br>\n<a href=\"https:\/\/einheit-bernburg.de\/content\/wp-content\/uploads\/2025\/03\/1-8.jpg\"><noscript><img decoding=\"async\" class=\"alignnone wp-image-40625 size-thumbnail\" src=\"https:\/\/einheit-bernburg.de\/content\/wp-content\/uploads\/2025\/03\/1-8-150x150.jpg\" alt width=\"150\" height=\"150\"><\/noscript><img decoding=\"async\" class=\"alignnone wp-image-40625 size-thumbnail lazyload\" src=\"data:image\/svg+xml,%3Csvg%20xmlns%3D%22http%3A%2F%2Fwww.w3.org%2F2000%2Fsvg%22%20viewBox%3D%220%200%20150%20150%22%3E%3C%2Fsvg%3E\" alt width=\"150\" height=\"150\" data-src=\"https:\/\/einheit-bernburg.de\/content\/wp-content\/uploads\/2025\/03\/1-8-150x150.jpg\"> <\/a><a href=\"https:\/\/einheit-bernburg.de\/content\/wp-content\/uploads\/2025\/03\/2-9.jpg\"><noscript><img decoding=\"async\" class=\"alignnone wp-image-40626 size-thumbnail\" src=\"https:\/\/einheit-bernburg.de\/content\/wp-content\/uploads\/2025\/03\/2-9-150x150.jpg\" alt width=\"150\" height=\"150\"><\/noscript><img decoding=\"async\" class=\"alignnone wp-image-40626 size-thumbnail lazyload\" src=\"data:image\/svg+xml,%3Csvg%20xmlns%3D%22http%3A%2F%2Fwww.w3.org%2F2000%2Fsvg%22%20viewBox%3D%220%200%20150%20150%22%3E%3C%2Fsvg%3E\" alt width=\"150\" height=\"150\" data-src=\"https:\/\/einheit-bernburg.de\/content\/wp-content\/uploads\/2025\/03\/2-9-150x150.jpg\"> <\/a><a href=\"https:\/\/einheit-bernburg.de\/content\/wp-content\/uploads\/2025\/03\/3-9.jpg\"><noscript><img decoding=\"async\" class=\"alignnone wp-image-40627 size-thumbnail\" src=\"https:\/\/einheit-bernburg.de\/content\/wp-content\/uploads\/2025\/03\/3-9-150x150.jpg\" alt width=\"150\" height=\"150\"><\/noscript><img decoding=\"async\" class=\"alignnone wp-image-40627 size-thumbnail lazyload\" src=\"data:image\/svg+xml,%3Csvg%20xmlns%3D%22http%3A%2F%2Fwww.w3.org%2F2000%2Fsvg%22%20viewBox%3D%220%200%20150%20150%22%3E%3C%2Fsvg%3E\" alt width=\"150\" height=\"150\" data-src=\"https:\/\/einheit-bernburg.de\/content\/wp-content\/uploads\/2025\/03\/3-9-150x150.jpg\"> <\/a><a href=\"https:\/\/einheit-bernburg.de\/content\/wp-content\/uploads\/2025\/03\/4-9.jpg\"><noscript><img decoding=\"async\" class=\"alignnone wp-image-40628 size-thumbnail\" src=\"https:\/\/einheit-bernburg.de\/content\/wp-content\/uploads\/2025\/03\/4-9-150x150.jpg\" alt width=\"150\" height=\"150\"><\/noscript><img decoding=\"async\" class=\"alignnone wp-image-40628 size-thumbnail lazyload\" src=\"data:image\/svg+xml,%3Csvg%20xmlns%3D%22http%3A%2F%2Fwww.w3.org%2F2000%2Fsvg%22%20viewBox%3D%220%200%20150%20150%22%3E%3C%2Fsvg%3E\" alt width=\"150\" height=\"150\" data-src=\"https:\/\/einheit-bernburg.de\/content\/wp-content\/uploads\/2025\/03\/4-9-150x150.jpg\"><\/a><br>\n<\/strong><\/p>\n<p><strong>Die Hosen sind vorher schon voll!!!<br>\n<\/strong>Eigentlich dachten wir als Trainerteam, nach der Aufarbeitung vom letzten Wochenende, dass der Groschen gerutscht ist!<br>\nAber da m\u00fcssen wir auch mal ehrlich sein.<br>\nEs sind etliche Kinder dabei, die einfach nicht bei der Sache sind, sei es vor dem Spiel und im schlimmsten Fall noch w\u00e4hrend des Spiels!<br>\nJeder von uns wusste das es definitiv kein Selbstl\u00e4ufer in Sch\u00f6nebeck wird!<br>\nIch will es heute mal kurzfassen!<br>\nNach 15 Minuten war der Drops leider schon gelutscht! Keinerlei Zweikampfverhalten, zu weit weg vom Gegner, Fehlp\u00e4sse und fehlende Absprachen!<br>\nVor der Halbzeitpause ein kleines Aufflammen unserer Mannschaft, warum kn\u00fcpft man da nicht an!?<br>\nAm Ende der 50min stand es 10:1 f\u00fcr die Gastgeber!<br>\nAn dieser Stelle m\u00f6chte ich nochmal unseren Torh\u00fcter loben! Leon h\u00e4ttest du nicht so tolle Paraden gezeigt, h\u00e4tte das Ergebnis noch deutlicher ausfallen k\u00f6nnen!<br>\nJetzt hei\u00dft es Nase abputzen und flei\u00dfig zum Training erscheinen! Am Wochenende erwartet uns das Heimspiel gegen Hecklingen! Da m\u00f6chten wir definitiv Kampfgeist sehen!<\/p>\n<hr>\n<p><span style=\"text-decoration: underline;\"><strong>16.03.2025<\/strong> Ansto\u00df: <strong>11:00 Uhr<\/strong> &#8211; 3.ST<\/span><br>\nSV Einheit Bernburg II. &#8211; SC Bernburg <strong>1:6 (0:2)<\/strong><\/p>\n<hr>\n<h3>Winterkalender &#8211; E2 &#8211; Junioren<\/h3>\n<p><a href=\"https:\/\/einheit-bernburg.de\/content\/wp-content\/uploads\/2025\/03\/Winterkalender-E2-Junioren-2024-25-14.pdf\">Winterkalender E2 &#8211; Junioren 2024-25 Stand: 09.03.25<\/a><\/p>\n<hr>\n<h3>Testspiele<\/h3>\n<p><span style=\"text-decoration: underline;\"><strong>09.03.2025<\/strong> Ansto\u00df: <strong>10:30 Uhr <\/strong><\/span><br>\nSG Gr\u00fcn-Wei\u00df Beesenlaublingen &#8211; SV Einheit Bernburg II. <strong>1:6<\/strong><\/p>\n<hr>\n<p><span style=\"text-decoration: underline;\"><strong>02.03.2025<\/strong> Ansto\u00df: <strong>10:00 Uhr &#8211; Blitzturnier<\/strong><\/span><br>\nSpielort: Kunstrasenplatz des SV Einheit<\/p>\n<p><strong>Teilnehmer<\/strong><br>\n<strong>1.<\/strong>SV Einheit Bernburg I., <strong>2.<\/strong>SV Einheit Bernburg II., <strong>3.<\/strong>SC Bernburg II.<\/p>\n<p><em>Im Modus &#8222;Jeder gegen Jeden&#8220; spielten diese drei Teams eine Doppelrunde \u00e1 15 min.<\/em><\/p>\n<hr>\n<h3>Hallenturniere<\/h3>\n<p><span style=\"text-decoration: underline;\"><strong>22.02.2025: VfB Gr\u00f6bzig &#8211; Hallenturnier<\/strong> &#8211; Sporthalle Gr\u00f6bzig &#8211;<strong> 3.Platz<\/strong><\/span><br>\nBeginn: <strong>09:00 Uhr<\/strong> &#8211; <strong>Spielort: <\/strong>Gemeinschaftsschule &#8222;J. F. Walkhoff&#8220;, Hallesche Str. 72, Gr\u00f6bzig<\/p>\n<p><a href=\"https:\/\/einheit-bernburg.de\/content\/wp-content\/uploads\/2025\/02\/Ergebnisuebersicht.pdf\">Ergebnis\u00fcbersicht<\/a><\/p>\n<p><strong>Endstand:<\/strong><br>\n<strong>1.<\/strong>VfB Gr\u00f6bzig, <strong>2.<\/strong>CFC Germania 03, <strong>3.<\/strong>SV Einheit Bernburg II.,<br>\n<strong>4.<\/strong>SV G\u00f6lzau, <strong>5.<\/strong>SV Wulfen, <strong>6.<\/strong>SG 1948 Reppichau II.<\/p>\n<hr>\n<p><span style=\"text-decoration: underline;\"><strong>08.02.2025:<\/strong> <strong>SC Bernburg &#8211; Hallenturnier<\/strong> in Nienburg &#8211; <strong>4.Platz<\/strong><\/span><br>\nBeginn: <strong>09:00 Uhr<\/strong> Anreise: 08:15 Uhr, <strong>Spielort:<\/strong> Saale-Bode-Sporthalle, Nienburg<\/p>\n<p><a href=\"https:\/\/einheit-bernburg.de\/content\/wp-content\/uploads\/2025\/02\/Teilnehmer-Ergebnisse-Endstand.pdf\"><strong>Teilnehmer &#8211; Ergebnisse &#8211; Endstand<\/strong><\/a><\/p>\n<hr>\n<p><span style=\"text-decoration: underline;\"><strong>01.02.2025: Ferchlandcup 2025 &#8211; SV Eintracht Gommern &#8211; 5.Platz<\/strong><\/span><br>\nBeginn: <strong>14:00 Uhr&nbsp;<\/strong> Spielort: Eintracht- Sporthalle Gommern<br>\n<a href=\"https:\/\/einheit-bernburg.de\/content\/wp-content\/uploads\/2025\/02\/E2-in-Gommern-1.2.25-2.jpg\"><noscript><img decoding=\"async\" class=\"alignnone size-medium wp-image-40110\" src=\"https:\/\/einheit-bernburg.de\/content\/wp-content\/uploads\/2025\/02\/E2-in-Gommern-1.2.25-2-300x216.jpg\" alt width=\"300\" height=\"216\" srcset=\"https:\/\/einheit-bernburg.de\/content\/wp-content\/uploads\/2025\/02\/E2-in-Gommern-1.2.25-2-300x216.jpg 300w, https:\/\/einheit-bernburg.de\/content\/wp-content\/uploads\/2025\/02\/E2-in-Gommern-1.2.25-2-1024x737.jpg 1024w, https:\/\/einheit-bernburg.de\/content\/wp-content\/uploads\/2025\/02\/E2-in-Gommern-1.2.25-2-768x552.jpg 768w, https:\/\/einheit-bernburg.de\/content\/wp-content\/uploads\/2025\/02\/E2-in-Gommern-1.2.25-2-1080x777.jpg 1080w, https:\/\/einheit-bernburg.de\/content\/wp-content\/uploads\/2025\/02\/E2-in-Gommern-1.2.25-2.jpg 1500w\" sizes=\"(max-width: 300px) 100vw, 300px\"><\/noscript><img decoding=\"async\" class=\"alignnone size-medium wp-image-40110 lazyload\" src=\"data:image\/svg+xml,%3Csvg%20xmlns%3D%22http%3A%2F%2Fwww.w3.org%2F2000%2Fsvg%22%20viewBox%3D%220%200%20300%20216%22%3E%3C%2Fsvg%3E\" alt width=\"300\" height=\"216\" srcset=\"data:image\/svg+xml,%3Csvg%20xmlns%3D%22http%3A%2F%2Fwww.w3.org%2F2000%2Fsvg%22%20viewBox%3D%220%200%20300%20216%22%3E%3C%2Fsvg%3E 300w\" sizes=\"(max-width: 300px) 100vw, 300px\" data-srcset=\"https:\/\/einheit-bernburg.de\/content\/wp-content\/uploads\/2025\/02\/E2-in-Gommern-1.2.25-2-300x216.jpg 300w, https:\/\/einheit-bernburg.de\/content\/wp-content\/uploads\/2025\/02\/E2-in-Gommern-1.2.25-2-1024x737.jpg 1024w, https:\/\/einheit-bernburg.de\/content\/wp-content\/uploads\/2025\/02\/E2-in-Gommern-1.2.25-2-768x552.jpg 768w, https:\/\/einheit-bernburg.de\/content\/wp-content\/uploads\/2025\/02\/E2-in-Gommern-1.2.25-2-1080x777.jpg 1080w, https:\/\/einheit-bernburg.de\/content\/wp-content\/uploads\/2025\/02\/E2-in-Gommern-1.2.25-2.jpg 1500w\" data-src=\"https:\/\/einheit-bernburg.de\/content\/wp-content\/uploads\/2025\/02\/E2-in-Gommern-1.2.25-2-300x216.jpg\"><\/a><\/p>\n<p><strong>Grippelwelle sorgt f\u00fcr ein Einheit-Mixteam<\/strong><br>\nAn diesem Wochenende waren wir eingeladen zum Hallenturnier in Gommern! Von angemeldeten 9 Spielern standen uns aus der E2 nur 5 Spieler zur Verf\u00fcgung! Die Grippewelle hatte zugeschlagen! Also wurden ein Mixteam aus F, E2 und E1 gestellt! Danke nochmal an Kids, Eltern und \u00dcbungsleiter!<br>\nEs war ein stark besetzes Turnier, wobei wir die ersten 2 Spiele gewinnen konnten und wir danach leider 4 verloren hanen! Hier und da war der ein oder andere Punkt mehr drin, aber Leichtsinnigkeiten und individuelle Fehler werden halt bestraft!<br>\nNichts destotrotz waren wir mit dem Auftreten des Teams zufrieden! Gro\u00dfes Lob an die Kids, die so das erste Mal zusammengespielt haben!<br>\nVielen Dank nochmal an den Gastgeber f\u00fcr die gute Organisation und Verpflegung!<\/p>\n<p><strong>Kader am Samstag:<\/strong> Felix, Max, Oskar, Noah, Dominik, Oliver, Jan-Luis, Leon<\/p>\n<p><strong>Endstand:<\/strong><br>\n<strong>1.<\/strong>TuS 1860 Magdeburg-Neustadt, <strong>2.<\/strong>Haldensleber SC,&nbsp;<strong>3.<\/strong>SV Eintracht Gommern,<br>\n<strong>4.<\/strong>TSV R\/W Zerbst, <strong>5.<\/strong>SV Einheit Bernburg, <strong>6.<\/strong>JSG Vorharz-Heudeber, <strong>7.<\/strong>JSG Petersberg,<\/p>\n<p><a href=\"https:\/\/einheit-bernburg.de\/content\/wp-content\/uploads\/2025\/02\/HT-in-Gommern.pdf\">Ergebnis\u00fcbersicht<\/a><\/p>\n<hr>\n<p><span style=\"text-decoration: underline;\"><strong>26.01.2025 &#8211; Hallenturnier <\/strong>beim<strong> FC Hettstedt E2 <\/strong>&#8211; <strong>1.Platz<\/strong><\/span><br>\nBeginn: <strong>10:00 Uhr<\/strong>&nbsp; Spielort: Drusba-Halle Hettstedt, Feuerstra\u00dfe 1, Hettstedt<\/p>\n<p><strong>E2 &#8211; Junioren holen den Turniersieg nach einem Entscheidungsschie\u00dfen!<\/strong><br>\n<a href=\"https:\/\/einheit-bernburg.de\/content\/wp-content\/uploads\/2025\/01\/E2-in-Hettstedt-1.Pl_.-3.jpg\"><noscript><img decoding=\"async\" class=\"alignnone size-medium wp-image-40065\" src=\"https:\/\/einheit-bernburg.de\/content\/wp-content\/uploads\/2025\/01\/E2-in-Hettstedt-1.Pl_.-3-300x116.jpg\" alt width=\"300\" height=\"116\" srcset=\"https:\/\/einheit-bernburg.de\/content\/wp-content\/uploads\/2025\/01\/E2-in-Hettstedt-1.Pl_.-3-300x116.jpg 300w, https:\/\/einheit-bernburg.de\/content\/wp-content\/uploads\/2025\/01\/E2-in-Hettstedt-1.Pl_.-3-1024x396.jpg 1024w, https:\/\/einheit-bernburg.de\/content\/wp-content\/uploads\/2025\/01\/E2-in-Hettstedt-1.Pl_.-3-768x297.jpg 768w, https:\/\/einheit-bernburg.de\/content\/wp-content\/uploads\/2025\/01\/E2-in-Hettstedt-1.Pl_.-3-1080x418.jpg 1080w, https:\/\/einheit-bernburg.de\/content\/wp-content\/uploads\/2025\/01\/E2-in-Hettstedt-1.Pl_.-3.jpg 1500w\" sizes=\"(max-width: 300px) 100vw, 300px\"><\/noscript><img decoding=\"async\" class=\"alignnone size-medium wp-image-40065 lazyload\" src=\"data:image\/svg+xml,%3Csvg%20xmlns%3D%22http%3A%2F%2Fwww.w3.org%2F2000%2Fsvg%22%20viewBox%3D%220%200%20300%20116%22%3E%3C%2Fsvg%3E\" alt width=\"300\" height=\"116\" srcset=\"data:image\/svg+xml,%3Csvg%20xmlns%3D%22http%3A%2F%2Fwww.w3.org%2F2000%2Fsvg%22%20viewBox%3D%220%200%20300%20116%22%3E%3C%2Fsvg%3E 300w\" sizes=\"(max-width: 300px) 100vw, 300px\" data-srcset=\"https:\/\/einheit-bernburg.de\/content\/wp-content\/uploads\/2025\/01\/E2-in-Hettstedt-1.Pl_.-3-300x116.jpg 300w, https:\/\/einheit-bernburg.de\/content\/wp-content\/uploads\/2025\/01\/E2-in-Hettstedt-1.Pl_.-3-1024x396.jpg 1024w, https:\/\/einheit-bernburg.de\/content\/wp-content\/uploads\/2025\/01\/E2-in-Hettstedt-1.Pl_.-3-768x297.jpg 768w, https:\/\/einheit-bernburg.de\/content\/wp-content\/uploads\/2025\/01\/E2-in-Hettstedt-1.Pl_.-3-1080x418.jpg 1080w, https:\/\/einheit-bernburg.de\/content\/wp-content\/uploads\/2025\/01\/E2-in-Hettstedt-1.Pl_.-3.jpg 1500w\" data-src=\"https:\/\/einheit-bernburg.de\/content\/wp-content\/uploads\/2025\/01\/E2-in-Hettstedt-1.Pl_.-3-300x116.jpg\"><\/a> <a href=\"https:\/\/einheit-bernburg.de\/content\/wp-content\/uploads\/2025\/01\/E2-in-Hettstedt-1.Pl_.-2.jpg\"><noscript><img decoding=\"async\" class=\"alignnone wp-image-40066\" src=\"https:\/\/einheit-bernburg.de\/content\/wp-content\/uploads\/2025\/01\/E2-in-Hettstedt-1.Pl_.-2-300x250.jpg\" alt width=\"139\" height=\"116\" srcset=\"https:\/\/einheit-bernburg.de\/content\/wp-content\/uploads\/2025\/01\/E2-in-Hettstedt-1.Pl_.-2-300x250.jpg 300w, https:\/\/einheit-bernburg.de\/content\/wp-content\/uploads\/2025\/01\/E2-in-Hettstedt-1.Pl_.-2-1024x853.jpg 1024w, https:\/\/einheit-bernburg.de\/content\/wp-content\/uploads\/2025\/01\/E2-in-Hettstedt-1.Pl_.-2-768x640.jpg 768w, https:\/\/einheit-bernburg.de\/content\/wp-content\/uploads\/2025\/01\/E2-in-Hettstedt-1.Pl_.-2-1536x1280.jpg 1536w, https:\/\/einheit-bernburg.de\/content\/wp-content\/uploads\/2025\/01\/E2-in-Hettstedt-1.Pl_.-2-2048x1707.jpg 2048w, https:\/\/einheit-bernburg.de\/content\/wp-content\/uploads\/2025\/01\/E2-in-Hettstedt-1.Pl_.-2-1080x900.jpg 1080w\" sizes=\"(max-width: 139px) 100vw, 139px\"><\/noscript><img decoding=\"async\" class=\"alignnone wp-image-40066 lazyload\" src=\"data:image\/svg+xml,%3Csvg%20xmlns%3D%22http%3A%2F%2Fwww.w3.org%2F2000%2Fsvg%22%20viewBox%3D%220%200%20139%20116%22%3E%3C%2Fsvg%3E\" alt width=\"139\" height=\"116\" srcset=\"data:image\/svg+xml,%3Csvg%20xmlns%3D%22http%3A%2F%2Fwww.w3.org%2F2000%2Fsvg%22%20viewBox%3D%220%200%20139%20116%22%3E%3C%2Fsvg%3E 139w\" sizes=\"(max-width: 139px) 100vw, 139px\" data-srcset=\"https:\/\/einheit-bernburg.de\/content\/wp-content\/uploads\/2025\/01\/E2-in-Hettstedt-1.Pl_.-2-300x250.jpg 300w, https:\/\/einheit-bernburg.de\/content\/wp-content\/uploads\/2025\/01\/E2-in-Hettstedt-1.Pl_.-2-1024x853.jpg 1024w, https:\/\/einheit-bernburg.de\/content\/wp-content\/uploads\/2025\/01\/E2-in-Hettstedt-1.Pl_.-2-768x640.jpg 768w, https:\/\/einheit-bernburg.de\/content\/wp-content\/uploads\/2025\/01\/E2-in-Hettstedt-1.Pl_.-2-1536x1280.jpg 1536w, https:\/\/einheit-bernburg.de\/content\/wp-content\/uploads\/2025\/01\/E2-in-Hettstedt-1.Pl_.-2-2048x1707.jpg 2048w, https:\/\/einheit-bernburg.de\/content\/wp-content\/uploads\/2025\/01\/E2-in-Hettstedt-1.Pl_.-2-1080x900.jpg 1080w\" data-src=\"https:\/\/einheit-bernburg.de\/content\/wp-content\/uploads\/2025\/01\/E2-in-Hettstedt-1.Pl_.-2-300x250.jpg\"><\/a><br>\n<strong>(Kurzbericht)<\/strong><br>\nDas zweite Turnier innerhalb 24 Stunden und unser Team hatte die schwerere Gruppe! Man durfte gespannt sein, wie unsere Jungs diese Doppelbelatung verkraften. Also hie\u00df es, sich darauf einzustimmen.<br>\nTorh\u00fcter krank, Hilfe aus der E1 (Oskar) und Oliver, der sehr flexibel einsetzbar ist, h\u00fctete den Kasten.<br>\nAber die Jungs wurden gut mit dieser Situation fertig.<br>\nEs war ein sch\u00f6nes Turnier, beidseitig wurde mit Bande gespielt, \u00fcber die Mitte &#8211; alles ungewohnt!!!<br>\nDie Spiele um die Pl\u00e4tze 1 bis 4 waren sehr offen, aber hier trennte sich die Spreu vom Weizen!<br>\nAuch wenn es manch anderer &#8222;Trainer&#8220; nicht so sieht, der der Meinung ist, unsere Kinder nach dem Sieg noch beinflussen zu m\u00fcssen, dem sage ich nur: Ein Spiel geht 10 Minuten. Danach gibt es Gewinner \/ Verlierer, auch wenn wir diese Worte nicht m\u00f6gen.<br>\nAlle Kinder, geben ihr Bestes und der Spa\u00df steht Im Vordergrund!!<br>\nNach dem Finale&#8230;!! Nachtreten &#8230;auch nicht die feine Tour!! Das mag Niemand !!<br>\nDies wurde doch den Gastgeber best\u00e4tigt, sodass wir definitiv mit unserer Meinung nicht allein standen!<\/p>\n<p><strong>Kader:<\/strong> Oliver (TW), Michel, Oskar, Finn, Alexander, Max, Lennart, Taras<br>\nOskar wurde als bester Torsch\u00fctze des Turniers geehr<\/p>\n<p><strong><a href=\"https:\/\/einheit-bernburg.de\/content\/wp-content\/uploads\/2025\/01\/Ergebnisuebersicht-Hettstedt.pdf\">Ergebnis\u00fcbersicht<\/a><\/strong><\/p>\n<p><strong>Endstand:<br>\n<a href=\"https:\/\/einheit-bernburg.de\/content\/wp-content\/uploads\/2025\/01\/E2-in-Hettstedt-1.Pl_.-4.jpg\"><noscript><img decoding=\"async\" class=\"alignnone size-medium wp-image-40067\" src=\"https:\/\/einheit-bernburg.de\/content\/wp-content\/uploads\/2025\/01\/E2-in-Hettstedt-1.Pl_.-4-300x163.jpg\" alt width=\"300\" height=\"163\" srcset=\"https:\/\/einheit-bernburg.de\/content\/wp-content\/uploads\/2025\/01\/E2-in-Hettstedt-1.Pl_.-4-300x163.jpg 300w, https:\/\/einheit-bernburg.de\/content\/wp-content\/uploads\/2025\/01\/E2-in-Hettstedt-1.Pl_.-4-1024x557.jpg 1024w, https:\/\/einheit-bernburg.de\/content\/wp-content\/uploads\/2025\/01\/E2-in-Hettstedt-1.Pl_.-4-768x418.jpg 768w, https:\/\/einheit-bernburg.de\/content\/wp-content\/uploads\/2025\/01\/E2-in-Hettstedt-1.Pl_.-4-1080x587.jpg 1080w, https:\/\/einheit-bernburg.de\/content\/wp-content\/uploads\/2025\/01\/E2-in-Hettstedt-1.Pl_.-4.jpg 1508w\" sizes=\"(max-width: 300px) 100vw, 300px\"><\/noscript><img decoding=\"async\" class=\"alignnone size-medium wp-image-40067 lazyload\" src=\"data:image\/svg+xml,%3Csvg%20xmlns%3D%22http%3A%2F%2Fwww.w3.org%2F2000%2Fsvg%22%20viewBox%3D%220%200%20300%20163%22%3E%3C%2Fsvg%3E\" alt width=\"300\" height=\"163\" srcset=\"data:image\/svg+xml,%3Csvg%20xmlns%3D%22http%3A%2F%2Fwww.w3.org%2F2000%2Fsvg%22%20viewBox%3D%220%200%20300%20163%22%3E%3C%2Fsvg%3E 300w\" sizes=\"(max-width: 300px) 100vw, 300px\" data-srcset=\"https:\/\/einheit-bernburg.de\/content\/wp-content\/uploads\/2025\/01\/E2-in-Hettstedt-1.Pl_.-4-300x163.jpg 300w, https:\/\/einheit-bernburg.de\/content\/wp-content\/uploads\/2025\/01\/E2-in-Hettstedt-1.Pl_.-4-1024x557.jpg 1024w, https:\/\/einheit-bernburg.de\/content\/wp-content\/uploads\/2025\/01\/E2-in-Hettstedt-1.Pl_.-4-768x418.jpg 768w, https:\/\/einheit-bernburg.de\/content\/wp-content\/uploads\/2025\/01\/E2-in-Hettstedt-1.Pl_.-4-1080x587.jpg 1080w, https:\/\/einheit-bernburg.de\/content\/wp-content\/uploads\/2025\/01\/E2-in-Hettstedt-1.Pl_.-4.jpg 1508w\" data-src=\"https:\/\/einheit-bernburg.de\/content\/wp-content\/uploads\/2025\/01\/E2-in-Hettstedt-1.Pl_.-4-300x163.jpg\"><\/a><\/strong><br>\n<strong>1.<\/strong>Einheit Bernburg II., <strong>2.<\/strong>Lok Aschersleben II., <strong>3.<\/strong>Einheit Wernigerode II., <strong>4.<\/strong>Eintracht Gommern II,<br>\n<strong>5.<\/strong>FC Hettstedt, <strong>6.<\/strong>Concordia Harzgerode, <strong>7.<\/strong>JSG Wippertal II.,&nbsp;<strong>8.<\/strong>Lok R\u00f6blingen<\/p>\n<hr>\n<p><span style=\"text-decoration: underline;\"><strong>25.01.2025 &#8211; Bernburger Hallenturnier <\/strong>des<strong> SC Bernburg II. <\/strong>&#8211; <strong>3.Platz<\/strong><\/span><br>\nBeginn: <strong>13:30 Uhr<\/strong>&nbsp; Anreise: ab 12:45 Uhr <strong>Spielort:<\/strong> Sporthalle Eichenweg<br>\n<a href=\"https:\/\/einheit-bernburg.de\/content\/wp-content\/uploads\/2025\/01\/SCB-HT_E2-3.Pl_.jpg\"><noscript><img decoding=\"async\" class=\"alignnone size-medium wp-image-40050\" src=\"https:\/\/einheit-bernburg.de\/content\/wp-content\/uploads\/2025\/01\/SCB-HT_E2-3.Pl_-300x188.jpg\" alt width=\"300\" height=\"188\" srcset=\"https:\/\/einheit-bernburg.de\/content\/wp-content\/uploads\/2025\/01\/SCB-HT_E2-3.Pl_-300x188.jpg 300w, https:\/\/einheit-bernburg.de\/content\/wp-content\/uploads\/2025\/01\/SCB-HT_E2-3.Pl_-1024x640.jpg 1024w, https:\/\/einheit-bernburg.de\/content\/wp-content\/uploads\/2025\/01\/SCB-HT_E2-3.Pl_-768x480.jpg 768w, https:\/\/einheit-bernburg.de\/content\/wp-content\/uploads\/2025\/01\/SCB-HT_E2-3.Pl_-1080x675.jpg 1080w, https:\/\/einheit-bernburg.de\/content\/wp-content\/uploads\/2025\/01\/SCB-HT_E2-3.Pl_.jpg 1441w\" sizes=\"(max-width: 300px) 100vw, 300px\"><\/noscript><img decoding=\"async\" class=\"alignnone size-medium wp-image-40050 lazyload\" src=\"data:image\/svg+xml,%3Csvg%20xmlns%3D%22http%3A%2F%2Fwww.w3.org%2F2000%2Fsvg%22%20viewBox%3D%220%200%20300%20188%22%3E%3C%2Fsvg%3E\" alt width=\"300\" height=\"188\" srcset=\"data:image\/svg+xml,%3Csvg%20xmlns%3D%22http%3A%2F%2Fwww.w3.org%2F2000%2Fsvg%22%20viewBox%3D%220%200%20300%20188%22%3E%3C%2Fsvg%3E 300w\" sizes=\"(max-width: 300px) 100vw, 300px\" data-srcset=\"https:\/\/einheit-bernburg.de\/content\/wp-content\/uploads\/2025\/01\/SCB-HT_E2-3.Pl_-300x188.jpg 300w, https:\/\/einheit-bernburg.de\/content\/wp-content\/uploads\/2025\/01\/SCB-HT_E2-3.Pl_-1024x640.jpg 1024w, https:\/\/einheit-bernburg.de\/content\/wp-content\/uploads\/2025\/01\/SCB-HT_E2-3.Pl_-768x480.jpg 768w, https:\/\/einheit-bernburg.de\/content\/wp-content\/uploads\/2025\/01\/SCB-HT_E2-3.Pl_-1080x675.jpg 1080w, https:\/\/einheit-bernburg.de\/content\/wp-content\/uploads\/2025\/01\/SCB-HT_E2-3.Pl_.jpg 1441w\" data-src=\"https:\/\/einheit-bernburg.de\/content\/wp-content\/uploads\/2025\/01\/SCB-HT_E2-3.Pl_-300x188.jpg\"><\/a><\/p>\n<p><strong>Verdienter 3. Platz!!<\/strong><br>\nDas Halbfinale leider verschlafen \/ den Bolzen in der Hose \ud83d\ude42 !<br>\nTrotzdem erreichte das Team einen sehr guten 3. Platz bei einem stark besetzen Turnier!<br>\nVielen Dank an den Gastgeber \ud83d\ude42 !<\/p>\n<p><strong>Kader<\/strong><br>\nLeon, Michel, Alexander, Oliver, Finn, Taras, Jan-Luis, Lennart, Oskar, Bennet<\/p>\n<p><a href=\"https:\/\/einheit-bernburg.de\/content\/wp-content\/uploads\/2025\/01\/Ergebnisuebersicht-3.pdf\"><strong>Ergebnis\u00fcbersicht<\/strong><\/a><\/p>\n<p><strong>Teilnehmer:<\/strong><br>\n<strong>1.<\/strong>SC Bernburg II &#8211; A, <strong>2.<\/strong>SG 1845 Reppichau, <strong>3,<\/strong>Einheit Bernburg II., <strong>4.<\/strong>Union SBK U10,<br>\n<strong>5.<\/strong>SC Bernburg II &#8211; B , <strong>6.<\/strong>SV Pl\u00f6tzkau 1921, <strong>7.<\/strong>SG Egelner &#8211; Mulde, <strong>8.<\/strong>SV 08 Baalberge,<\/p>\n<hr>\n<p><strong><span style=\"text-decoration: underline;\">04.01.2025 &#8211; Hallenturnier <\/span><\/strong><span style=\"text-decoration: underline;\">beim<\/span><strong><span style=\"text-decoration: underline;\"> Magdeburger SV B\u00f6rde E2-Junioren &#8211; 3.Platz<\/span><\/strong><br>\nBeginn: <strong>09:00 Uhr<\/strong>&nbsp; Anreise: ab 08:15 Uhr<br>\n<a href=\"https:\/\/einheit-bernburg.de\/content\/wp-content\/uploads\/2025\/01\/1.jpg\"><noscript><img decoding=\"async\" class=\"alignnone size-medium wp-image-39762\" src=\"https:\/\/einheit-bernburg.de\/content\/wp-content\/uploads\/2025\/01\/1-300x199.jpg\" alt width=\"300\" height=\"199\" srcset=\"https:\/\/einheit-bernburg.de\/content\/wp-content\/uploads\/2025\/01\/1-300x199.jpg 300w, https:\/\/einheit-bernburg.de\/content\/wp-content\/uploads\/2025\/01\/1-768x511.jpg 768w, https:\/\/einheit-bernburg.de\/content\/wp-content\/uploads\/2025\/01\/1.jpg 952w\" sizes=\"(max-width: 300px) 100vw, 300px\"><\/noscript><img decoding=\"async\" class=\"alignnone size-medium wp-image-39762 lazyload\" src=\"data:image\/svg+xml,%3Csvg%20xmlns%3D%22http%3A%2F%2Fwww.w3.org%2F2000%2Fsvg%22%20viewBox%3D%220%200%20300%20199%22%3E%3C%2Fsvg%3E\" alt width=\"300\" height=\"199\" srcset=\"data:image\/svg+xml,%3Csvg%20xmlns%3D%22http%3A%2F%2Fwww.w3.org%2F2000%2Fsvg%22%20viewBox%3D%220%200%20300%20199%22%3E%3C%2Fsvg%3E 300w\" sizes=\"(max-width: 300px) 100vw, 300px\" data-srcset=\"https:\/\/einheit-bernburg.de\/content\/wp-content\/uploads\/2025\/01\/1-300x199.jpg 300w, https:\/\/einheit-bernburg.de\/content\/wp-content\/uploads\/2025\/01\/1-768x511.jpg 768w, https:\/\/einheit-bernburg.de\/content\/wp-content\/uploads\/2025\/01\/1.jpg 952w\" data-src=\"https:\/\/einheit-bernburg.de\/content\/wp-content\/uploads\/2025\/01\/1-300x199.jpg\"><\/a><\/p>\n<p><strong>Solide Leistung &#8211; 3.Platz<\/strong><br>\nEs war ein gut organisiertes Turnier mit relativ gleichwertigen Mannschaften.<br>\nSpielerisch hat es bei uns ein wenig gehapert, aber haben dennoch das m\u00f6glichste rausgeholt. Die zwei relativ &#8222;Neuen&#8220; (Jan und Johan) haben ihr Ding gemacht und uns positiv \u00fcberrascht. Leon war stark im Kasten am Halten und bei den restlichen ging es so lala. Aber es gibt Schlimmeres&#8230;.<br>\nAnsonsten starten wir ab Dienstag mit dem Trainingsbetrieb von E und G in der Goethe-Schule&#8230;.<\/p>\n<p><strong>Es spielten:<\/strong> Leon, Michel, Oliver, Johan, Jan, Alexander, Noah, Yannik<br>\n<a href=\"https:\/\/einheit-bernburg.de\/content\/wp-content\/uploads\/2025\/01\/Ergebnisuebersicht-MSV-Boerde-E2.pdf\">Ergebnis\u00fcbersicht<\/a>&nbsp; \/ &nbsp;<a href=\"https:\/\/einheit-bernburg.de\/content\/wp-content\/uploads\/2024\/12\/Turnierregeln-2024-25-1.pdf\">Turnierregeln 2024-25-1<\/a><\/p>\n<p><strong>Anreise:<br>\n<\/strong>Adresse Sporthalle: BBS Dr. Otto Schlein, Alt Westerh\u00fcsen 51-52, 39122 Magdeburg<\/p>\n<hr>\n<h3>Weihnachtsfeier 2024<\/h3>\n<p><a href=\"https:\/\/einheit-bernburg.de\/content\/wp-content\/uploads\/2024\/12\/E2-Weihnachtsfeier_21.12.24-1.jpg\"><noscript><img decoding=\"async\" class=\"alignnone wp-image-39618\" src=\"https:\/\/einheit-bernburg.de\/content\/wp-content\/uploads\/2024\/12\/E2-Weihnachtsfeier_21.12.24-1-300x197.jpg\" alt width=\"204\" height=\"134\" srcset=\"https:\/\/einheit-bernburg.de\/content\/wp-content\/uploads\/2024\/12\/E2-Weihnachtsfeier_21.12.24-1-300x197.jpg 300w, https:\/\/einheit-bernburg.de\/content\/wp-content\/uploads\/2024\/12\/E2-Weihnachtsfeier_21.12.24-1-1024x672.jpg 1024w, https:\/\/einheit-bernburg.de\/content\/wp-content\/uploads\/2024\/12\/E2-Weihnachtsfeier_21.12.24-1-768x504.jpg 768w, https:\/\/einheit-bernburg.de\/content\/wp-content\/uploads\/2024\/12\/E2-Weihnachtsfeier_21.12.24-1-1080x709.jpg 1080w, https:\/\/einheit-bernburg.de\/content\/wp-content\/uploads\/2024\/12\/E2-Weihnachtsfeier_21.12.24-1.jpg 1500w\" sizes=\"(max-width: 204px) 100vw, 204px\"><\/noscript><img decoding=\"async\" class=\"alignnone wp-image-39618 lazyload\" src=\"data:image\/svg+xml,%3Csvg%20xmlns%3D%22http%3A%2F%2Fwww.w3.org%2F2000%2Fsvg%22%20viewBox%3D%220%200%20204%20134%22%3E%3C%2Fsvg%3E\" alt width=\"204\" height=\"134\" srcset=\"data:image\/svg+xml,%3Csvg%20xmlns%3D%22http%3A%2F%2Fwww.w3.org%2F2000%2Fsvg%22%20viewBox%3D%220%200%20204%20134%22%3E%3C%2Fsvg%3E 204w\" sizes=\"(max-width: 204px) 100vw, 204px\" data-srcset=\"https:\/\/einheit-bernburg.de\/content\/wp-content\/uploads\/2024\/12\/E2-Weihnachtsfeier_21.12.24-1-300x197.jpg 300w, https:\/\/einheit-bernburg.de\/content\/wp-content\/uploads\/2024\/12\/E2-Weihnachtsfeier_21.12.24-1-1024x672.jpg 1024w, https:\/\/einheit-bernburg.de\/content\/wp-content\/uploads\/2024\/12\/E2-Weihnachtsfeier_21.12.24-1-768x504.jpg 768w, https:\/\/einheit-bernburg.de\/content\/wp-content\/uploads\/2024\/12\/E2-Weihnachtsfeier_21.12.24-1-1080x709.jpg 1080w, https:\/\/einheit-bernburg.de\/content\/wp-content\/uploads\/2024\/12\/E2-Weihnachtsfeier_21.12.24-1.jpg 1500w\" data-src=\"https:\/\/einheit-bernburg.de\/content\/wp-content\/uploads\/2024\/12\/E2-Weihnachtsfeier_21.12.24-1-300x197.jpg\"><\/a><a href=\"https:\/\/einheit-bernburg.de\/content\/wp-content\/uploads\/2024\/12\/E2-Weihnachtsfeier_21.12.24-3.jpg\"> <noscript><img decoding=\"async\" class=\"alignnone wp-image-39620\" src=\"https:\/\/einheit-bernburg.de\/content\/wp-content\/uploads\/2024\/12\/E2-Weihnachtsfeier_21.12.24-3-225x300.jpg\" alt width=\"101\" height=\"135\" srcset=\"https:\/\/einheit-bernburg.de\/content\/wp-content\/uploads\/2024\/12\/E2-Weihnachtsfeier_21.12.24-3-225x300.jpg 225w, https:\/\/einheit-bernburg.de\/content\/wp-content\/uploads\/2024\/12\/E2-Weihnachtsfeier_21.12.24-3-768x1024.jpg 768w, https:\/\/einheit-bernburg.de\/content\/wp-content\/uploads\/2024\/12\/E2-Weihnachtsfeier_21.12.24-3-1080x1440.jpg 1080w, https:\/\/einheit-bernburg.de\/content\/wp-content\/uploads\/2024\/12\/E2-Weihnachtsfeier_21.12.24-3.jpg 1125w\" sizes=\"(max-width: 101px) 100vw, 101px\"><\/noscript><img decoding=\"async\" class=\"alignnone wp-image-39620 lazyload\" src=\"data:image\/svg+xml,%3Csvg%20xmlns%3D%22http%3A%2F%2Fwww.w3.org%2F2000%2Fsvg%22%20viewBox%3D%220%200%20101%20135%22%3E%3C%2Fsvg%3E\" alt width=\"101\" height=\"135\" srcset=\"data:image\/svg+xml,%3Csvg%20xmlns%3D%22http%3A%2F%2Fwww.w3.org%2F2000%2Fsvg%22%20viewBox%3D%220%200%20101%20135%22%3E%3C%2Fsvg%3E 101w\" sizes=\"(max-width: 101px) 100vw, 101px\" data-srcset=\"https:\/\/einheit-bernburg.de\/content\/wp-content\/uploads\/2024\/12\/E2-Weihnachtsfeier_21.12.24-3-225x300.jpg 225w, https:\/\/einheit-bernburg.de\/content\/wp-content\/uploads\/2024\/12\/E2-Weihnachtsfeier_21.12.24-3-768x1024.jpg 768w, https:\/\/einheit-bernburg.de\/content\/wp-content\/uploads\/2024\/12\/E2-Weihnachtsfeier_21.12.24-3-1080x1440.jpg 1080w, https:\/\/einheit-bernburg.de\/content\/wp-content\/uploads\/2024\/12\/E2-Weihnachtsfeier_21.12.24-3.jpg 1125w\" data-src=\"https:\/\/einheit-bernburg.de\/content\/wp-content\/uploads\/2024\/12\/E2-Weihnachtsfeier_21.12.24-3-225x300.jpg\"> <\/a><a href=\"https:\/\/einheit-bernburg.de\/content\/wp-content\/uploads\/2024\/12\/E2-Weihnachtsfeier_21.12.24-4.jpg\"><noscript><img decoding=\"async\" class=\"alignnone wp-image-39621\" src=\"https:\/\/einheit-bernburg.de\/content\/wp-content\/uploads\/2024\/12\/E2-Weihnachtsfeier_21.12.24-4-254x300.jpg\" alt width=\"114\" height=\"135\" srcset=\"https:\/\/einheit-bernburg.de\/content\/wp-content\/uploads\/2024\/12\/E2-Weihnachtsfeier_21.12.24-4-254x300.jpg 254w, https:\/\/einheit-bernburg.de\/content\/wp-content\/uploads\/2024\/12\/E2-Weihnachtsfeier_21.12.24-4-868x1024.jpg 868w, https:\/\/einheit-bernburg.de\/content\/wp-content\/uploads\/2024\/12\/E2-Weihnachtsfeier_21.12.24-4-768x906.jpg 768w, https:\/\/einheit-bernburg.de\/content\/wp-content\/uploads\/2024\/12\/E2-Weihnachtsfeier_21.12.24-4-1080x1274.jpg 1080w, https:\/\/einheit-bernburg.de\/content\/wp-content\/uploads\/2024\/12\/E2-Weihnachtsfeier_21.12.24-4.jpg 1272w\" sizes=\"(max-width: 114px) 100vw, 114px\"><\/noscript><img decoding=\"async\" class=\"alignnone wp-image-39621 lazyload\" src=\"data:image\/svg+xml,%3Csvg%20xmlns%3D%22http%3A%2F%2Fwww.w3.org%2F2000%2Fsvg%22%20viewBox%3D%220%200%20114%20135%22%3E%3C%2Fsvg%3E\" alt width=\"114\" height=\"135\" srcset=\"data:image\/svg+xml,%3Csvg%20xmlns%3D%22http%3A%2F%2Fwww.w3.org%2F2000%2Fsvg%22%20viewBox%3D%220%200%20114%20135%22%3E%3C%2Fsvg%3E 114w\" sizes=\"(max-width: 114px) 100vw, 114px\" data-srcset=\"https:\/\/einheit-bernburg.de\/content\/wp-content\/uploads\/2024\/12\/E2-Weihnachtsfeier_21.12.24-4-254x300.jpg 254w, https:\/\/einheit-bernburg.de\/content\/wp-content\/uploads\/2024\/12\/E2-Weihnachtsfeier_21.12.24-4-868x1024.jpg 868w, https:\/\/einheit-bernburg.de\/content\/wp-content\/uploads\/2024\/12\/E2-Weihnachtsfeier_21.12.24-4-768x906.jpg 768w, https:\/\/einheit-bernburg.de\/content\/wp-content\/uploads\/2024\/12\/E2-Weihnachtsfeier_21.12.24-4-1080x1274.jpg 1080w, https:\/\/einheit-bernburg.de\/content\/wp-content\/uploads\/2024\/12\/E2-Weihnachtsfeier_21.12.24-4.jpg 1272w\" data-src=\"https:\/\/einheit-bernburg.de\/content\/wp-content\/uploads\/2024\/12\/E2-Weihnachtsfeier_21.12.24-4-254x300.jpg\"> <\/a><a href=\"https:\/\/einheit-bernburg.de\/content\/wp-content\/uploads\/2024\/12\/E2-Weihnachtsfeier_21.12.24-2.jpg\"><noscript><img decoding=\"async\" class=\"alignnone wp-image-39619\" src=\"https:\/\/einheit-bernburg.de\/content\/wp-content\/uploads\/2024\/12\/E2-Weihnachtsfeier_21.12.24-2-300x198.jpg\" alt width=\"205\" height=\"135\" srcset=\"https:\/\/einheit-bernburg.de\/content\/wp-content\/uploads\/2024\/12\/E2-Weihnachtsfeier_21.12.24-2-300x198.jpg 300w, https:\/\/einheit-bernburg.de\/content\/wp-content\/uploads\/2024\/12\/E2-Weihnachtsfeier_21.12.24-2-1024x677.jpg 1024w, https:\/\/einheit-bernburg.de\/content\/wp-content\/uploads\/2024\/12\/E2-Weihnachtsfeier_21.12.24-2-768x508.jpg 768w, https:\/\/einheit-bernburg.de\/content\/wp-content\/uploads\/2024\/12\/E2-Weihnachtsfeier_21.12.24-2-1080x714.jpg 1080w, https:\/\/einheit-bernburg.de\/content\/wp-content\/uploads\/2024\/12\/E2-Weihnachtsfeier_21.12.24-2.jpg 1500w\" sizes=\"(max-width: 205px) 100vw, 205px\"><\/noscript><img decoding=\"async\" class=\"alignnone wp-image-39619 lazyload\" src=\"data:image\/svg+xml,%3Csvg%20xmlns%3D%22http%3A%2F%2Fwww.w3.org%2F2000%2Fsvg%22%20viewBox%3D%220%200%20205%20135%22%3E%3C%2Fsvg%3E\" alt width=\"205\" height=\"135\" srcset=\"data:image\/svg+xml,%3Csvg%20xmlns%3D%22http%3A%2F%2Fwww.w3.org%2F2000%2Fsvg%22%20viewBox%3D%220%200%20205%20135%22%3E%3C%2Fsvg%3E 205w\" sizes=\"(max-width: 205px) 100vw, 205px\" data-srcset=\"https:\/\/einheit-bernburg.de\/content\/wp-content\/uploads\/2024\/12\/E2-Weihnachtsfeier_21.12.24-2-300x198.jpg 300w, https:\/\/einheit-bernburg.de\/content\/wp-content\/uploads\/2024\/12\/E2-Weihnachtsfeier_21.12.24-2-1024x677.jpg 1024w, https:\/\/einheit-bernburg.de\/content\/wp-content\/uploads\/2024\/12\/E2-Weihnachtsfeier_21.12.24-2-768x508.jpg 768w, https:\/\/einheit-bernburg.de\/content\/wp-content\/uploads\/2024\/12\/E2-Weihnachtsfeier_21.12.24-2-1080x714.jpg 1080w, https:\/\/einheit-bernburg.de\/content\/wp-content\/uploads\/2024\/12\/E2-Weihnachtsfeier_21.12.24-2.jpg 1500w\" data-src=\"https:\/\/einheit-bernburg.de\/content\/wp-content\/uploads\/2024\/12\/E2-Weihnachtsfeier_21.12.24-2-300x198.jpg\"><\/a><\/p>\n<p>Die Weihnachtsfeier unseren E2 Kids fand wieder traditionell in der Pei\u00dfener Feuerwehr\/Kegelbahn statt!<br>\nAb 17 Uhr stand der Spa\u00df, trotz der schlimmen Ereignisse am 20.12.2024, im Vordergrund!<br>\nEs durfte gekegelt werden, duelliert wurde sich beim 4 gewinnt oder Mensch \u00e4rgere dich nicht oder die Kids haben einfach mal wie in guten alten Zeiten &#8222;Suche&#8220; gespielt!<br>\nVerk\u00f6stigt wurden wir durch leckeres Grillgut, Dank an Daniel Pega Firma Conrad und Salate der Muttis!<br>\nNat\u00fcrlich waren die Kinder auch aufgeregt,ob denn der Weihnachtsmann noch auftaucht!?!?<br>\nRauchende K\u00f6pfe, hinhalten der Kinder bis es dann so weit war!<br>\nAls Belohnung f\u00fcr die tolle Hinrunde und die flei\u00dfige Trainingsbeteiligung gab es eine Winterm\u00fctze. Vielen Dank an Ulf J\u00f6rdens f\u00fcr das Sponsoring und Pullis zum warmmachen!<br>\nAlle Kinder kamen auf ihre Kosten, es wurde viel gelacht und der ein oder andere Moment wurde nochmal ausgewertet!<br>\nAb 20.30 hie\u00df es dann auch f\u00fcr die Eltern, Dazugesellen bei Bier, Radler oder Sekt! Sch\u00f6n zusehen was wir doch f\u00fcr eine geile Einheit sind!<\/p>\n<div>\n<p>Bedanken m\u00f6chten wir uns ganz herzlich bei den Vorst\u00e4nden des SV Einheit Bernburg und des SV Eintacht Blau Gelb Pei\u00dfen.<\/p>\n<div>Weiterer Dank gilt:<\/div>\n<div>Lothar Kral,der uns f\u00fcr Rat und Tat zur Seite steht (sei nicht immer so streng mit uns;)<\/div>\n<div>Andreas Stein &#8211; Unterst\u00fctzung bei jedem Spiel der Kinder mit Obst, Brause, S\u00fc\u00dfes oder Geldspenden.<\/div>\n<div>Den Eltern, die immer dabei sind, sei es als Fahrer, f\u00fcr den Traingsaufbau oder kleinere Snacks!<\/div>\n<div>Marcel &#8222;Kurte&#8220; Wiedensee f\u00fcr das finanzielle Sponsoring und die Hilfe wenn mal Not am Mann beim Training ist!<\/div>\n<div>Und letztendlich auch bei Madlen und Anja die Woche f\u00fcr Woche die Trikots waschen und es uns verzeihen, dass wir doch das ein oder andere mal auf dem Fu\u00dfballplatz sind!<\/div>\n<div>Wir w\u00fcnschen allen ein Frohes Fest und einen Guten Rutsch ins neue Jahr!<\/div>\n<div>Eure E2<\/div>\n<hr>\n<\/div>\n<h3>Hallenkreismeisterschaft 2024\/25<\/h3>\n<p>Die Spiele im Freien sind f\u00fcr das Jahr 2024 erstmal vorbei und werden im M\u00e4rz 2025 fortgesetzt.<br>\nJetzt stehen Vor &#8211; u. Endrunden der HKM, sowie evtl. auch andere Hallenturniere an.<\/p>\n<p><a href=\"https:\/\/einheit-bernburg.de\/content\/wp-content\/uploads\/2024\/11\/Ausschreibung-HKM-2024-25-E-Junioren-1.pdf\">Ausschreibung HKM 2024-25 E Junioren<\/a><br>\n<em>Die Spielst\u00e4rke bei den E &#8211; Junioren betr\u00e4gt, entgegen dieser Ausschreibung, <strong>1 Torwart u. 5 Feldspieler<\/strong>. Alles Andere ist korrekt.<\/em><\/p>\n<p><span style=\"text-decoration: underline;\"><strong>HKM-Vorrunde der E2-Junioren:<\/strong><\/span><br>\nSonntag,<strong> 08.12.2024<\/strong> Beginn: <strong>14:00<\/strong> <strong>Uhr<\/strong> &#8211; WEMA-Sporthalle Aschersleben<br>\nAnreise: 13:15 Uhr<\/p>\n<p><strong>Teilnehmer Staffel B \/ 2:<\/strong><br>\n<strong>1.<\/strong>Union Sch\u00f6nebeck, <strong>2.<\/strong>SG Egelner Mulde, <strong>3.<\/strong>SC Bernburg II.,<br>\n<strong>4.<\/strong>Einheit Bernburg II., <strong>5.<\/strong>SG Alsleben\/Ilberstedt<br>\n<em>Die Pl\u00e4tze 1 u. 2 qualifizieren sich f\u00fcr die Endrunde<br>\n<a href=\"https:\/\/www.fussball.de\/spieltagsuebersicht\/hallenturnier-kreis-salzland-e-junioren-hallen-kreisturnier-e-junioren-saison2425-sachsen-anhalt\/-\/staffel\/02PSA895F4000000VS5489B2VSE05932-C#!\/\">(Alle Spiele &#8211; alle Staffeln \/ Tabellen)<\/a><\/em><\/p>\n<hr>\n<p><span style=\"text-decoration: underline;\"><strong>06.12.2024 Nikolaus &#8211; Wintermarkt in Pei\u00dfen-Sportplatz<br>\n<a href=\"https:\/\/einheit-bernburg.de\/content\/wp-content\/uploads\/2024\/12\/Wintermarkt-E2-u.-F-Jun.-1_6.12.24.jpg\"><noscript><img decoding=\"async\" class=\"alignnone wp-image-39479\" src=\"https:\/\/einheit-bernburg.de\/content\/wp-content\/uploads\/2024\/12\/Wintermarkt-E2-u.-F-Jun.-1_6.12.24-300x225.jpg\" alt width=\"248\" height=\"186\" srcset=\"https:\/\/einheit-bernburg.de\/content\/wp-content\/uploads\/2024\/12\/Wintermarkt-E2-u.-F-Jun.-1_6.12.24-300x225.jpg 300w, https:\/\/einheit-bernburg.de\/content\/wp-content\/uploads\/2024\/12\/Wintermarkt-E2-u.-F-Jun.-1_6.12.24-1024x768.jpg 1024w, https:\/\/einheit-bernburg.de\/content\/wp-content\/uploads\/2024\/12\/Wintermarkt-E2-u.-F-Jun.-1_6.12.24-768x576.jpg 768w, https:\/\/einheit-bernburg.de\/content\/wp-content\/uploads\/2024\/12\/Wintermarkt-E2-u.-F-Jun.-1_6.12.24-1080x810.jpg 1080w, https:\/\/einheit-bernburg.de\/content\/wp-content\/uploads\/2024\/12\/Wintermarkt-E2-u.-F-Jun.-1_6.12.24.jpg 1400w\" sizes=\"(max-width: 248px) 100vw, 248px\"><\/noscript><img decoding=\"async\" class=\"alignnone wp-image-39479 lazyload\" src=\"data:image\/svg+xml,%3Csvg%20xmlns%3D%22http%3A%2F%2Fwww.w3.org%2F2000%2Fsvg%22%20viewBox%3D%220%200%20248%20186%22%3E%3C%2Fsvg%3E\" alt width=\"248\" height=\"186\" srcset=\"data:image\/svg+xml,%3Csvg%20xmlns%3D%22http%3A%2F%2Fwww.w3.org%2F2000%2Fsvg%22%20viewBox%3D%220%200%20248%20186%22%3E%3C%2Fsvg%3E 248w\" sizes=\"(max-width: 248px) 100vw, 248px\" data-srcset=\"https:\/\/einheit-bernburg.de\/content\/wp-content\/uploads\/2024\/12\/Wintermarkt-E2-u.-F-Jun.-1_6.12.24-300x225.jpg 300w, https:\/\/einheit-bernburg.de\/content\/wp-content\/uploads\/2024\/12\/Wintermarkt-E2-u.-F-Jun.-1_6.12.24-1024x768.jpg 1024w, https:\/\/einheit-bernburg.de\/content\/wp-content\/uploads\/2024\/12\/Wintermarkt-E2-u.-F-Jun.-1_6.12.24-768x576.jpg 768w, https:\/\/einheit-bernburg.de\/content\/wp-content\/uploads\/2024\/12\/Wintermarkt-E2-u.-F-Jun.-1_6.12.24-1080x810.jpg 1080w, https:\/\/einheit-bernburg.de\/content\/wp-content\/uploads\/2024\/12\/Wintermarkt-E2-u.-F-Jun.-1_6.12.24.jpg 1400w\" data-src=\"https:\/\/einheit-bernburg.de\/content\/wp-content\/uploads\/2024\/12\/Wintermarkt-E2-u.-F-Jun.-1_6.12.24-300x225.jpg\"> <\/a><a href=\"https:\/\/einheit-bernburg.de\/content\/wp-content\/uploads\/2024\/12\/Wintermarkt-E2-u.-F-Jun.-2_6.12.24.jpg\"><noscript><img decoding=\"async\" class=\"alignnone wp-image-39480\" src=\"https:\/\/einheit-bernburg.de\/content\/wp-content\/uploads\/2024\/12\/Wintermarkt-E2-u.-F-Jun.-2_6.12.24-300x225.jpg\" alt width=\"247\" height=\"185\" srcset=\"https:\/\/einheit-bernburg.de\/content\/wp-content\/uploads\/2024\/12\/Wintermarkt-E2-u.-F-Jun.-2_6.12.24-300x225.jpg 300w, https:\/\/einheit-bernburg.de\/content\/wp-content\/uploads\/2024\/12\/Wintermarkt-E2-u.-F-Jun.-2_6.12.24-1024x768.jpg 1024w, https:\/\/einheit-bernburg.de\/content\/wp-content\/uploads\/2024\/12\/Wintermarkt-E2-u.-F-Jun.-2_6.12.24-768x576.jpg 768w, https:\/\/einheit-bernburg.de\/content\/wp-content\/uploads\/2024\/12\/Wintermarkt-E2-u.-F-Jun.-2_6.12.24-1080x810.jpg 1080w, https:\/\/einheit-bernburg.de\/content\/wp-content\/uploads\/2024\/12\/Wintermarkt-E2-u.-F-Jun.-2_6.12.24.jpg 1400w\" sizes=\"(max-width: 247px) 100vw, 247px\"><\/noscript><img decoding=\"async\" class=\"alignnone wp-image-39480 lazyload\" src=\"data:image\/svg+xml,%3Csvg%20xmlns%3D%22http%3A%2F%2Fwww.w3.org%2F2000%2Fsvg%22%20viewBox%3D%220%200%20247%20185%22%3E%3C%2Fsvg%3E\" alt width=\"247\" height=\"185\" srcset=\"data:image\/svg+xml,%3Csvg%20xmlns%3D%22http%3A%2F%2Fwww.w3.org%2F2000%2Fsvg%22%20viewBox%3D%220%200%20247%20185%22%3E%3C%2Fsvg%3E 247w\" sizes=\"(max-width: 247px) 100vw, 247px\" data-srcset=\"https:\/\/einheit-bernburg.de\/content\/wp-content\/uploads\/2024\/12\/Wintermarkt-E2-u.-F-Jun.-2_6.12.24-300x225.jpg 300w, https:\/\/einheit-bernburg.de\/content\/wp-content\/uploads\/2024\/12\/Wintermarkt-E2-u.-F-Jun.-2_6.12.24-1024x768.jpg 1024w, https:\/\/einheit-bernburg.de\/content\/wp-content\/uploads\/2024\/12\/Wintermarkt-E2-u.-F-Jun.-2_6.12.24-768x576.jpg 768w, https:\/\/einheit-bernburg.de\/content\/wp-content\/uploads\/2024\/12\/Wintermarkt-E2-u.-F-Jun.-2_6.12.24-1080x810.jpg 1080w, https:\/\/einheit-bernburg.de\/content\/wp-content\/uploads\/2024\/12\/Wintermarkt-E2-u.-F-Jun.-2_6.12.24.jpg 1400w\" data-src=\"https:\/\/einheit-bernburg.de\/content\/wp-content\/uploads\/2024\/12\/Wintermarkt-E2-u.-F-Jun.-2_6.12.24-300x225.jpg\"><\/a> <a href=\"https:\/\/einheit-bernburg.de\/content\/wp-content\/uploads\/2024\/12\/Wintermarkt-E2-u.-F-Jun.-3_6.12.24-1.jpg\"><noscript><img decoding=\"async\" class=\"alignnone wp-image-39482\" src=\"https:\/\/einheit-bernburg.de\/content\/wp-content\/uploads\/2024\/12\/Wintermarkt-E2-u.-F-Jun.-3_6.12.24-1-300x269.jpg\" alt width=\"207\" height=\"186\" srcset=\"https:\/\/einheit-bernburg.de\/content\/wp-content\/uploads\/2024\/12\/Wintermarkt-E2-u.-F-Jun.-3_6.12.24-1-300x269.jpg 300w, https:\/\/einheit-bernburg.de\/content\/wp-content\/uploads\/2024\/12\/Wintermarkt-E2-u.-F-Jun.-3_6.12.24-1-1024x917.jpg 1024w, https:\/\/einheit-bernburg.de\/content\/wp-content\/uploads\/2024\/12\/Wintermarkt-E2-u.-F-Jun.-3_6.12.24-1-768x688.jpg 768w, https:\/\/einheit-bernburg.de\/content\/wp-content\/uploads\/2024\/12\/Wintermarkt-E2-u.-F-Jun.-3_6.12.24-1-1080x968.jpg 1080w, https:\/\/einheit-bernburg.de\/content\/wp-content\/uploads\/2024\/12\/Wintermarkt-E2-u.-F-Jun.-3_6.12.24-1.jpg 1422w\" sizes=\"(max-width: 207px) 100vw, 207px\"><\/noscript><img decoding=\"async\" class=\"alignnone wp-image-39482 lazyload\" src=\"data:image\/svg+xml,%3Csvg%20xmlns%3D%22http%3A%2F%2Fwww.w3.org%2F2000%2Fsvg%22%20viewBox%3D%220%200%20207%20186%22%3E%3C%2Fsvg%3E\" alt width=\"207\" height=\"186\" srcset=\"data:image\/svg+xml,%3Csvg%20xmlns%3D%22http%3A%2F%2Fwww.w3.org%2F2000%2Fsvg%22%20viewBox%3D%220%200%20207%20186%22%3E%3C%2Fsvg%3E 207w\" sizes=\"(max-width: 207px) 100vw, 207px\" data-srcset=\"https:\/\/einheit-bernburg.de\/content\/wp-content\/uploads\/2024\/12\/Wintermarkt-E2-u.-F-Jun.-3_6.12.24-1-300x269.jpg 300w, https:\/\/einheit-bernburg.de\/content\/wp-content\/uploads\/2024\/12\/Wintermarkt-E2-u.-F-Jun.-3_6.12.24-1-1024x917.jpg 1024w, https:\/\/einheit-bernburg.de\/content\/wp-content\/uploads\/2024\/12\/Wintermarkt-E2-u.-F-Jun.-3_6.12.24-1-768x688.jpg 768w, https:\/\/einheit-bernburg.de\/content\/wp-content\/uploads\/2024\/12\/Wintermarkt-E2-u.-F-Jun.-3_6.12.24-1-1080x968.jpg 1080w, https:\/\/einheit-bernburg.de\/content\/wp-content\/uploads\/2024\/12\/Wintermarkt-E2-u.-F-Jun.-3_6.12.24-1.jpg 1422w\" data-src=\"https:\/\/einheit-bernburg.de\/content\/wp-content\/uploads\/2024\/12\/Wintermarkt-E2-u.-F-Jun.-3_6.12.24-1-300x269.jpg\"><\/a><\/strong><\/span><br>\nZum Nikolaustag trafen wir uns wieder zum Kicken und gem\u00fctlichen Beisammensein! Testspielgegner waren die Jungs und M\u00e4dels aus Baalberge! Bei herrlichen Partien auf dem Kunstrasen kamen alle Kids auf ihre Kosten! Musikalisch, gab es noch ein St\u00e4ndchen vom Spielmannzug, bevor der Weihnachtsmann anreiste und die Kinder beschenkte! Den restlichen Abend haben wir dann mit lecker Bratwurst, Gl\u00fchwein und anderen Leckereien ausklingen lassen!<br>\nVielen Dank den Gastebern.<\/p>\n<div>\n<div class=\"yahoo-compose-assist-image-card ymail-android-inline-img-container ymail-card\"><\/div>\n<\/div>\n<hr>\n<h3>Meisterrunde E-Junioren<\/h3>\n<p>Die Spiele der 6 Vorrundenstaffeln bei den E-Junioren sind beendet. Die beiden Mannschaften des SV Einheit Bernburg setzten sich dabei in ihren Staffeln ohne Verlustpunkt als Sieger (E1 &#8211; St.4 \/ E2 &#8211; St.6) durch und haben sich damit f\u00fcr die Meisterrunde qualifiziert. Das ist schon jetzt eine gro\u00dfartige Leistung beider Teams. Nun werden sie sich mit den anderen vier Staffelsiegern in wahrscheinlich vielen sehr spannenden Spielen messen und um den Kreismeistertitel 2024\/25 k\u00e4mpfen.<br>\nDa Einheit mit 2 Mannschaften qualifiziert ist, bestreiten diese beiden Teams ihr erstes Spiele gegeneinander. Die ersten Spiele finden noch in diesem Jahr, an den ersten beiden Wochenenden im November statt, dann geht&#8217;s ab Mitte M\u00e4rz 2025 weiter.<\/p>\n<p><span style=\"text-decoration: underline;\"><strong>06.11.2024<\/strong> Ansto\u00df: <strong>17:00 Uhr<\/strong> \u2013 Meisterrunde: 2. Spieltag<\/span><strong><br>\n<\/strong>SV Lok Aschersleben II. \u2013 SV Einheit Bernburg II. <strong>2:3 (1:2)<\/strong><\/p>\n<p><strong>Spielort<\/strong>: Kunstrasenplatz, Heinrich &#8211; Heine &#8211; Str., 06449 Aschersleben<\/p>\n<hr>\n<p><span style=\"text-decoration: underline;\"><strong>03.11.2024<\/strong> Ansto\u00df: <strong>10:00 Uhr<\/strong> &#8211; Meisterrunde: 1. Spieltag<\/span><br>\nSV Einheit Bernburg II. &#8211; SV Einheit Bernburg <strong>0:8 (0:2)<\/strong><br>\n<a href=\"https:\/\/einheit-bernburg.de\/content\/wp-content\/uploads\/2024\/11\/7.jpg\"><noscript><img decoding=\"async\" class=\"alignnone size-medium wp-image-39150\" src=\"https:\/\/einheit-bernburg.de\/content\/wp-content\/uploads\/2024\/11\/7-300x110.jpg\" alt width=\"300\" height=\"110\" srcset=\"https:\/\/einheit-bernburg.de\/content\/wp-content\/uploads\/2024\/11\/7-300x110.jpg 300w, https:\/\/einheit-bernburg.de\/content\/wp-content\/uploads\/2024\/11\/7-1024x377.jpg 1024w, https:\/\/einheit-bernburg.de\/content\/wp-content\/uploads\/2024\/11\/7-768x283.jpg 768w, https:\/\/einheit-bernburg.de\/content\/wp-content\/uploads\/2024\/11\/7-1080x397.jpg 1080w, https:\/\/einheit-bernburg.de\/content\/wp-content\/uploads\/2024\/11\/7.jpg 1500w\" sizes=\"(max-width: 300px) 100vw, 300px\"><\/noscript><img decoding=\"async\" class=\"alignnone size-medium wp-image-39150 lazyload\" src=\"data:image\/svg+xml,%3Csvg%20xmlns%3D%22http%3A%2F%2Fwww.w3.org%2F2000%2Fsvg%22%20viewBox%3D%220%200%20300%20110%22%3E%3C%2Fsvg%3E\" alt width=\"300\" height=\"110\" srcset=\"data:image\/svg+xml,%3Csvg%20xmlns%3D%22http%3A%2F%2Fwww.w3.org%2F2000%2Fsvg%22%20viewBox%3D%220%200%20300%20110%22%3E%3C%2Fsvg%3E 300w\" sizes=\"(max-width: 300px) 100vw, 300px\" data-srcset=\"https:\/\/einheit-bernburg.de\/content\/wp-content\/uploads\/2024\/11\/7-300x110.jpg 300w, https:\/\/einheit-bernburg.de\/content\/wp-content\/uploads\/2024\/11\/7-1024x377.jpg 1024w, https:\/\/einheit-bernburg.de\/content\/wp-content\/uploads\/2024\/11\/7-768x283.jpg 768w, https:\/\/einheit-bernburg.de\/content\/wp-content\/uploads\/2024\/11\/7-1080x397.jpg 1080w, https:\/\/einheit-bernburg.de\/content\/wp-content\/uploads\/2024\/11\/7.jpg 1500w\" data-src=\"https:\/\/einheit-bernburg.de\/content\/wp-content\/uploads\/2024\/11\/7-300x110.jpg\"> <\/a><a href=\"https:\/\/einheit-bernburg.de\/content\/wp-content\/uploads\/2024\/11\/5.jpg\"><noscript><img decoding=\"async\" class=\"alignnone wp-image-39160\" src=\"https:\/\/einheit-bernburg.de\/content\/wp-content\/uploads\/2024\/11\/5-300x121.jpg\" alt width=\"273\" height=\"110\" srcset=\"https:\/\/einheit-bernburg.de\/content\/wp-content\/uploads\/2024\/11\/5-300x121.jpg 300w, https:\/\/einheit-bernburg.de\/content\/wp-content\/uploads\/2024\/11\/5-1024x413.jpg 1024w, https:\/\/einheit-bernburg.de\/content\/wp-content\/uploads\/2024\/11\/5-768x310.jpg 768w, https:\/\/einheit-bernburg.de\/content\/wp-content\/uploads\/2024\/11\/5-1080x436.jpg 1080w, https:\/\/einheit-bernburg.de\/content\/wp-content\/uploads\/2024\/11\/5.jpg 1500w\" sizes=\"(max-width: 273px) 100vw, 273px\"><\/noscript><img decoding=\"async\" class=\"alignnone wp-image-39160 lazyload\" src=\"data:image\/svg+xml,%3Csvg%20xmlns%3D%22http%3A%2F%2Fwww.w3.org%2F2000%2Fsvg%22%20viewBox%3D%220%200%20273%20110%22%3E%3C%2Fsvg%3E\" alt width=\"273\" height=\"110\" srcset=\"data:image\/svg+xml,%3Csvg%20xmlns%3D%22http%3A%2F%2Fwww.w3.org%2F2000%2Fsvg%22%20viewBox%3D%220%200%20273%20110%22%3E%3C%2Fsvg%3E 273w\" sizes=\"(max-width: 273px) 100vw, 273px\" data-srcset=\"https:\/\/einheit-bernburg.de\/content\/wp-content\/uploads\/2024\/11\/5-300x121.jpg 300w, https:\/\/einheit-bernburg.de\/content\/wp-content\/uploads\/2024\/11\/5-1024x413.jpg 1024w, https:\/\/einheit-bernburg.de\/content\/wp-content\/uploads\/2024\/11\/5-768x310.jpg 768w, https:\/\/einheit-bernburg.de\/content\/wp-content\/uploads\/2024\/11\/5-1080x436.jpg 1080w, https:\/\/einheit-bernburg.de\/content\/wp-content\/uploads\/2024\/11\/5.jpg 1500w\" data-src=\"https:\/\/einheit-bernburg.de\/content\/wp-content\/uploads\/2024\/11\/5-300x121.jpg\"><\/a><\/p>\n<p><strong>E1 &#8211; Junioren werden ihrer Favoritenrolle gerecht<\/strong><br>\nAn diesem Wochenende startete die Meisterrunde der E &#8211; Junioren. Wie angek\u00fcndigt, trafen an dem noch einmal sonnen\u00fcberstrahlten Sonntagmorgen beide Einheitteams auf einander. Die E1 sollte gegen die j\u00fcngeren Rivalen aus dem eigenen Verein.zeigen, dass sie spielerich und l\u00e4uferisch schon etwas weiter sind und die E2 &#8211; Junioren hatten ganz sicher die Aufgabe, sich so gut es geht zu wehren und die E1 mit Kontern etwas zu \u00e4rgern. Das ging vor allem in der ersten Spielh\u00e4lfte auf, auch wenn die E1 sich schon viele gute Torchancen erarbeitete. Die \u00c4teren waren auch bem\u00fcht um spielerische Linie. Letztlich blieben die Oskars, Rubens oder auch Dominiks an der vielbeinig und gut verteidigenden Abwehr h\u00e4ngen und vorm allem am \u00fcberragenden Leon im E2 &#8211; Tor, der bester Mann seines Teams war.<br>\nDas f\u00fchrte dazu, dass es, obwohl die E1 bereits in der 2.Spielminute durch Niklas mit 1:0 in F\u00fchrung ging, es letztlich bis zur Pause nur beim 2:0 f\u00fcr blieb. Auch f\u00fcr das zweite Tor war Niklas (12.) verantwortlich. Die Chancenverwertung also mal wieder&#8230;.. und wer wei\u00df, h\u00e4tte die Zweite einen ihrer zwei &#8211; drei Konter besser nutzen k\u00f6nnen. M\u00f6glichkeiten dazu bekamen die Jungs von R\u00fchli und Flori.<br>\nF\u00fcr die E1 waren die Chancenverwertung und auch das Zusammenspiel miteinander ein Thema, da war Luft nach oben und ist es auch letztlich nach dem Spiel. Aber es gab f\u00fcr die Zuschauer trotzdem einige sch\u00f6ne Spielz\u00fcge zusehen, man denke da besonders an das von hinten heraus, \u00fcber viele Stationen, sehr sch\u00f6n herausgespielte 7:0 durch Oskar. Viele Wechsel hemmen nat\u00fcrlich manchmal auch den Spielflu\u00df, aber die Ersatzspieler sollen und m\u00fcssen auch Einsatzminuten bekommen und ab und zu sind die egoistischen Handlungen einiger Spieler auch noch da, die sie aber auch haben sollen.<br>\nUnsere E2-Junioren sahen sich in der 2.Halbzeit fast stets in ihre Spielh\u00e4lfte gedr\u00e4ngt, ihre Angriffsversuche wurden meist schon im Mittelfeld abgefangen, verteidigten sich aber gut und aufopferungsvoll. Trotzdem h\u00e4tte man doch gern gesehen, wenn ihre starken Angreifer auch mal f\u00fcr Entlastung h\u00e4tten sorgen k\u00f6nnen.<br>\nAm Ende war es ein standesgem\u00e4\u00dfer Sieg der E1, nicht viel mehr, aber auch nicht weniger.<br>\nZur E2 m\u00f6chte ich sagen, lasst die K\u00f6pfe nicht h\u00e4ngen, macht weiter so. Es ist eine gro\u00dfartige Sache, dass wir mit zwei Teams bei dieser Meisterrunde dabei sind. N\u00e4chste Saison kommt Eure Zeit und bis dahin habt ihr schon ein paar wichtige Erfahrungen gesammelt!<\/p>\n<p><strong>Kader E2:<\/strong><br>\nLeon, Max, Finn, Yannik, Michel, Joel, Alexander, Taras, Lennart, Flynn, Oliver, Jan-Louis<\/p>\n<hr>\n<h3>Kreispokal<\/h3>\n<p><span style=\"text-decoration: underline;\"><strong>26.10.2024<\/strong> Ansto\u00df: <strong>09:30 Uhr<\/strong> \u2013 Kreispokal 1.Runde<\/span><strong><br>\n<\/strong>TSG Calbe U10 &#8211; SV Einheit Bernburg <strong>3:1 (1:1)<\/strong><\/p>\n<p><strong>Spielort:<\/strong> Stadion Heger, Heger 7, 39240 Calbe<\/p>\n<p><em><a href=\"https:\/\/www.fussball.de\/spieltagsuebersicht\/e-jugend-kreispokal-kreis-salzland-e-junioren-kreispokal-e-junioren-saison2425-sachsen-anhalt\/-\/staffel\/02Q993DHVO000000VS5489B3VTFGI39E-C#!\/\">(Alle Ergebnisse)<\/a><\/em><\/p>\n<hr>\n<h3>1.Kreisklasse Staffel 6<\/h3>\n<p><span style=\"text-decoration: underline;\"><strong>19.10.2024<\/strong> Ansto\u00df:<strong> 09:30 Uhr<\/strong> &#8211; 10. Spieltag<\/span><br>\nSV Einheit Bernburg II. &#8211; TSG Calbe U10 <strong>3:1 (1:1)<br>\n<a href=\"https:\/\/einheit-bernburg.de\/content\/wp-content\/uploads\/2024\/10\/E2-4-1.jpg\"><noscript><img decoding=\"async\" class=\"alignnone wp-image-38944 size-thumbnail\" src=\"https:\/\/einheit-bernburg.de\/content\/wp-content\/uploads\/2024\/10\/E2-4-1-150x150.jpg\" alt width=\"150\" height=\"150\"><\/noscript><img decoding=\"async\" class=\"alignnone wp-image-38944 size-thumbnail lazyload\" src=\"data:image\/svg+xml,%3Csvg%20xmlns%3D%22http%3A%2F%2Fwww.w3.org%2F2000%2Fsvg%22%20viewBox%3D%220%200%20150%20150%22%3E%3C%2Fsvg%3E\" alt width=\"150\" height=\"150\" data-src=\"https:\/\/einheit-bernburg.de\/content\/wp-content\/uploads\/2024\/10\/E2-4-1-150x150.jpg\"><\/a> <a href=\"https:\/\/einheit-bernburg.de\/content\/wp-content\/uploads\/2024\/10\/E2-8.jpg\"><noscript><img decoding=\"async\" class=\"alignnone size-medium wp-image-38942\" src=\"https:\/\/einheit-bernburg.de\/content\/wp-content\/uploads\/2024\/10\/E2-8-300x124.jpg\" alt width=\"300\" height=\"124\" srcset=\"https:\/\/einheit-bernburg.de\/content\/wp-content\/uploads\/2024\/10\/E2-8-300x124.jpg 300w, https:\/\/einheit-bernburg.de\/content\/wp-content\/uploads\/2024\/10\/E2-8-1024x424.jpg 1024w, https:\/\/einheit-bernburg.de\/content\/wp-content\/uploads\/2024\/10\/E2-8-768x318.jpg 768w, https:\/\/einheit-bernburg.de\/content\/wp-content\/uploads\/2024\/10\/E2-8-1080x447.jpg 1080w, https:\/\/einheit-bernburg.de\/content\/wp-content\/uploads\/2024\/10\/E2-8.jpg 1500w\" sizes=\"(max-width: 300px) 100vw, 300px\"><\/noscript><img decoding=\"async\" class=\"alignnone size-medium wp-image-38942 lazyload\" src=\"data:image\/svg+xml,%3Csvg%20xmlns%3D%22http%3A%2F%2Fwww.w3.org%2F2000%2Fsvg%22%20viewBox%3D%220%200%20300%20124%22%3E%3C%2Fsvg%3E\" alt width=\"300\" height=\"124\" srcset=\"data:image\/svg+xml,%3Csvg%20xmlns%3D%22http%3A%2F%2Fwww.w3.org%2F2000%2Fsvg%22%20viewBox%3D%220%200%20300%20124%22%3E%3C%2Fsvg%3E 300w\" sizes=\"(max-width: 300px) 100vw, 300px\" data-srcset=\"https:\/\/einheit-bernburg.de\/content\/wp-content\/uploads\/2024\/10\/E2-8-300x124.jpg 300w, https:\/\/einheit-bernburg.de\/content\/wp-content\/uploads\/2024\/10\/E2-8-1024x424.jpg 1024w, https:\/\/einheit-bernburg.de\/content\/wp-content\/uploads\/2024\/10\/E2-8-768x318.jpg 768w, https:\/\/einheit-bernburg.de\/content\/wp-content\/uploads\/2024\/10\/E2-8-1080x447.jpg 1080w, https:\/\/einheit-bernburg.de\/content\/wp-content\/uploads\/2024\/10\/E2-8.jpg 1500w\" data-src=\"https:\/\/einheit-bernburg.de\/content\/wp-content\/uploads\/2024\/10\/E2-8-300x124.jpg\"><\/a> <a href=\"https:\/\/einheit-bernburg.de\/content\/wp-content\/uploads\/2024\/10\/E2-7.jpg\"><noscript><img decoding=\"async\" class=\"alignnone wp-image-38949 size-thumbnail\" src=\"https:\/\/einheit-bernburg.de\/content\/wp-content\/uploads\/2024\/10\/E2-7-150x150.jpg\" alt width=\"150\" height=\"150\"><\/noscript><img decoding=\"async\" class=\"alignnone wp-image-38949 size-thumbnail lazyload\" src=\"data:image\/svg+xml,%3Csvg%20xmlns%3D%22http%3A%2F%2Fwww.w3.org%2F2000%2Fsvg%22%20viewBox%3D%220%200%20150%20150%22%3E%3C%2Fsvg%3E\" alt width=\"150\" height=\"150\" data-src=\"https:\/\/einheit-bernburg.de\/content\/wp-content\/uploads\/2024\/10\/E2-7-150x150.jpg\"><\/a><br>\n<\/strong><\/p>\n<p><em>(Spielbericht) <\/em><strong>Zwei Duelle in 7 Tagen!<\/strong><br>\nInnerhalb von nur einer Woche bestreiten unsere Jungs ihre Pflichtspiele gegen ein gutes Team von der TSG aus Calbe.<br>\nAnders als im Hinspiel, welches wir noch mit 13:3 gewannen, zeigten sich letztes Wochenende die G\u00e4ste stark verbessert und stellten unser Team vor eine schwere Aufgabe. Von Beginn an war es ein tolles E-Jugend-Spiel beider Mannschaften in dem es Hin und Her und Auf und Ab ging.<br>\nViele Chancen auf beiden Seiten vereitelten nicht nur die Verteidiger, sondern zum Schluss auch zwei super Torh\u00fcter. In der zw\u00f6lften Minute war der Calbenser Schlussmann dann aber machtlos, als er ein straffen Schuss von Alexander zum 1:0 passieren lassen musste. Das Spiel pl\u00e4tscherte in der darauffolgenden Zeit so vor sich hin, wobei sich Bruder Schlendrian mit ins Spiel brachte und wir etwas unsortiert waren. Diesen Zeitpunkt nutzte Calbe eiskalt zum 1:1 Ausgleich und so ging es in die Pause.<br>\nKurze Analyse und weiter ging es!<br>\nNach dem Seitenwechsel erwischten wir den besseren Start, in dem sich der oft gl\u00fccklose Noah endlich belohnte und sein Team wieder in Front schoss. Konzentriert ging es weiter. Calbe steckte nicht auf, spielte beherzt weiter, so dass sich immer wieder Chancen ergaben um den Ausgleichvzu erzielen. Die dadurch entstandenen L\u00fccken in der Hintermannschaft nutzte Einheit mit einem Konter und Michel schloss diesen mit dem 3:1 f\u00fcr uns ab. F\u00fcr uns boten sich nun viele M\u00f6glichkeiten, gerade mit Fernsch\u00fcssen, um den einen Treffer mehr zu erziehlen. Aber der Torh\u00fcter aus Calbe hielt gef\u00fchlt alles!!!<br>\nSelbst durch einige Wechsel im Team oder auch mancher Spieler auf ungewohnter Position zeigten sich zuverl\u00e4ssig und ehrgeizig. Im Gro\u00dfen und Ganzen ging der Sieg in Ordnung, wobei das Spiel h\u00e4tte auch locker von beiden Seiten torreicher sein k\u00f6nnen.<br>\nAm Samstag kommt es dann im Pokal erneut zum Duell. Calbe ist mit Sicherheit gewillt den Bock umzusto\u00dfen, um dann mit einem Sieg in die n\u00e4chste Runde einzuziehen. Aber wenn wir noch mehr als Mannschaft arbeiten und von der ersten Minute an beherzt spielen, werden wir auch was mitbringen.<br>\nManchmal gehen die K\u00f6pfe zu schnell runter, wenn was misslingt. Aber gerade da hei\u00dft es, &#8222;es geht immer weiter&#8220;. Traut euch was zu und helft euch gegenseitig!!!!<strong>Ansto\u00df ist 09.30 in Calbe!<\/strong><\/p>\n<p><strong>Es spielten:<\/strong> Leon, Max, Taras, Finn, Flynn, Michel (1), Noah (1), Alexander (1), Jan, Oliver<\/p>\n<p><em>Weitere Spielszenen<\/em><br>\n<a href=\"https:\/\/einheit-bernburg.de\/content\/wp-content\/uploads\/2024\/10\/E2-2-1.jpg\"><noscript><img decoding=\"async\" class=\"alignnone wp-image-38945 size-thumbnail\" src=\"https:\/\/einheit-bernburg.de\/content\/wp-content\/uploads\/2024\/10\/E2-2-1-150x150.jpg\" alt width=\"150\" height=\"150\"><\/noscript><img decoding=\"async\" class=\"alignnone wp-image-38945 size-thumbnail lazyload\" src=\"data:image\/svg+xml,%3Csvg%20xmlns%3D%22http%3A%2F%2Fwww.w3.org%2F2000%2Fsvg%22%20viewBox%3D%220%200%20150%20150%22%3E%3C%2Fsvg%3E\" alt width=\"150\" height=\"150\" data-src=\"https:\/\/einheit-bernburg.de\/content\/wp-content\/uploads\/2024\/10\/E2-2-1-150x150.jpg\"> <\/a><a href=\"https:\/\/einheit-bernburg.de\/content\/wp-content\/uploads\/2024\/10\/E2-3-1.jpg\"><noscript><img decoding=\"async\" class=\"alignnone wp-image-38946 size-thumbnail\" src=\"https:\/\/einheit-bernburg.de\/content\/wp-content\/uploads\/2024\/10\/E2-3-1-150x150.jpg\" alt width=\"150\" height=\"150\"><\/noscript><img decoding=\"async\" class=\"alignnone wp-image-38946 size-thumbnail lazyload\" src=\"data:image\/svg+xml,%3Csvg%20xmlns%3D%22http%3A%2F%2Fwww.w3.org%2F2000%2Fsvg%22%20viewBox%3D%220%200%20150%20150%22%3E%3C%2Fsvg%3E\" alt width=\"150\" height=\"150\" data-src=\"https:\/\/einheit-bernburg.de\/content\/wp-content\/uploads\/2024\/10\/E2-3-1-150x150.jpg\"> <\/a><a href=\"https:\/\/einheit-bernburg.de\/content\/wp-content\/uploads\/2024\/10\/E2-5.jpg\"><noscript><img decoding=\"async\" class=\"alignnone wp-image-38947 size-thumbnail\" src=\"https:\/\/einheit-bernburg.de\/content\/wp-content\/uploads\/2024\/10\/E2-5-150x150.jpg\" alt width=\"150\" height=\"150\"><\/noscript><img decoding=\"async\" class=\"alignnone wp-image-38947 size-thumbnail lazyload\" src=\"data:image\/svg+xml,%3Csvg%20xmlns%3D%22http%3A%2F%2Fwww.w3.org%2F2000%2Fsvg%22%20viewBox%3D%220%200%20150%20150%22%3E%3C%2Fsvg%3E\" alt width=\"150\" height=\"150\" data-src=\"https:\/\/einheit-bernburg.de\/content\/wp-content\/uploads\/2024\/10\/E2-5-150x150.jpg\"> <\/a><a href=\"https:\/\/einheit-bernburg.de\/content\/wp-content\/uploads\/2024\/10\/E2-6.jpg\"><noscript><img decoding=\"async\" class=\"alignnone wp-image-38948 size-thumbnail\" src=\"https:\/\/einheit-bernburg.de\/content\/wp-content\/uploads\/2024\/10\/E2-6-150x150.jpg\" alt width=\"150\" height=\"150\"><\/noscript><img decoding=\"async\" class=\"alignnone wp-image-38948 size-thumbnail lazyload\" src=\"data:image\/svg+xml,%3Csvg%20xmlns%3D%22http%3A%2F%2Fwww.w3.org%2F2000%2Fsvg%22%20viewBox%3D%220%200%20150%20150%22%3E%3C%2Fsvg%3E\" alt width=\"150\" height=\"150\" data-src=\"https:\/\/einheit-bernburg.de\/content\/wp-content\/uploads\/2024\/10\/E2-6-150x150.jpg\"><\/a><\/p>\n<hr>\n<p><span style=\"text-decoration: underline;\"><strong>13.10.2024<\/strong> Ansto\u00df:<strong> 10:00 Uhr<\/strong> &#8211; 9. Spieltag<\/span><br>\nESV Lok G\u00fcsten &#8211; SV Einheit Bernburg II. <strong>3:6 (1:2)<br>\n<a href=\"https:\/\/einheit-bernburg.de\/content\/wp-content\/uploads\/2024\/10\/E2-2.jpg\"><noscript><img decoding=\"async\" class=\"alignnone size-medium wp-image-38814\" src=\"https:\/\/einheit-bernburg.de\/content\/wp-content\/uploads\/2024\/10\/E2-2-300x188.jpg\" alt width=\"300\" height=\"188\" srcset=\"https:\/\/einheit-bernburg.de\/content\/wp-content\/uploads\/2024\/10\/E2-2-300x188.jpg 300w, https:\/\/einheit-bernburg.de\/content\/wp-content\/uploads\/2024\/10\/E2-2-768x482.jpg 768w, https:\/\/einheit-bernburg.de\/content\/wp-content\/uploads\/2024\/10\/E2-2.jpg 882w\" sizes=\"(max-width: 300px) 100vw, 300px\"><\/noscript><img decoding=\"async\" class=\"alignnone size-medium wp-image-38814 lazyload\" src=\"data:image\/svg+xml,%3Csvg%20xmlns%3D%22http%3A%2F%2Fwww.w3.org%2F2000%2Fsvg%22%20viewBox%3D%220%200%20300%20188%22%3E%3C%2Fsvg%3E\" alt width=\"300\" height=\"188\" srcset=\"data:image\/svg+xml,%3Csvg%20xmlns%3D%22http%3A%2F%2Fwww.w3.org%2F2000%2Fsvg%22%20viewBox%3D%220%200%20300%20188%22%3E%3C%2Fsvg%3E 300w\" sizes=\"(max-width: 300px) 100vw, 300px\" data-srcset=\"https:\/\/einheit-bernburg.de\/content\/wp-content\/uploads\/2024\/10\/E2-2-300x188.jpg 300w, https:\/\/einheit-bernburg.de\/content\/wp-content\/uploads\/2024\/10\/E2-2-768x482.jpg 768w, https:\/\/einheit-bernburg.de\/content\/wp-content\/uploads\/2024\/10\/E2-2.jpg 882w\" data-src=\"https:\/\/einheit-bernburg.de\/content\/wp-content\/uploads\/2024\/10\/E2-2-300x188.jpg\"><\/a> <a href=\"https:\/\/einheit-bernburg.de\/content\/wp-content\/uploads\/2024\/10\/E2-1.jpg\"><noscript><img decoding=\"async\" class=\"alignnone size-medium wp-image-38815\" src=\"https:\/\/einheit-bernburg.de\/content\/wp-content\/uploads\/2024\/10\/E2-1-300x106.jpg\" alt width=\"300\" height=\"106\" srcset=\"https:\/\/einheit-bernburg.de\/content\/wp-content\/uploads\/2024\/10\/E2-1-300x106.jpg 300w, https:\/\/einheit-bernburg.de\/content\/wp-content\/uploads\/2024\/10\/E2-1-1024x363.jpg 1024w, https:\/\/einheit-bernburg.de\/content\/wp-content\/uploads\/2024\/10\/E2-1-768x272.jpg 768w, https:\/\/einheit-bernburg.de\/content\/wp-content\/uploads\/2024\/10\/E2-1-1080x383.jpg 1080w, https:\/\/einheit-bernburg.de\/content\/wp-content\/uploads\/2024\/10\/E2-1.jpg 1204w\" sizes=\"(max-width: 300px) 100vw, 300px\"><\/noscript><img decoding=\"async\" class=\"alignnone size-medium wp-image-38815 lazyload\" src=\"data:image\/svg+xml,%3Csvg%20xmlns%3D%22http%3A%2F%2Fwww.w3.org%2F2000%2Fsvg%22%20viewBox%3D%220%200%20300%20106%22%3E%3C%2Fsvg%3E\" alt width=\"300\" height=\"106\" srcset=\"data:image\/svg+xml,%3Csvg%20xmlns%3D%22http%3A%2F%2Fwww.w3.org%2F2000%2Fsvg%22%20viewBox%3D%220%200%20300%20106%22%3E%3C%2Fsvg%3E 300w\" sizes=\"(max-width: 300px) 100vw, 300px\" data-srcset=\"https:\/\/einheit-bernburg.de\/content\/wp-content\/uploads\/2024\/10\/E2-1-300x106.jpg 300w, https:\/\/einheit-bernburg.de\/content\/wp-content\/uploads\/2024\/10\/E2-1-1024x363.jpg 1024w, https:\/\/einheit-bernburg.de\/content\/wp-content\/uploads\/2024\/10\/E2-1-768x272.jpg 768w, https:\/\/einheit-bernburg.de\/content\/wp-content\/uploads\/2024\/10\/E2-1-1080x383.jpg 1080w, https:\/\/einheit-bernburg.de\/content\/wp-content\/uploads\/2024\/10\/E2-1.jpg 1204w\" data-src=\"https:\/\/einheit-bernburg.de\/content\/wp-content\/uploads\/2024\/10\/E2-1-300x106.jpg\"><\/a><br>\n<\/strong><\/p>\n<p><a href=\"https:\/\/einheit-bernburg.de\/content\/wp-content\/uploads\/2024\/10\/E2-3.jpg\"><noscript><img decoding=\"async\" class=\"alignnone size-medium wp-image-38816\" src=\"https:\/\/einheit-bernburg.de\/content\/wp-content\/uploads\/2024\/10\/E2-3-300x100.jpg\" alt width=\"300\" height=\"100\" srcset=\"https:\/\/einheit-bernburg.de\/content\/wp-content\/uploads\/2024\/10\/E2-3-300x100.jpg 300w, https:\/\/einheit-bernburg.de\/content\/wp-content\/uploads\/2024\/10\/E2-3-1024x341.jpg 1024w, https:\/\/einheit-bernburg.de\/content\/wp-content\/uploads\/2024\/10\/E2-3-768x255.jpg 768w, https:\/\/einheit-bernburg.de\/content\/wp-content\/uploads\/2024\/10\/E2-3-1080x359.jpg 1080w, https:\/\/einheit-bernburg.de\/content\/wp-content\/uploads\/2024\/10\/E2-3.jpg 1287w\" sizes=\"(max-width: 300px) 100vw, 300px\"><\/noscript><img decoding=\"async\" class=\"alignnone size-medium wp-image-38816 lazyload\" src=\"data:image\/svg+xml,%3Csvg%20xmlns%3D%22http%3A%2F%2Fwww.w3.org%2F2000%2Fsvg%22%20viewBox%3D%220%200%20300%20100%22%3E%3C%2Fsvg%3E\" alt width=\"300\" height=\"100\" srcset=\"data:image\/svg+xml,%3Csvg%20xmlns%3D%22http%3A%2F%2Fwww.w3.org%2F2000%2Fsvg%22%20viewBox%3D%220%200%20300%20100%22%3E%3C%2Fsvg%3E 300w\" sizes=\"(max-width: 300px) 100vw, 300px\" data-srcset=\"https:\/\/einheit-bernburg.de\/content\/wp-content\/uploads\/2024\/10\/E2-3-300x100.jpg 300w, https:\/\/einheit-bernburg.de\/content\/wp-content\/uploads\/2024\/10\/E2-3-1024x341.jpg 1024w, https:\/\/einheit-bernburg.de\/content\/wp-content\/uploads\/2024\/10\/E2-3-768x255.jpg 768w, https:\/\/einheit-bernburg.de\/content\/wp-content\/uploads\/2024\/10\/E2-3-1080x359.jpg 1080w, https:\/\/einheit-bernburg.de\/content\/wp-content\/uploads\/2024\/10\/E2-3.jpg 1287w\" data-src=\"https:\/\/einheit-bernburg.de\/content\/wp-content\/uploads\/2024\/10\/E2-3-300x100.jpg\"> <\/a><a href=\"https:\/\/einheit-bernburg.de\/content\/wp-content\/uploads\/2024\/10\/E2-4.jpg\"><noscript><img decoding=\"async\" class=\"alignnone size-medium wp-image-38817\" src=\"https:\/\/einheit-bernburg.de\/content\/wp-content\/uploads\/2024\/10\/E2-4-300x101.jpg\" alt width=\"300\" height=\"101\" srcset=\"https:\/\/einheit-bernburg.de\/content\/wp-content\/uploads\/2024\/10\/E2-4-300x101.jpg 300w, https:\/\/einheit-bernburg.de\/content\/wp-content\/uploads\/2024\/10\/E2-4-1024x345.jpg 1024w, https:\/\/einheit-bernburg.de\/content\/wp-content\/uploads\/2024\/10\/E2-4-768x259.jpg 768w, https:\/\/einheit-bernburg.de\/content\/wp-content\/uploads\/2024\/10\/E2-4-1080x364.jpg 1080w, https:\/\/einheit-bernburg.de\/content\/wp-content\/uploads\/2024\/10\/E2-4.jpg 1363w\" sizes=\"(max-width: 300px) 100vw, 300px\"><\/noscript><img decoding=\"async\" class=\"alignnone size-medium wp-image-38817 lazyload\" src=\"data:image\/svg+xml,%3Csvg%20xmlns%3D%22http%3A%2F%2Fwww.w3.org%2F2000%2Fsvg%22%20viewBox%3D%220%200%20300%20101%22%3E%3C%2Fsvg%3E\" alt width=\"300\" height=\"101\" srcset=\"data:image\/svg+xml,%3Csvg%20xmlns%3D%22http%3A%2F%2Fwww.w3.org%2F2000%2Fsvg%22%20viewBox%3D%220%200%20300%20101%22%3E%3C%2Fsvg%3E 300w\" sizes=\"(max-width: 300px) 100vw, 300px\" data-srcset=\"https:\/\/einheit-bernburg.de\/content\/wp-content\/uploads\/2024\/10\/E2-4-300x101.jpg 300w, https:\/\/einheit-bernburg.de\/content\/wp-content\/uploads\/2024\/10\/E2-4-1024x345.jpg 1024w, https:\/\/einheit-bernburg.de\/content\/wp-content\/uploads\/2024\/10\/E2-4-768x259.jpg 768w, https:\/\/einheit-bernburg.de\/content\/wp-content\/uploads\/2024\/10\/E2-4-1080x364.jpg 1080w, https:\/\/einheit-bernburg.de\/content\/wp-content\/uploads\/2024\/10\/E2-4.jpg 1363w\" data-src=\"https:\/\/einheit-bernburg.de\/content\/wp-content\/uploads\/2024\/10\/E2-4-300x101.jpg\"><\/a><\/p>\n<hr>\n<p><span style=\"text-decoration: underline;\"><strong>27.09.2024<\/strong> Ansto\u00df:<strong> 17:00 Uhr<\/strong> &#8211; 8. Spieltag<\/span><br>\nSV 09 Sta\u00dffurt II. &#8211; SV Einheit Bernburg II. <strong>0:14 (0:4)<\/strong><\/p>\n<hr>\n<p><span style=\"text-decoration: underline;\"><strong>22.09.2024<\/strong> Ansto\u00df:<strong> 09:30 Uhr<\/strong> &#8211; 7. Spieltag<\/span><br>\n1.FSV Nienburg &#8211; SV Einheit Bernburg II. <strong>1:10 (1:6)<\/strong><\/p>\n<div><strong>Deutlicher Sieg in Nienburg!<\/strong><\/div>\n<div>Eine toll&nbsp;hergerichtete Sportanlage&nbsp;in Nienburg bei&nbsp;bestem Wetter lie\u00df die Jungs beider Mannschaften zum Fu\u00dfball spielen einladen.<\/div>\n<div>Alle Kinder waren hei\u00df, kurzes Intro in der Kabine und schon ging es&nbsp;los zum warm up.<\/div>\n<div>Vom Anpfiff an war es ein gutes Spiel unseres Teams. Lie\u00dfen den Ball laufen, erarbeiteten sich M\u00f6glichkeiten und versuchten den Gegner schnell zu st\u00f6ren. In der 5. min er\u00f6ffnete Alex mit seiner guten Konsequenz und Willen den Torreigen. Postwendend vom Ansto\u00df her der Nienburger f\u00fchlte sich keiner unserer Jungs zust\u00e4ndig, um den Gegner ordentlich zu attakieren. Nienburg lie\u00df nicht nicht zweimal bitten und jagte das Leder von der Strafraumgrenze ins Tor zum Ausgleich. Kurzes Sch\u00fctteln unsererseits und weiter ging es im Spiel. Es dauerte auch nicht lange, Yannik bekam linksau\u00dfen den Ball und brachte uns mit einer tollen Einzelleistung wieder in F\u00fchrung. Bis zur Halbzeit schraubten dann Noah mit einem Hattrick und Michel eine komfortable F\u00fchrung heraus, obwohl die Heimmannschaft nicht ungef\u00e4hrlich aggierte und gef\u00e4hrlich nach vorn spielte.<br>\nIn der Pause wurden die kleinen Dinge an der Stellschraube erkl\u00e4rt und die Unachtsamkeiten angesprochen, so dass jeder versuchen konnte, nochmals alles zu geben. Nach und nach wechselten wir dann alle Mannschaftsteile durch, um allen Spielern gen\u00fcgend Einsatzzeiten zu geben. Im Laufe der 2. H\u00e4lte zogen wir dann durch Tore von Michel (2) und Noah mit 9:1 davon ehe sich Emil mit seinem Treffer und damit f\u00fcr seine Leistung zum 10:1 Endstand belohnte.<\/div>\n<div>Im Gro\u00dfen und Ganzen war es eine ordentliche Leistung aller Mannschaftsteile, wobei wir uns manchmal ein wenig mehr Ehrgeiz gegen den Ball w\u00fcnschen. D.h.! Nicht nur die Verteidiger + Torh\u00fcter sind f\u00fcr die Gegentore verantwortlich, sondern die ganze Mannschaft von ganz vorn bis nach hinten. Dadurch wird es f\u00fcr alle einfacher den Ball zur\u00fcckzuerobern.<\/div>\n<div>Um umgekehrt hei\u00dft es auch, sich trauen, von hinten angefangen zu spielen. Seid mutig, wer viel probiert, dem passieren auch mal Fehler.<\/div>\n<div>!!!!Aber das ist nicht schlimm!!!!!<noscript><img decoding=\"async\" src=\"https:\/\/cdn.webde.de\/cdn\/mail\/client\/wicket\/resource\/static-res\/---\/mc\/img\/smileys\/default\/s_02.gif\" alt><\/noscript><img decoding=\"async\" src=\"data:image\/gif;base64,R0lGODlhAQABAIAAAAAAAP\/\/\/yH5BAEAAAAALAAAAAABAAEAAAIBRAA7\" alt data-src=\"https:\/\/cdn.webde.de\/cdn\/mail\/client\/wicket\/resource\/static-res\/---\/mc\/img\/smileys\/default\/s_02.gif\" class=\" lazyload\"><\/div>\n<div>Freitag steht dsnn schon das n\u00e4chste Spiel in Stassfurt an. 17.00h wird angepfiffen!<\/div>\n<div><\/div>\n<div><strong>Es spielten:<\/strong><\/div>\n<div>Leon, Oliver, Lennart, Taras, Michel (3), Max, Jan, Yannik (1), Alexander (1), Noah (4), Emil (1), Flynn<\/div>\n<hr>\n<p><span style=\"text-decoration: underline;\"><strong>13.09.2024<\/strong> Ansto\u00df:<strong> 17:00 Uhr<\/strong> &#8211; 6. Spieltag<\/span><br>\nSV Einheit Bernburg II. &#8211; Union 1861 Sch\u00f6nebeck U10 2 <strong>7:3 (3:2)<br>\n<a href=\"https:\/\/einheit-bernburg.de\/content\/wp-content\/uploads\/2024\/09\/1-4.jpg\"><noscript><img decoding=\"async\" class=\"alignnone size-medium wp-image-38414\" src=\"https:\/\/einheit-bernburg.de\/content\/wp-content\/uploads\/2024\/09\/1-4-300x116.jpg\" alt width=\"300\" height=\"116\" srcset=\"https:\/\/einheit-bernburg.de\/content\/wp-content\/uploads\/2024\/09\/1-4-300x116.jpg 300w, https:\/\/einheit-bernburg.de\/content\/wp-content\/uploads\/2024\/09\/1-4-1024x395.jpg 1024w, https:\/\/einheit-bernburg.de\/content\/wp-content\/uploads\/2024\/09\/1-4-768x296.jpg 768w, https:\/\/einheit-bernburg.de\/content\/wp-content\/uploads\/2024\/09\/1-4-1080x417.jpg 1080w, https:\/\/einheit-bernburg.de\/content\/wp-content\/uploads\/2024\/09\/1-4.jpg 1500w\" sizes=\"(max-width: 300px) 100vw, 300px\"><\/noscript><img decoding=\"async\" class=\"alignnone size-medium wp-image-38414 lazyload\" src=\"data:image\/svg+xml,%3Csvg%20xmlns%3D%22http%3A%2F%2Fwww.w3.org%2F2000%2Fsvg%22%20viewBox%3D%220%200%20300%20116%22%3E%3C%2Fsvg%3E\" alt width=\"300\" height=\"116\" srcset=\"data:image\/svg+xml,%3Csvg%20xmlns%3D%22http%3A%2F%2Fwww.w3.org%2F2000%2Fsvg%22%20viewBox%3D%220%200%20300%20116%22%3E%3C%2Fsvg%3E 300w\" sizes=\"(max-width: 300px) 100vw, 300px\" data-srcset=\"https:\/\/einheit-bernburg.de\/content\/wp-content\/uploads\/2024\/09\/1-4-300x116.jpg 300w, https:\/\/einheit-bernburg.de\/content\/wp-content\/uploads\/2024\/09\/1-4-1024x395.jpg 1024w, https:\/\/einheit-bernburg.de\/content\/wp-content\/uploads\/2024\/09\/1-4-768x296.jpg 768w, https:\/\/einheit-bernburg.de\/content\/wp-content\/uploads\/2024\/09\/1-4-1080x417.jpg 1080w, https:\/\/einheit-bernburg.de\/content\/wp-content\/uploads\/2024\/09\/1-4.jpg 1500w\" data-src=\"https:\/\/einheit-bernburg.de\/content\/wp-content\/uploads\/2024\/09\/1-4-300x116.jpg\"> <\/a> <a href=\"https:\/\/einheit-bernburg.de\/content\/wp-content\/uploads\/2024\/09\/4-4.jpg\"><noscript><img decoding=\"async\" class=\"alignnone wp-image-38416 size-thumbnail\" src=\"https:\/\/einheit-bernburg.de\/content\/wp-content\/uploads\/2024\/09\/4-4-150x150.jpg\" alt width=\"150\" height=\"150\"><\/noscript><img decoding=\"async\" class=\"alignnone wp-image-38416 size-thumbnail lazyload\" src=\"data:image\/svg+xml,%3Csvg%20xmlns%3D%22http%3A%2F%2Fwww.w3.org%2F2000%2Fsvg%22%20viewBox%3D%220%200%20150%20150%22%3E%3C%2Fsvg%3E\" alt width=\"150\" height=\"150\" data-src=\"https:\/\/einheit-bernburg.de\/content\/wp-content\/uploads\/2024\/09\/4-4-150x150.jpg\"><\/a> <a href=\"https:\/\/einheit-bernburg.de\/content\/wp-content\/uploads\/2024\/09\/10.jpg\"><noscript><img decoding=\"async\" class=\"alignnone wp-image-38421 size-thumbnail\" src=\"https:\/\/einheit-bernburg.de\/content\/wp-content\/uploads\/2024\/09\/10-150x150.jpg\" alt width=\"150\" height=\"150\"><\/noscript><img decoding=\"async\" class=\"alignnone wp-image-38421 size-thumbnail lazyload\" src=\"data:image\/svg+xml,%3Csvg%20xmlns%3D%22http%3A%2F%2Fwww.w3.org%2F2000%2Fsvg%22%20viewBox%3D%220%200%20150%20150%22%3E%3C%2Fsvg%3E\" alt width=\"150\" height=\"150\" data-src=\"https:\/\/einheit-bernburg.de\/content\/wp-content\/uploads\/2024\/09\/10-150x150.jpg\"><\/a><a href=\"https:\/\/einheit-bernburg.de\/content\/wp-content\/uploads\/2024\/09\/1-4.jpg\"><br>\n<\/a>Unsere E2 entscheidet das Spitzenspiel ihrer Staffel klar f\u00fcr sich<br>\n<\/strong>Am Freitagabend waren die zweite U10 von Union Sch\u00f6nebeck an der T\u00f6pferwiese&nbsp; zum Beginn der R\u00fcckrunde in dieser Staffel zu Gast. Wie sich im Verlauf der bisherigen Saison herausstellte, sollte es das Spitzenspiel in dieser Staffel werden, denn die Unioner hatten nach der 2:7 Hinspielniederlage gegen unser Team auch alle weiteren Spiele gewonnen.<br>\nEndsprechend selbstbewusst traten die Gr\u00fcn-Roten am Freitag auch auf. Sie zeigten, dass sie in den zur\u00fcckliegenden Wochen spielerisch und taktisch auch zugelegt hatten und stellten doch f\u00fcr unsere E2 in der ersten H\u00e4lfte eine ziemlich harte Nuss dar und so ebenfalls ein um&#8217;s andere Mal f\u00fcr unsere Abwehr. Trotzdem gingen unsere Jungs bereits in der zweiten Spielminute durch ein Tor von F-Junioren Noah Neumeister in F\u00fchrung. Doch danach bis man sich an der Sch\u00f6nebecker Abwehr zun\u00e4chst mal die Z\u00e4ne aus, auch weil das Zusammenspiel in den Einheitreihen noch nicht so klappte und Michel es aus dem Mittelfeld zu oft mit seinen Distanzsch\u00fcssen allein versuchte. Diese Abschl\u00fcsse waren zwar auch wundersch\u00f6n anzusehen, aber noch fehlte im dabei das n\u00f6tige Spielgl\u00fcck&nbsp; &#8211; oft gings knapp vorbei oder auch der Pfosten oder der gute Torwart standen im Weg.<br>\nSo blieb es lange bei diesem 1:0 und die Sch\u00f6nebecker sahen sich ermutigt, immer wieder Nadelstiche gegen das Einheittor zu setzen. Und nach einigen Versuchen schaffte es dann auch Antony Zisiadis mit einem Foulstrafsto\u00df in der 9.Spielminute, Leon zu \u00fcberwinden. Der \u00fcberraschende, aber nicht unverdiente Ausgleich war perfekt. Das sorgte nat\u00fcrlich f\u00fcr einige Unruhe in den Einheitreihen, aber f\u00fchrte trotzdem auch zu etwas verbesserten Zusammenspiel, auch wenn man damit an der Seitenlinie noch nicht ganz zufrieden war. Aber immerhin schaffte Yannik in letzter Sekunde noch die 2:1 Pausenf\u00fchrung. Diese sollte doch wieder etwas Ruhe in unser Spiel bringen?<br>\nDoch der Anpfiff zur zweiten H\u00e4lfte war getan und kurz darauf erzielten die G\u00e4ste mit einem Distanzschuss von A. Zisiadidis erneut den 2:2 Ausgleich. Jetzt waren aber unsere Jungs weniger geschockt. Vielmehr von au\u00dfen auch angetrieben, fanden sie jetzt zu einem fl\u00fcssigen Kombinationsspiel \u00fcber die Seiten, das letztlich viele Torszenen hervorbrachte und zwangsl\u00e4ufig auch herrliche Treffer durch Yannik, Noah und endlich auch Michel mit einem Mordsschuss. Da war er wieder der Spa\u00df und mit ihm auch ein neuerlicher toller Erfolg, der die guten Sch\u00f6nebecker, die mit ihrer verbesserten Spielweise einigen Anteil an diesem Spitzenspiel hatten, am Ende doch wieder deutlich in die Schranken verwies.<br>\nDie Zuschauer sahen ein prima Fu\u00dfballspiel f\u00fcr haupts\u00e4chlich den j\u00fcngeren E-Junioren Jahrgang. Das war sch\u00f6n anzusehen, auch wenn es von Trainerseite nat\u00fcrlich auch die kleinen M\u00e4ngel gibt, an denen weiter gearbeitet werden muss und soll. Und diesen Anspruch d\u00fcrfen die Trainer auch haben.<\/p>\n<p><strong>Kader:<\/strong><br>\nLeon, Finn, Oliver, Yannik (4), Michel (1), Noah (2), Alexander, Taras, Max, Lennart, Emil, Jan-Louis<\/p>\n<p><em>Impressionen<br>\n<a href=\"https:\/\/einheit-bernburg.de\/content\/wp-content\/uploads\/2024\/09\/6-4.jpg\"><noscript><img decoding=\"async\" class=\"alignnone wp-image-38417 size-thumbnail\" src=\"https:\/\/einheit-bernburg.de\/content\/wp-content\/uploads\/2024\/09\/6-4-150x150.jpg\" alt width=\"150\" height=\"150\"><\/noscript><img decoding=\"async\" class=\"alignnone wp-image-38417 size-thumbnail lazyload\" src=\"data:image\/svg+xml,%3Csvg%20xmlns%3D%22http%3A%2F%2Fwww.w3.org%2F2000%2Fsvg%22%20viewBox%3D%220%200%20150%20150%22%3E%3C%2Fsvg%3E\" alt width=\"150\" height=\"150\" data-src=\"https:\/\/einheit-bernburg.de\/content\/wp-content\/uploads\/2024\/09\/6-4-150x150.jpg\"> <\/a><a href=\"https:\/\/einheit-bernburg.de\/content\/wp-content\/uploads\/2024\/09\/7-3.jpg\"><noscript><img decoding=\"async\" class=\"alignnone wp-image-38418 size-thumbnail\" src=\"https:\/\/einheit-bernburg.de\/content\/wp-content\/uploads\/2024\/09\/7-3-150x150.jpg\" alt width=\"150\" height=\"150\"><\/noscript><img decoding=\"async\" class=\"alignnone wp-image-38418 size-thumbnail lazyload\" src=\"data:image\/svg+xml,%3Csvg%20xmlns%3D%22http%3A%2F%2Fwww.w3.org%2F2000%2Fsvg%22%20viewBox%3D%220%200%20150%20150%22%3E%3C%2Fsvg%3E\" alt width=\"150\" height=\"150\" data-src=\"https:\/\/einheit-bernburg.de\/content\/wp-content\/uploads\/2024\/09\/7-3-150x150.jpg\"> <\/a><a href=\"https:\/\/einheit-bernburg.de\/content\/wp-content\/uploads\/2024\/09\/8-1.jpg\"><noscript><img decoding=\"async\" class=\"alignnone wp-image-38419 size-thumbnail\" src=\"https:\/\/einheit-bernburg.de\/content\/wp-content\/uploads\/2024\/09\/8-1-150x150.jpg\" alt width=\"150\" height=\"150\"><\/noscript><img decoding=\"async\" class=\"alignnone wp-image-38419 size-thumbnail lazyload\" src=\"data:image\/svg+xml,%3Csvg%20xmlns%3D%22http%3A%2F%2Fwww.w3.org%2F2000%2Fsvg%22%20viewBox%3D%220%200%20150%20150%22%3E%3C%2Fsvg%3E\" alt width=\"150\" height=\"150\" data-src=\"https:\/\/einheit-bernburg.de\/content\/wp-content\/uploads\/2024\/09\/8-1-150x150.jpg\"> <\/a><a href=\"https:\/\/einheit-bernburg.de\/content\/wp-content\/uploads\/2024\/09\/2-4.jpg\"><noscript><img decoding=\"async\" class=\"alignnone wp-image-38420 size-thumbnail\" src=\"https:\/\/einheit-bernburg.de\/content\/wp-content\/uploads\/2024\/09\/2-4-150x150.jpg\" alt width=\"150\" height=\"150\"><\/noscript><img decoding=\"async\" class=\"alignnone wp-image-38420 size-thumbnail lazyload\" src=\"data:image\/svg+xml,%3Csvg%20xmlns%3D%22http%3A%2F%2Fwww.w3.org%2F2000%2Fsvg%22%20viewBox%3D%220%200%20150%20150%22%3E%3C%2Fsvg%3E\" alt width=\"150\" height=\"150\" data-src=\"https:\/\/einheit-bernburg.de\/content\/wp-content\/uploads\/2024\/09\/2-4-150x150.jpg\"><\/a><\/em><\/p>\n<hr>\n<h3>Zwischenbilanz<\/h3>\n<p><strong>Ein positives Fazit nach einer erfolgreichen Hinrunde!<br>\n<\/strong>Aller Anfang war schwer und die E2 musste sich neu aufstellen und erstmal finden. Teile vom \u00e4lteren Jahrgang und Neue aus der F-Jugend bildeten von nun an das Korsett der E2, wobei sich ein Gro\u00dfteil eh schon von Trainingseinheiten kannten. Durch Urlaub und Ferien ging es in die sehr kurze Vorbereitung und man sah dort bereits, dass alle Teammitglieder mit Euphorie der neuen Saison entgegenfieberten.<br>\nMit einem siegreichen Vorbereitungsspiel sammelten die Jungs ordentlich Selbstvertrauen f\u00fcr den Punktspielstart in Sch\u00f6nebeck. Dieses wurde mit 7:2 gewonnen und der Saisonstart war gegl\u00fcckt!!!<br>\nDie darauffolgenden vier Spiele verlie\u00dfen die Jungs ebenfalls als Sieger (7:2, 18:0, 4:0, 13:3) den Platz und setzten sich somit als Tabellenf\u00fchrer der Staffel 6 an die Spitze. Bereits kommenden Freitag, am 13.09., empfangen wir zum Auftakt der R\u00fcckrunde um 17.00 die Unioner aus Sch\u00f6nebeck. Nat\u00fcrlich m\u00f6chten wir den Platz an der Sonne behalten, aber ein Selbstl\u00e4ufer wird es nicht!!! Denn die Unioner spielen mittlerweile eine gute Runde und sitzen uns im Nacken&#8230;. Einfach wird es nicht!<br>\n&#8230;.<br>\nNat\u00fcrlich m\u00f6chte ich die Leistung unserer Kicker nicht schm\u00e4lern, aber bei den zur\u00fcckliegenden gegnerischen Teams kamen eben auch viele j\u00fcngere Spieler zum Einsatz, die teils noch in der F-Jugend spielen k\u00f6nnten. Dort sah man, gerade gegen Sta\u00dffurt, einen deutlichen k\u00f6rperlichen Unterschied&#8230;<br>\n&#8230;<br>\nNichts destotrotz ist der Trainingseifer unseres Teams enorm hoch. Lernwillig und flei\u00dfig jagen sie fast in jedem Training dem Ball hinterher, so dass der eigene fu\u00dfballerische Erfolg trotzdem begr\u00fcndet ist. Fast jeder konnte sich in die Torsch\u00fctzenliste eintragen, sich selbst belohnen und teils gro\u00dfe Fortschritte erzielen.<br>\nNun hei\u00dft es: Weiter mit Vollgas dabei bleiben, denn die n\u00e4chsten Aufgaben werden nicht leichter und wir sollten uns den Erfolg mit Spa\u00df an der Freude erarbeiten.<br>\nIn diesem Sinne&#8230;.<\/p>\n<hr>\n<p><span style=\"text-decoration: underline;\"><strong>08.09.2024<\/strong> Ansto\u00df:<strong> 11:00 Uhr<\/strong> &#8211; 5. Spieltag<\/span><br>\nTSG Calbe &#8211; SV Einheit Bernburg II. <strong>3:13 (2:4)<br>\n<a href=\"https:\/\/einheit-bernburg.de\/content\/wp-content\/uploads\/2024\/09\/1-3.jpg\"><noscript><img decoding=\"async\" class=\"alignnone size-medium wp-image-38341\" src=\"https:\/\/einheit-bernburg.de\/content\/wp-content\/uploads\/2024\/09\/1-3-300x102.jpg\" alt width=\"300\" height=\"102\" srcset=\"https:\/\/einheit-bernburg.de\/content\/wp-content\/uploads\/2024\/09\/1-3-300x102.jpg 300w, https:\/\/einheit-bernburg.de\/content\/wp-content\/uploads\/2024\/09\/1-3-1024x347.jpg 1024w, https:\/\/einheit-bernburg.de\/content\/wp-content\/uploads\/2024\/09\/1-3-768x260.jpg 768w, https:\/\/einheit-bernburg.de\/content\/wp-content\/uploads\/2024\/09\/1-3-1080x366.jpg 1080w, https:\/\/einheit-bernburg.de\/content\/wp-content\/uploads\/2024\/09\/1-3.jpg 1504w\" sizes=\"(max-width: 300px) 100vw, 300px\"><\/noscript><img decoding=\"async\" class=\"alignnone size-medium wp-image-38341 lazyload\" src=\"data:image\/svg+xml,%3Csvg%20xmlns%3D%22http%3A%2F%2Fwww.w3.org%2F2000%2Fsvg%22%20viewBox%3D%220%200%20300%20102%22%3E%3C%2Fsvg%3E\" alt width=\"300\" height=\"102\" srcset=\"data:image\/svg+xml,%3Csvg%20xmlns%3D%22http%3A%2F%2Fwww.w3.org%2F2000%2Fsvg%22%20viewBox%3D%220%200%20300%20102%22%3E%3C%2Fsvg%3E 300w\" sizes=\"(max-width: 300px) 100vw, 300px\" data-srcset=\"https:\/\/einheit-bernburg.de\/content\/wp-content\/uploads\/2024\/09\/1-3-300x102.jpg 300w, https:\/\/einheit-bernburg.de\/content\/wp-content\/uploads\/2024\/09\/1-3-1024x347.jpg 1024w, https:\/\/einheit-bernburg.de\/content\/wp-content\/uploads\/2024\/09\/1-3-768x260.jpg 768w, https:\/\/einheit-bernburg.de\/content\/wp-content\/uploads\/2024\/09\/1-3-1080x366.jpg 1080w, https:\/\/einheit-bernburg.de\/content\/wp-content\/uploads\/2024\/09\/1-3.jpg 1504w\" data-src=\"https:\/\/einheit-bernburg.de\/content\/wp-content\/uploads\/2024\/09\/1-3-300x102.jpg\"><\/a> <a href=\"https:\/\/einheit-bernburg.de\/content\/wp-content\/uploads\/2024\/09\/2-3.jpg\"><noscript><img decoding=\"async\" class=\"alignnone size-medium wp-image-38342\" src=\"https:\/\/einheit-bernburg.de\/content\/wp-content\/uploads\/2024\/09\/2-3-300x122.jpg\" alt width=\"300\" height=\"122\" srcset=\"https:\/\/einheit-bernburg.de\/content\/wp-content\/uploads\/2024\/09\/2-3-300x122.jpg 300w, https:\/\/einheit-bernburg.de\/content\/wp-content\/uploads\/2024\/09\/2-3-1024x417.jpg 1024w, https:\/\/einheit-bernburg.de\/content\/wp-content\/uploads\/2024\/09\/2-3-768x313.jpg 768w, https:\/\/einheit-bernburg.de\/content\/wp-content\/uploads\/2024\/09\/2-3-1080x439.jpg 1080w, https:\/\/einheit-bernburg.de\/content\/wp-content\/uploads\/2024\/09\/2-3.jpg 1504w\" sizes=\"(max-width: 300px) 100vw, 300px\"><\/noscript><img decoding=\"async\" class=\"alignnone size-medium wp-image-38342 lazyload\" src=\"data:image\/svg+xml,%3Csvg%20xmlns%3D%22http%3A%2F%2Fwww.w3.org%2F2000%2Fsvg%22%20viewBox%3D%220%200%20300%20122%22%3E%3C%2Fsvg%3E\" alt width=\"300\" height=\"122\" srcset=\"data:image\/svg+xml,%3Csvg%20xmlns%3D%22http%3A%2F%2Fwww.w3.org%2F2000%2Fsvg%22%20viewBox%3D%220%200%20300%20122%22%3E%3C%2Fsvg%3E 300w\" sizes=\"(max-width: 300px) 100vw, 300px\" data-srcset=\"https:\/\/einheit-bernburg.de\/content\/wp-content\/uploads\/2024\/09\/2-3-300x122.jpg 300w, https:\/\/einheit-bernburg.de\/content\/wp-content\/uploads\/2024\/09\/2-3-1024x417.jpg 1024w, https:\/\/einheit-bernburg.de\/content\/wp-content\/uploads\/2024\/09\/2-3-768x313.jpg 768w, https:\/\/einheit-bernburg.de\/content\/wp-content\/uploads\/2024\/09\/2-3-1080x439.jpg 1080w, https:\/\/einheit-bernburg.de\/content\/wp-content\/uploads\/2024\/09\/2-3.jpg 1504w\" data-src=\"https:\/\/einheit-bernburg.de\/content\/wp-content\/uploads\/2024\/09\/2-3-300x122.jpg\"><\/a><br>\n<\/strong><\/p>\n<p><em>Weitere Impressionen<br>\n<a href=\"https:\/\/einheit-bernburg.de\/content\/wp-content\/uploads\/2024\/09\/3-2.jpg\"><noscript><img decoding=\"async\" class=\"alignnone wp-image-38343 size-thumbnail\" src=\"https:\/\/einheit-bernburg.de\/content\/wp-content\/uploads\/2024\/09\/3-2-150x150.jpg\" alt width=\"150\" height=\"150\"><\/noscript><img decoding=\"async\" class=\"alignnone wp-image-38343 size-thumbnail lazyload\" src=\"data:image\/svg+xml,%3Csvg%20xmlns%3D%22http%3A%2F%2Fwww.w3.org%2F2000%2Fsvg%22%20viewBox%3D%220%200%20150%20150%22%3E%3C%2Fsvg%3E\" alt width=\"150\" height=\"150\" data-src=\"https:\/\/einheit-bernburg.de\/content\/wp-content\/uploads\/2024\/09\/3-2-150x150.jpg\"><\/a><a href=\"https:\/\/einheit-bernburg.de\/content\/wp-content\/uploads\/2024\/09\/4-3.jpg\"> <noscript><img decoding=\"async\" class=\"alignnone size-medium wp-image-38344\" src=\"https:\/\/einheit-bernburg.de\/content\/wp-content\/uploads\/2024\/09\/4-3-300x133.jpg\" alt width=\"300\" height=\"133\" srcset=\"https:\/\/einheit-bernburg.de\/content\/wp-content\/uploads\/2024\/09\/4-3-300x133.jpg 300w, https:\/\/einheit-bernburg.de\/content\/wp-content\/uploads\/2024\/09\/4-3-1024x455.jpg 1024w, https:\/\/einheit-bernburg.de\/content\/wp-content\/uploads\/2024\/09\/4-3-768x342.jpg 768w, https:\/\/einheit-bernburg.de\/content\/wp-content\/uploads\/2024\/09\/4-3-1080x480.jpg 1080w, https:\/\/einheit-bernburg.de\/content\/wp-content\/uploads\/2024\/09\/4-3.jpg 1500w\" sizes=\"(max-width: 300px) 100vw, 300px\"><\/noscript><img decoding=\"async\" class=\"alignnone size-medium wp-image-38344 lazyload\" src=\"data:image\/svg+xml,%3Csvg%20xmlns%3D%22http%3A%2F%2Fwww.w3.org%2F2000%2Fsvg%22%20viewBox%3D%220%200%20300%20133%22%3E%3C%2Fsvg%3E\" alt width=\"300\" height=\"133\" srcset=\"data:image\/svg+xml,%3Csvg%20xmlns%3D%22http%3A%2F%2Fwww.w3.org%2F2000%2Fsvg%22%20viewBox%3D%220%200%20300%20133%22%3E%3C%2Fsvg%3E 300w\" sizes=\"(max-width: 300px) 100vw, 300px\" data-srcset=\"https:\/\/einheit-bernburg.de\/content\/wp-content\/uploads\/2024\/09\/4-3-300x133.jpg 300w, https:\/\/einheit-bernburg.de\/content\/wp-content\/uploads\/2024\/09\/4-3-1024x455.jpg 1024w, https:\/\/einheit-bernburg.de\/content\/wp-content\/uploads\/2024\/09\/4-3-768x342.jpg 768w, https:\/\/einheit-bernburg.de\/content\/wp-content\/uploads\/2024\/09\/4-3-1080x480.jpg 1080w, https:\/\/einheit-bernburg.de\/content\/wp-content\/uploads\/2024\/09\/4-3.jpg 1500w\" data-src=\"https:\/\/einheit-bernburg.de\/content\/wp-content\/uploads\/2024\/09\/4-3-300x133.jpg\"><\/a> <a href=\"https:\/\/einheit-bernburg.de\/content\/wp-content\/uploads\/2024\/09\/6-3.jpg\"><noscript><img decoding=\"async\" class=\"alignnone wp-image-38345 size-thumbnail\" src=\"https:\/\/einheit-bernburg.de\/content\/wp-content\/uploads\/2024\/09\/6-3-150x150.jpg\" alt width=\"150\" height=\"150\"><\/noscript><img decoding=\"async\" class=\"alignnone wp-image-38345 size-thumbnail lazyload\" src=\"data:image\/svg+xml,%3Csvg%20xmlns%3D%22http%3A%2F%2Fwww.w3.org%2F2000%2Fsvg%22%20viewBox%3D%220%200%20150%20150%22%3E%3C%2Fsvg%3E\" alt width=\"150\" height=\"150\" data-src=\"https:\/\/einheit-bernburg.de\/content\/wp-content\/uploads\/2024\/09\/6-3-150x150.jpg\"><\/a><\/em><\/p>\n<p><a href=\"https:\/\/einheit-bernburg.de\/content\/wp-content\/uploads\/2024\/09\/7-2.jpg\"><noscript><img decoding=\"async\" class=\"alignnone wp-image-38346 size-thumbnail\" src=\"https:\/\/einheit-bernburg.de\/content\/wp-content\/uploads\/2024\/09\/7-2-150x150.jpg\" alt width=\"150\" height=\"150\"><\/noscript><img decoding=\"async\" class=\"alignnone wp-image-38346 size-thumbnail lazyload\" src=\"data:image\/svg+xml,%3Csvg%20xmlns%3D%22http%3A%2F%2Fwww.w3.org%2F2000%2Fsvg%22%20viewBox%3D%220%200%20150%20150%22%3E%3C%2Fsvg%3E\" alt width=\"150\" height=\"150\" data-src=\"https:\/\/einheit-bernburg.de\/content\/wp-content\/uploads\/2024\/09\/7-2-150x150.jpg\"> <\/a><a href=\"https:\/\/einheit-bernburg.de\/content\/wp-content\/uploads\/2024\/09\/8.jpg\"><noscript><img decoding=\"async\" class=\"alignnone size-medium wp-image-38347\" src=\"https:\/\/einheit-bernburg.de\/content\/wp-content\/uploads\/2024\/09\/8-300x144.jpg\" alt width=\"300\" height=\"144\" srcset=\"https:\/\/einheit-bernburg.de\/content\/wp-content\/uploads\/2024\/09\/8-300x144.jpg 300w, https:\/\/einheit-bernburg.de\/content\/wp-content\/uploads\/2024\/09\/8-1024x491.jpg 1024w, https:\/\/einheit-bernburg.de\/content\/wp-content\/uploads\/2024\/09\/8-768x368.jpg 768w, https:\/\/einheit-bernburg.de\/content\/wp-content\/uploads\/2024\/09\/8-1080x518.jpg 1080w, https:\/\/einheit-bernburg.de\/content\/wp-content\/uploads\/2024\/09\/8.jpg 1500w\" sizes=\"(max-width: 300px) 100vw, 300px\"><\/noscript><img decoding=\"async\" class=\"alignnone size-medium wp-image-38347 lazyload\" src=\"data:image\/svg+xml,%3Csvg%20xmlns%3D%22http%3A%2F%2Fwww.w3.org%2F2000%2Fsvg%22%20viewBox%3D%220%200%20300%20144%22%3E%3C%2Fsvg%3E\" alt width=\"300\" height=\"144\" srcset=\"data:image\/svg+xml,%3Csvg%20xmlns%3D%22http%3A%2F%2Fwww.w3.org%2F2000%2Fsvg%22%20viewBox%3D%220%200%20300%20144%22%3E%3C%2Fsvg%3E 300w\" sizes=\"(max-width: 300px) 100vw, 300px\" data-srcset=\"https:\/\/einheit-bernburg.de\/content\/wp-content\/uploads\/2024\/09\/8-300x144.jpg 300w, https:\/\/einheit-bernburg.de\/content\/wp-content\/uploads\/2024\/09\/8-1024x491.jpg 1024w, https:\/\/einheit-bernburg.de\/content\/wp-content\/uploads\/2024\/09\/8-768x368.jpg 768w, https:\/\/einheit-bernburg.de\/content\/wp-content\/uploads\/2024\/09\/8-1080x518.jpg 1080w, https:\/\/einheit-bernburg.de\/content\/wp-content\/uploads\/2024\/09\/8.jpg 1500w\" data-src=\"https:\/\/einheit-bernburg.de\/content\/wp-content\/uploads\/2024\/09\/8-300x144.jpg\"><\/a> <a href=\"https:\/\/einheit-bernburg.de\/content\/wp-content\/uploads\/2024\/09\/9-1.jpg\"><noscript><img decoding=\"async\" class=\"alignnone wp-image-38348 size-thumbnail\" src=\"https:\/\/einheit-bernburg.de\/content\/wp-content\/uploads\/2024\/09\/9-1-150x150.jpg\" alt width=\"150\" height=\"150\"><\/noscript><img decoding=\"async\" class=\"alignnone wp-image-38348 size-thumbnail lazyload\" src=\"data:image\/svg+xml,%3Csvg%20xmlns%3D%22http%3A%2F%2Fwww.w3.org%2F2000%2Fsvg%22%20viewBox%3D%220%200%20150%20150%22%3E%3C%2Fsvg%3E\" alt width=\"150\" height=\"150\" data-src=\"https:\/\/einheit-bernburg.de\/content\/wp-content\/uploads\/2024\/09\/9-1-150x150.jpg\"><\/a><\/p>\n<hr>\n<p><strong>03.09.24<\/strong> &#8211; Tolle Trainingsbeteiligung &#8211; trotz sengender Hitze &#8211; 32\u00b0 C &#8211; 25 E &#8211; Kicker am Start!!!<br>\n<a href=\"https:\/\/einheit-bernburg.de\/content\/wp-content\/uploads\/2024\/09\/E1-u.-E2-tolle-Trainingsbeteiligung.jpg\"><noscript><img decoding=\"async\" class=\"alignnone size-medium wp-image-38262\" src=\"https:\/\/einheit-bernburg.de\/content\/wp-content\/uploads\/2024\/09\/E1-u.-E2-tolle-Trainingsbeteiligung-300x153.jpg\" alt width=\"300\" height=\"153\" srcset=\"https:\/\/einheit-bernburg.de\/content\/wp-content\/uploads\/2024\/09\/E1-u.-E2-tolle-Trainingsbeteiligung-300x153.jpg 300w, https:\/\/einheit-bernburg.de\/content\/wp-content\/uploads\/2024\/09\/E1-u.-E2-tolle-Trainingsbeteiligung-1024x524.jpg 1024w, https:\/\/einheit-bernburg.de\/content\/wp-content\/uploads\/2024\/09\/E1-u.-E2-tolle-Trainingsbeteiligung-768x393.jpg 768w, https:\/\/einheit-bernburg.de\/content\/wp-content\/uploads\/2024\/09\/E1-u.-E2-tolle-Trainingsbeteiligung-1536x786.jpg 1536w, https:\/\/einheit-bernburg.de\/content\/wp-content\/uploads\/2024\/09\/E1-u.-E2-tolle-Trainingsbeteiligung-1080x553.jpg 1080w, https:\/\/einheit-bernburg.de\/content\/wp-content\/uploads\/2024\/09\/E1-u.-E2-tolle-Trainingsbeteiligung.jpg 1984w\" sizes=\"(max-width: 300px) 100vw, 300px\"><\/noscript><img decoding=\"async\" class=\"alignnone size-medium wp-image-38262 lazyload\" src=\"data:image\/svg+xml,%3Csvg%20xmlns%3D%22http%3A%2F%2Fwww.w3.org%2F2000%2Fsvg%22%20viewBox%3D%220%200%20300%20153%22%3E%3C%2Fsvg%3E\" alt width=\"300\" height=\"153\" srcset=\"data:image\/svg+xml,%3Csvg%20xmlns%3D%22http%3A%2F%2Fwww.w3.org%2F2000%2Fsvg%22%20viewBox%3D%220%200%20300%20153%22%3E%3C%2Fsvg%3E 300w\" sizes=\"(max-width: 300px) 100vw, 300px\" data-srcset=\"https:\/\/einheit-bernburg.de\/content\/wp-content\/uploads\/2024\/09\/E1-u.-E2-tolle-Trainingsbeteiligung-300x153.jpg 300w, https:\/\/einheit-bernburg.de\/content\/wp-content\/uploads\/2024\/09\/E1-u.-E2-tolle-Trainingsbeteiligung-1024x524.jpg 1024w, https:\/\/einheit-bernburg.de\/content\/wp-content\/uploads\/2024\/09\/E1-u.-E2-tolle-Trainingsbeteiligung-768x393.jpg 768w, https:\/\/einheit-bernburg.de\/content\/wp-content\/uploads\/2024\/09\/E1-u.-E2-tolle-Trainingsbeteiligung-1536x786.jpg 1536w, https:\/\/einheit-bernburg.de\/content\/wp-content\/uploads\/2024\/09\/E1-u.-E2-tolle-Trainingsbeteiligung-1080x553.jpg 1080w, https:\/\/einheit-bernburg.de\/content\/wp-content\/uploads\/2024\/09\/E1-u.-E2-tolle-Trainingsbeteiligung.jpg 1984w\" data-src=\"https:\/\/einheit-bernburg.de\/content\/wp-content\/uploads\/2024\/09\/E1-u.-E2-tolle-Trainingsbeteiligung-300x153.jpg\"><\/a><\/p>\n<hr>\n<p><span style=\"text-decoration: underline;\"><strong>31.08.2024<\/strong> Ansto\u00df:<strong> 09:30 Uhr<\/strong> &#8211; 4. Spieltag<\/span><br>\nSV Einheit Bernburg II. -ESV Lok G\u00fcsten <strong>4:0 (3:0)<br>\n<a href=\"https:\/\/einheit-bernburg.de\/content\/wp-content\/uploads\/2024\/09\/E3-Warmsdorf.jpg\"><noscript><img decoding=\"async\" class=\"alignnone size-medium wp-image-38204\" src=\"https:\/\/einheit-bernburg.de\/content\/wp-content\/uploads\/2024\/09\/E3-Warmsdorf-300x96.jpg\" alt width=\"300\" height=\"96\" srcset=\"https:\/\/einheit-bernburg.de\/content\/wp-content\/uploads\/2024\/09\/E3-Warmsdorf-300x96.jpg 300w, https:\/\/einheit-bernburg.de\/content\/wp-content\/uploads\/2024\/09\/E3-Warmsdorf-1024x326.jpg 1024w, https:\/\/einheit-bernburg.de\/content\/wp-content\/uploads\/2024\/09\/E3-Warmsdorf-768x245.jpg 768w, https:\/\/einheit-bernburg.de\/content\/wp-content\/uploads\/2024\/09\/E3-Warmsdorf-1080x344.jpg 1080w, https:\/\/einheit-bernburg.de\/content\/wp-content\/uploads\/2024\/09\/E3-Warmsdorf.jpg 1500w\" sizes=\"(max-width: 300px) 100vw, 300px\"><\/noscript><img decoding=\"async\" class=\"alignnone size-medium wp-image-38204 lazyload\" src=\"data:image\/svg+xml,%3Csvg%20xmlns%3D%22http%3A%2F%2Fwww.w3.org%2F2000%2Fsvg%22%20viewBox%3D%220%200%20300%2096%22%3E%3C%2Fsvg%3E\" alt width=\"300\" height=\"96\" srcset=\"data:image\/svg+xml,%3Csvg%20xmlns%3D%22http%3A%2F%2Fwww.w3.org%2F2000%2Fsvg%22%20viewBox%3D%220%200%20300%2096%22%3E%3C%2Fsvg%3E 300w\" sizes=\"(max-width: 300px) 100vw, 300px\" data-srcset=\"https:\/\/einheit-bernburg.de\/content\/wp-content\/uploads\/2024\/09\/E3-Warmsdorf-300x96.jpg 300w, https:\/\/einheit-bernburg.de\/content\/wp-content\/uploads\/2024\/09\/E3-Warmsdorf-1024x326.jpg 1024w, https:\/\/einheit-bernburg.de\/content\/wp-content\/uploads\/2024\/09\/E3-Warmsdorf-768x245.jpg 768w, https:\/\/einheit-bernburg.de\/content\/wp-content\/uploads\/2024\/09\/E3-Warmsdorf-1080x344.jpg 1080w, https:\/\/einheit-bernburg.de\/content\/wp-content\/uploads\/2024\/09\/E3-Warmsdorf.jpg 1500w\" data-src=\"https:\/\/einheit-bernburg.de\/content\/wp-content\/uploads\/2024\/09\/E3-Warmsdorf-300x96.jpg\"><\/a><br>\n<\/strong><\/p>\n<p><em>Impressionen<br>\n<a href=\"https:\/\/einheit-bernburg.de\/content\/wp-content\/uploads\/2024\/09\/E2-2.jpg\"><noscript><img decoding=\"async\" class=\"alignnone wp-image-38206 size-thumbnail\" src=\"https:\/\/einheit-bernburg.de\/content\/wp-content\/uploads\/2024\/09\/E2-2-150x150.jpg\" alt width=\"150\" height=\"150\"><\/noscript><img decoding=\"async\" class=\"alignnone wp-image-38206 size-thumbnail lazyload\" src=\"data:image\/svg+xml,%3Csvg%20xmlns%3D%22http%3A%2F%2Fwww.w3.org%2F2000%2Fsvg%22%20viewBox%3D%220%200%20150%20150%22%3E%3C%2Fsvg%3E\" alt width=\"150\" height=\"150\" data-src=\"https:\/\/einheit-bernburg.de\/content\/wp-content\/uploads\/2024\/09\/E2-2-150x150.jpg\"> <\/a><strong><a href=\"https:\/\/einheit-bernburg.de\/content\/wp-content\/uploads\/2024\/09\/E2-3.jpg\"><noscript><img decoding=\"async\" class=\"alignnone wp-image-38207 size-thumbnail\" src=\"https:\/\/einheit-bernburg.de\/content\/wp-content\/uploads\/2024\/09\/E2-3-150x150.jpg\" alt width=\"150\" height=\"150\"><\/noscript><img decoding=\"async\" class=\"alignnone wp-image-38207 size-thumbnail lazyload\" src=\"data:image\/svg+xml,%3Csvg%20xmlns%3D%22http%3A%2F%2Fwww.w3.org%2F2000%2Fsvg%22%20viewBox%3D%220%200%20150%20150%22%3E%3C%2Fsvg%3E\" alt width=\"150\" height=\"150\" data-src=\"https:\/\/einheit-bernburg.de\/content\/wp-content\/uploads\/2024\/09\/E2-3-150x150.jpg\"> <\/a><a href=\"https:\/\/einheit-bernburg.de\/content\/wp-content\/uploads\/2024\/09\/E2-5.jpg\"><noscript><img decoding=\"async\" class=\"alignnone wp-image-38209 size-thumbnail\" src=\"https:\/\/einheit-bernburg.de\/content\/wp-content\/uploads\/2024\/09\/E2-5-150x150.jpg\" alt width=\"150\" height=\"150\"><\/noscript><img decoding=\"async\" class=\"alignnone wp-image-38209 size-thumbnail lazyload\" src=\"data:image\/svg+xml,%3Csvg%20xmlns%3D%22http%3A%2F%2Fwww.w3.org%2F2000%2Fsvg%22%20viewBox%3D%220%200%20150%20150%22%3E%3C%2Fsvg%3E\" alt width=\"150\" height=\"150\" data-src=\"https:\/\/einheit-bernburg.de\/content\/wp-content\/uploads\/2024\/09\/E2-5-150x150.jpg\"> <\/a><a href=\"https:\/\/einheit-bernburg.de\/content\/wp-content\/uploads\/2024\/09\/E2-6.jpg\"><noscript><img decoding=\"async\" class=\"alignnone wp-image-38210 size-thumbnail\" src=\"https:\/\/einheit-bernburg.de\/content\/wp-content\/uploads\/2024\/09\/E2-6-150x150.jpg\" alt width=\"150\" height=\"150\"><\/noscript><img decoding=\"async\" class=\"alignnone wp-image-38210 size-thumbnail lazyload\" src=\"data:image\/svg+xml,%3Csvg%20xmlns%3D%22http%3A%2F%2Fwww.w3.org%2F2000%2Fsvg%22%20viewBox%3D%220%200%20150%20150%22%3E%3C%2Fsvg%3E\" alt width=\"150\" height=\"150\" data-src=\"https:\/\/einheit-bernburg.de\/content\/wp-content\/uploads\/2024\/09\/E2-6-150x150.jpg\"><\/a><\/strong><\/em><\/p>\n<p><a href=\"https:\/\/einheit-bernburg.de\/content\/wp-content\/uploads\/2024\/09\/E2-7.jpg\"><noscript><img decoding=\"async\" class=\"alignnone wp-image-38211 size-thumbnail\" src=\"https:\/\/einheit-bernburg.de\/content\/wp-content\/uploads\/2024\/09\/E2-7-150x150.jpg\" alt width=\"150\" height=\"150\"><\/noscript><img decoding=\"async\" class=\"alignnone wp-image-38211 size-thumbnail lazyload\" src=\"data:image\/svg+xml,%3Csvg%20xmlns%3D%22http%3A%2F%2Fwww.w3.org%2F2000%2Fsvg%22%20viewBox%3D%220%200%20150%20150%22%3E%3C%2Fsvg%3E\" alt width=\"150\" height=\"150\" data-src=\"https:\/\/einheit-bernburg.de\/content\/wp-content\/uploads\/2024\/09\/E2-7-150x150.jpg\"> <\/a><a href=\"https:\/\/einheit-bernburg.de\/content\/wp-content\/uploads\/2024\/09\/E2-9.jpg\"><noscript><img decoding=\"async\" class=\"alignnone wp-image-38212 size-thumbnail\" src=\"https:\/\/einheit-bernburg.de\/content\/wp-content\/uploads\/2024\/09\/E2-9-150x150.jpg\" alt width=\"150\" height=\"150\"><\/noscript><img decoding=\"async\" class=\"alignnone wp-image-38212 size-thumbnail lazyload\" src=\"data:image\/svg+xml,%3Csvg%20xmlns%3D%22http%3A%2F%2Fwww.w3.org%2F2000%2Fsvg%22%20viewBox%3D%220%200%20150%20150%22%3E%3C%2Fsvg%3E\" alt width=\"150\" height=\"150\" data-src=\"https:\/\/einheit-bernburg.de\/content\/wp-content\/uploads\/2024\/09\/E2-9-150x150.jpg\"><\/a><a href=\"https:\/\/einheit-bernburg.de\/content\/wp-content\/uploads\/2024\/09\/E2-10.jpg\"> <noscript><img decoding=\"async\" class=\"alignnone wp-image-38213 size-thumbnail\" src=\"https:\/\/einheit-bernburg.de\/content\/wp-content\/uploads\/2024\/09\/E2-10-150x150.jpg\" alt width=\"150\" height=\"150\"><\/noscript><img decoding=\"async\" class=\"alignnone wp-image-38213 size-thumbnail lazyload\" src=\"data:image\/svg+xml,%3Csvg%20xmlns%3D%22http%3A%2F%2Fwww.w3.org%2F2000%2Fsvg%22%20viewBox%3D%220%200%20150%20150%22%3E%3C%2Fsvg%3E\" alt width=\"150\" height=\"150\" data-src=\"https:\/\/einheit-bernburg.de\/content\/wp-content\/uploads\/2024\/09\/E2-10-150x150.jpg\"> <\/a><a href=\"https:\/\/einheit-bernburg.de\/content\/wp-content\/uploads\/2024\/09\/E2-1.jpg\"><noscript><img decoding=\"async\" class=\"alignnone wp-image-38215 size-thumbnail\" src=\"https:\/\/einheit-bernburg.de\/content\/wp-content\/uploads\/2024\/09\/E2-1-150x150.jpg\" alt width=\"150\" height=\"150\"><\/noscript><img decoding=\"async\" class=\"alignnone wp-image-38215 size-thumbnail lazyload\" src=\"data:image\/svg+xml,%3Csvg%20xmlns%3D%22http%3A%2F%2Fwww.w3.org%2F2000%2Fsvg%22%20viewBox%3D%220%200%20150%20150%22%3E%3C%2Fsvg%3E\" alt width=\"150\" height=\"150\" data-src=\"https:\/\/einheit-bernburg.de\/content\/wp-content\/uploads\/2024\/09\/E2-1-150x150.jpg\"><\/a><\/p>\n<hr>\n<p><span style=\"text-decoration: underline;\"><strong>24.08.2024<\/strong> Ansto\u00df:<strong> 09:30 Uhr<\/strong> &#8211; 3. Spieltag<\/span><br>\nSV 09 Sta\u00dffurt 2 &#8211; SV Einheit Bernburg II. <strong>0:18 (0:10)<\/strong><\/p>\n<hr>\n<p><span style=\"text-decoration: underline;\"><strong>18.08.2024<\/strong> Ansto\u00df:<strong> 11:00 Uhr<\/strong> &#8211; 2. Spieltag<\/span><br>\nSV Einheit Bernburg II. &#8211; 1.FSV Nienburg <strong>7:2 (3:0)<\/strong><\/p>\n<hr>\n<p><span style=\"text-decoration: underline;\"><strong>10.08.2024<\/strong> Ansto\u00df:<strong> 09:30 Uhr<\/strong> &#8211; 1. Spieltag<\/span><br>\nUnion 1861 Sch\u00f6nebeck U10 2 &#8211; SV Einheit Bernburg II.<strong> 2:7 (0:3)<\/strong><\/p>\n<hr>\n<hr>\n<h3>Saisonabschluss der F &#8211; Junioren im Strandbad Gerlebock<\/h3>\n<p>Kurz vor den Sommerferien (21. &#8211; 23.06.24) trafen sich die F-Junioren nserer SG des Spieljahres 2023\/24 noch einmal zum Saisonabschluss einer insgesant wieder erfolgreichen Saison. Dabei wurde der Jahrgang 2015 in die h\u00f6here Altersklasse verabschiedet und geht in der Saison 2024\/25 als E2 &#8211; Junioren ins Meisterschaftsrennen.<br>\n<a href=\"https:\/\/einheit-bernburg.de\/content\/wp-content\/uploads\/2024\/08\/F-Jun.-Abschluss-im-Strandbad-Gerlebock-4.jpg\"><noscript><img decoding=\"async\" class=\"alignnone size-medium wp-image-38095\" src=\"https:\/\/einheit-bernburg.de\/content\/wp-content\/uploads\/2024\/08\/F-Jun.-Abschluss-im-Strandbad-Gerlebock-4-300x191.jpg\" alt width=\"300\" height=\"191\" srcset=\"https:\/\/einheit-bernburg.de\/content\/wp-content\/uploads\/2024\/08\/F-Jun.-Abschluss-im-Strandbad-Gerlebock-4-300x191.jpg 300w, https:\/\/einheit-bernburg.de\/content\/wp-content\/uploads\/2024\/08\/F-Jun.-Abschluss-im-Strandbad-Gerlebock-4-1024x651.jpg 1024w, https:\/\/einheit-bernburg.de\/content\/wp-content\/uploads\/2024\/08\/F-Jun.-Abschluss-im-Strandbad-Gerlebock-4-768x488.jpg 768w, https:\/\/einheit-bernburg.de\/content\/wp-content\/uploads\/2024\/08\/F-Jun.-Abschluss-im-Strandbad-Gerlebock-4-1080x687.jpg 1080w, https:\/\/einheit-bernburg.de\/content\/wp-content\/uploads\/2024\/08\/F-Jun.-Abschluss-im-Strandbad-Gerlebock-4.jpg 1324w\" sizes=\"(max-width: 300px) 100vw, 300px\"><\/noscript><img decoding=\"async\" class=\"alignnone size-medium wp-image-38095 lazyload\" src=\"data:image\/svg+xml,%3Csvg%20xmlns%3D%22http%3A%2F%2Fwww.w3.org%2F2000%2Fsvg%22%20viewBox%3D%220%200%20300%20191%22%3E%3C%2Fsvg%3E\" alt width=\"300\" height=\"191\" srcset=\"data:image\/svg+xml,%3Csvg%20xmlns%3D%22http%3A%2F%2Fwww.w3.org%2F2000%2Fsvg%22%20viewBox%3D%220%200%20300%20191%22%3E%3C%2Fsvg%3E 300w\" sizes=\"(max-width: 300px) 100vw, 300px\" data-srcset=\"https:\/\/einheit-bernburg.de\/content\/wp-content\/uploads\/2024\/08\/F-Jun.-Abschluss-im-Strandbad-Gerlebock-4-300x191.jpg 300w, https:\/\/einheit-bernburg.de\/content\/wp-content\/uploads\/2024\/08\/F-Jun.-Abschluss-im-Strandbad-Gerlebock-4-1024x651.jpg 1024w, https:\/\/einheit-bernburg.de\/content\/wp-content\/uploads\/2024\/08\/F-Jun.-Abschluss-im-Strandbad-Gerlebock-4-768x488.jpg 768w, https:\/\/einheit-bernburg.de\/content\/wp-content\/uploads\/2024\/08\/F-Jun.-Abschluss-im-Strandbad-Gerlebock-4-1080x687.jpg 1080w, https:\/\/einheit-bernburg.de\/content\/wp-content\/uploads\/2024\/08\/F-Jun.-Abschluss-im-Strandbad-Gerlebock-4.jpg 1324w\" data-src=\"https:\/\/einheit-bernburg.de\/content\/wp-content\/uploads\/2024\/08\/F-Jun.-Abschluss-im-Strandbad-Gerlebock-4-300x191.jpg\"><\/a> <a href=\"https:\/\/einheit-bernburg.de\/content\/wp-content\/uploads\/2024\/08\/F-Jun.-Abschluss-im-Strandbad-Gerlebock-5.jpg\"><noscript><img decoding=\"async\" class=\"alignnone wp-image-38096\" src=\"https:\/\/einheit-bernburg.de\/content\/wp-content\/uploads\/2024\/08\/F-Jun.-Abschluss-im-Strandbad-Gerlebock-5-300x245.jpg\" alt width=\"235\" height=\"192\" srcset=\"https:\/\/einheit-bernburg.de\/content\/wp-content\/uploads\/2024\/08\/F-Jun.-Abschluss-im-Strandbad-Gerlebock-5-300x245.jpg 300w, https:\/\/einheit-bernburg.de\/content\/wp-content\/uploads\/2024\/08\/F-Jun.-Abschluss-im-Strandbad-Gerlebock-5-1024x836.jpg 1024w, https:\/\/einheit-bernburg.de\/content\/wp-content\/uploads\/2024\/08\/F-Jun.-Abschluss-im-Strandbad-Gerlebock-5-768x627.jpg 768w, https:\/\/einheit-bernburg.de\/content\/wp-content\/uploads\/2024\/08\/F-Jun.-Abschluss-im-Strandbad-Gerlebock-5-1080x882.jpg 1080w, https:\/\/einheit-bernburg.de\/content\/wp-content\/uploads\/2024\/08\/F-Jun.-Abschluss-im-Strandbad-Gerlebock-5.jpg 1500w\" sizes=\"(max-width: 235px) 100vw, 235px\"><\/noscript><img decoding=\"async\" class=\"alignnone wp-image-38096 lazyload\" src=\"data:image\/svg+xml,%3Csvg%20xmlns%3D%22http%3A%2F%2Fwww.w3.org%2F2000%2Fsvg%22%20viewBox%3D%220%200%20235%20192%22%3E%3C%2Fsvg%3E\" alt width=\"235\" height=\"192\" srcset=\"data:image\/svg+xml,%3Csvg%20xmlns%3D%22http%3A%2F%2Fwww.w3.org%2F2000%2Fsvg%22%20viewBox%3D%220%200%20235%20192%22%3E%3C%2Fsvg%3E 235w\" sizes=\"(max-width: 235px) 100vw, 235px\" data-srcset=\"https:\/\/einheit-bernburg.de\/content\/wp-content\/uploads\/2024\/08\/F-Jun.-Abschluss-im-Strandbad-Gerlebock-5-300x245.jpg 300w, https:\/\/einheit-bernburg.de\/content\/wp-content\/uploads\/2024\/08\/F-Jun.-Abschluss-im-Strandbad-Gerlebock-5-1024x836.jpg 1024w, https:\/\/einheit-bernburg.de\/content\/wp-content\/uploads\/2024\/08\/F-Jun.-Abschluss-im-Strandbad-Gerlebock-5-768x627.jpg 768w, https:\/\/einheit-bernburg.de\/content\/wp-content\/uploads\/2024\/08\/F-Jun.-Abschluss-im-Strandbad-Gerlebock-5-1080x882.jpg 1080w, https:\/\/einheit-bernburg.de\/content\/wp-content\/uploads\/2024\/08\/F-Jun.-Abschluss-im-Strandbad-Gerlebock-5.jpg 1500w\" data-src=\"https:\/\/einheit-bernburg.de\/content\/wp-content\/uploads\/2024\/08\/F-Jun.-Abschluss-im-Strandbad-Gerlebock-5-300x245.jpg\"><\/a><br>\n<em>Das Team und sein Trainer &#8211; Quartet<\/em><\/p>\n<p><em>(LR) Kurzbericht von diesem Fun &#8211; Wochenende<br>\n<\/em><strong>Zum Abschluss zelten&#8230;..<\/strong><br>\nZum Saisonende bevor es in die Ferien ging verabschiedeten wir die F-Jugend mit einem Zeltlager in Gerlebogk.<br>\nRegeng\u00fcsse machten uns anfangs einen Strich durch die Rechnung, aber am zweiten Tag dann Sonne pur und Badewetter, so dass nun endlich das Abenteuer losgehen konnte.<br>\nAngefangen \u00fcber gemeinsames Fr\u00fchst\u00fccken, verschiedene Aktivit\u00e4ten von Spiel und Spa\u00df bis hin zum EM schauen und Lagerfeuer war f\u00fcr jeden was dabei.<br>\nEinige G\u00e4ste blieben sogar bis in die Nachtstunden hinein und genossen das Mannschaftsgef\u00fcge.<br>\nIn vielen Gespr\u00e4chen lie\u00dfen wir die Saison Revue passieren, was war gut- was weniger, so dass alle ein Feedback f\u00fcr die Zukunft bekamen.<br>\nAm n\u00e4chsten Morgen dann gemeinschaftlicher Abbau und Verabschiedung in die Sommerpause.<br>\nEinen gro\u00dfen Dank gilt vor allen denen, die immer unterst\u00fctzen und alles versuchen m\u00f6glich zu machen bzw sich f\u00fcr manche Dinge, sprich Organisation, Zeit, Backen, Kochen etc zu engagieren und sich nicht zu schade waren uns stets zu helfen. Da w\u00e4re in Zukunft vereinzelt Luft nach oben, aber dennoch war es ein tolles Jahr.<br>\nWir Trainer w\u00fcnschen allen sch\u00f6ne Ferien, erholt euch gut im Urlaub, denn die Vorbereitung wartet schon!!!<\/p>\n<p><em>Impressionen<br>\n<a href=\"https:\/\/einheit-bernburg.de\/content\/wp-content\/uploads\/2024\/08\/F-Jun.-Abschluss-im-Strandbad-Gerlebock-1.jpg\"><noscript><img decoding=\"async\" class=\"alignnone size-medium wp-image-38097\" src=\"https:\/\/einheit-bernburg.de\/content\/wp-content\/uploads\/2024\/08\/F-Jun.-Abschluss-im-Strandbad-Gerlebock-1-300x208.jpg\" alt width=\"300\" height=\"208\" srcset=\"https:\/\/einheit-bernburg.de\/content\/wp-content\/uploads\/2024\/08\/F-Jun.-Abschluss-im-Strandbad-Gerlebock-1-300x208.jpg 300w, https:\/\/einheit-bernburg.de\/content\/wp-content\/uploads\/2024\/08\/F-Jun.-Abschluss-im-Strandbad-Gerlebock-1-1024x711.jpg 1024w, https:\/\/einheit-bernburg.de\/content\/wp-content\/uploads\/2024\/08\/F-Jun.-Abschluss-im-Strandbad-Gerlebock-1-768x533.jpg 768w, https:\/\/einheit-bernburg.de\/content\/wp-content\/uploads\/2024\/08\/F-Jun.-Abschluss-im-Strandbad-Gerlebock-1-1080x750.jpg 1080w, https:\/\/einheit-bernburg.de\/content\/wp-content\/uploads\/2024\/08\/F-Jun.-Abschluss-im-Strandbad-Gerlebock-1.jpg 1500w\" sizes=\"(max-width: 300px) 100vw, 300px\"><\/noscript><img decoding=\"async\" class=\"alignnone size-medium wp-image-38097 lazyload\" src=\"data:image\/svg+xml,%3Csvg%20xmlns%3D%22http%3A%2F%2Fwww.w3.org%2F2000%2Fsvg%22%20viewBox%3D%220%200%20300%20208%22%3E%3C%2Fsvg%3E\" alt width=\"300\" height=\"208\" srcset=\"data:image\/svg+xml,%3Csvg%20xmlns%3D%22http%3A%2F%2Fwww.w3.org%2F2000%2Fsvg%22%20viewBox%3D%220%200%20300%20208%22%3E%3C%2Fsvg%3E 300w\" sizes=\"(max-width: 300px) 100vw, 300px\" data-srcset=\"https:\/\/einheit-bernburg.de\/content\/wp-content\/uploads\/2024\/08\/F-Jun.-Abschluss-im-Strandbad-Gerlebock-1-300x208.jpg 300w, https:\/\/einheit-bernburg.de\/content\/wp-content\/uploads\/2024\/08\/F-Jun.-Abschluss-im-Strandbad-Gerlebock-1-1024x711.jpg 1024w, https:\/\/einheit-bernburg.de\/content\/wp-content\/uploads\/2024\/08\/F-Jun.-Abschluss-im-Strandbad-Gerlebock-1-768x533.jpg 768w, https:\/\/einheit-bernburg.de\/content\/wp-content\/uploads\/2024\/08\/F-Jun.-Abschluss-im-Strandbad-Gerlebock-1-1080x750.jpg 1080w, https:\/\/einheit-bernburg.de\/content\/wp-content\/uploads\/2024\/08\/F-Jun.-Abschluss-im-Strandbad-Gerlebock-1.jpg 1500w\" data-src=\"https:\/\/einheit-bernburg.de\/content\/wp-content\/uploads\/2024\/08\/F-Jun.-Abschluss-im-Strandbad-Gerlebock-1-300x208.jpg\"> <\/a><a href=\"https:\/\/einheit-bernburg.de\/content\/wp-content\/uploads\/2024\/08\/F-Jun.-Abschluss-im-Strandbad-Gerlebock-6.jpg\"><noscript><img decoding=\"async\" class=\"alignnone wp-image-38098\" src=\"https:\/\/einheit-bernburg.de\/content\/wp-content\/uploads\/2024\/08\/F-Jun.-Abschluss-im-Strandbad-Gerlebock-6-300x225.jpg\" alt width=\"276\" height=\"207\" srcset=\"https:\/\/einheit-bernburg.de\/content\/wp-content\/uploads\/2024\/08\/F-Jun.-Abschluss-im-Strandbad-Gerlebock-6-300x225.jpg 300w, https:\/\/einheit-bernburg.de\/content\/wp-content\/uploads\/2024\/08\/F-Jun.-Abschluss-im-Strandbad-Gerlebock-6-1024x768.jpg 1024w, https:\/\/einheit-bernburg.de\/content\/wp-content\/uploads\/2024\/08\/F-Jun.-Abschluss-im-Strandbad-Gerlebock-6-768x576.jpg 768w, https:\/\/einheit-bernburg.de\/content\/wp-content\/uploads\/2024\/08\/F-Jun.-Abschluss-im-Strandbad-Gerlebock-6-1080x810.jpg 1080w, https:\/\/einheit-bernburg.de\/content\/wp-content\/uploads\/2024\/08\/F-Jun.-Abschluss-im-Strandbad-Gerlebock-6.jpg 1500w\" sizes=\"(max-width: 276px) 100vw, 276px\"><\/noscript><img decoding=\"async\" class=\"alignnone wp-image-38098 lazyload\" src=\"data:image\/svg+xml,%3Csvg%20xmlns%3D%22http%3A%2F%2Fwww.w3.org%2F2000%2Fsvg%22%20viewBox%3D%220%200%20276%20207%22%3E%3C%2Fsvg%3E\" alt width=\"276\" height=\"207\" srcset=\"data:image\/svg+xml,%3Csvg%20xmlns%3D%22http%3A%2F%2Fwww.w3.org%2F2000%2Fsvg%22%20viewBox%3D%220%200%20276%20207%22%3E%3C%2Fsvg%3E 276w\" sizes=\"(max-width: 276px) 100vw, 276px\" data-srcset=\"https:\/\/einheit-bernburg.de\/content\/wp-content\/uploads\/2024\/08\/F-Jun.-Abschluss-im-Strandbad-Gerlebock-6-300x225.jpg 300w, https:\/\/einheit-bernburg.de\/content\/wp-content\/uploads\/2024\/08\/F-Jun.-Abschluss-im-Strandbad-Gerlebock-6-1024x768.jpg 1024w, https:\/\/einheit-bernburg.de\/content\/wp-content\/uploads\/2024\/08\/F-Jun.-Abschluss-im-Strandbad-Gerlebock-6-768x576.jpg 768w, https:\/\/einheit-bernburg.de\/content\/wp-content\/uploads\/2024\/08\/F-Jun.-Abschluss-im-Strandbad-Gerlebock-6-1080x810.jpg 1080w, https:\/\/einheit-bernburg.de\/content\/wp-content\/uploads\/2024\/08\/F-Jun.-Abschluss-im-Strandbad-Gerlebock-6.jpg 1500w\" data-src=\"https:\/\/einheit-bernburg.de\/content\/wp-content\/uploads\/2024\/08\/F-Jun.-Abschluss-im-Strandbad-Gerlebock-6-300x225.jpg\"><\/a><\/em><\/p>\n<p><a href=\"https:\/\/einheit-bernburg.de\/content\/wp-content\/uploads\/2024\/08\/F-Jun.-Abschluss-im-Strandbad-Gerlebock-2.jpg\"><noscript><img decoding=\"async\" class=\"alignnone size-medium wp-image-38099\" src=\"https:\/\/einheit-bernburg.de\/content\/wp-content\/uploads\/2024\/08\/F-Jun.-Abschluss-im-Strandbad-Gerlebock-2-300x225.jpg\" alt width=\"300\" height=\"225\" srcset=\"https:\/\/einheit-bernburg.de\/content\/wp-content\/uploads\/2024\/08\/F-Jun.-Abschluss-im-Strandbad-Gerlebock-2-300x225.jpg 300w, https:\/\/einheit-bernburg.de\/content\/wp-content\/uploads\/2024\/08\/F-Jun.-Abschluss-im-Strandbad-Gerlebock-2-1024x768.jpg 1024w, https:\/\/einheit-bernburg.de\/content\/wp-content\/uploads\/2024\/08\/F-Jun.-Abschluss-im-Strandbad-Gerlebock-2-768x576.jpg 768w, https:\/\/einheit-bernburg.de\/content\/wp-content\/uploads\/2024\/08\/F-Jun.-Abschluss-im-Strandbad-Gerlebock-2-1080x810.jpg 1080w, https:\/\/einheit-bernburg.de\/content\/wp-content\/uploads\/2024\/08\/F-Jun.-Abschluss-im-Strandbad-Gerlebock-2.jpg 1500w\" sizes=\"(max-width: 300px) 100vw, 300px\"><\/noscript><img decoding=\"async\" class=\"alignnone size-medium wp-image-38099 lazyload\" src=\"data:image\/svg+xml,%3Csvg%20xmlns%3D%22http%3A%2F%2Fwww.w3.org%2F2000%2Fsvg%22%20viewBox%3D%220%200%20300%20225%22%3E%3C%2Fsvg%3E\" alt width=\"300\" height=\"225\" srcset=\"data:image\/svg+xml,%3Csvg%20xmlns%3D%22http%3A%2F%2Fwww.w3.org%2F2000%2Fsvg%22%20viewBox%3D%220%200%20300%20225%22%3E%3C%2Fsvg%3E 300w\" sizes=\"(max-width: 300px) 100vw, 300px\" data-srcset=\"https:\/\/einheit-bernburg.de\/content\/wp-content\/uploads\/2024\/08\/F-Jun.-Abschluss-im-Strandbad-Gerlebock-2-300x225.jpg 300w, https:\/\/einheit-bernburg.de\/content\/wp-content\/uploads\/2024\/08\/F-Jun.-Abschluss-im-Strandbad-Gerlebock-2-1024x768.jpg 1024w, https:\/\/einheit-bernburg.de\/content\/wp-content\/uploads\/2024\/08\/F-Jun.-Abschluss-im-Strandbad-Gerlebock-2-768x576.jpg 768w, https:\/\/einheit-bernburg.de\/content\/wp-content\/uploads\/2024\/08\/F-Jun.-Abschluss-im-Strandbad-Gerlebock-2-1080x810.jpg 1080w, https:\/\/einheit-bernburg.de\/content\/wp-content\/uploads\/2024\/08\/F-Jun.-Abschluss-im-Strandbad-Gerlebock-2.jpg 1500w\" data-src=\"https:\/\/einheit-bernburg.de\/content\/wp-content\/uploads\/2024\/08\/F-Jun.-Abschluss-im-Strandbad-Gerlebock-2-300x225.jpg\"><\/a> <a href=\"https:\/\/einheit-bernburg.de\/content\/wp-content\/uploads\/2024\/08\/F-Jun.-Abschluss-im-Strandbad-Gerlebock-3.jpg\"><noscript><img decoding=\"async\" class=\"alignnone wp-image-38100\" src=\"https:\/\/einheit-bernburg.de\/content\/wp-content\/uploads\/2024\/08\/F-Jun.-Abschluss-im-Strandbad-Gerlebock-3-159x300.jpg\" alt width=\"119\" height=\"224\" srcset=\"https:\/\/einheit-bernburg.de\/content\/wp-content\/uploads\/2024\/08\/F-Jun.-Abschluss-im-Strandbad-Gerlebock-3-159x300.jpg 159w, https:\/\/einheit-bernburg.de\/content\/wp-content\/uploads\/2024\/08\/F-Jun.-Abschluss-im-Strandbad-Gerlebock-3-541x1024.jpg 541w, https:\/\/einheit-bernburg.de\/content\/wp-content\/uploads\/2024\/08\/F-Jun.-Abschluss-im-Strandbad-Gerlebock-3.jpg 716w\" sizes=\"(max-width: 119px) 100vw, 119px\"><\/noscript><img decoding=\"async\" class=\"alignnone wp-image-38100 lazyload\" src=\"data:image\/svg+xml,%3Csvg%20xmlns%3D%22http%3A%2F%2Fwww.w3.org%2F2000%2Fsvg%22%20viewBox%3D%220%200%20119%20224%22%3E%3C%2Fsvg%3E\" alt width=\"119\" height=\"224\" srcset=\"data:image\/svg+xml,%3Csvg%20xmlns%3D%22http%3A%2F%2Fwww.w3.org%2F2000%2Fsvg%22%20viewBox%3D%220%200%20119%20224%22%3E%3C%2Fsvg%3E 119w\" sizes=\"(max-width: 119px) 100vw, 119px\" data-srcset=\"https:\/\/einheit-bernburg.de\/content\/wp-content\/uploads\/2024\/08\/F-Jun.-Abschluss-im-Strandbad-Gerlebock-3-159x300.jpg 159w, https:\/\/einheit-bernburg.de\/content\/wp-content\/uploads\/2024\/08\/F-Jun.-Abschluss-im-Strandbad-Gerlebock-3-541x1024.jpg 541w, https:\/\/einheit-bernburg.de\/content\/wp-content\/uploads\/2024\/08\/F-Jun.-Abschluss-im-Strandbad-Gerlebock-3.jpg 716w\" data-src=\"https:\/\/einheit-bernburg.de\/content\/wp-content\/uploads\/2024\/08\/F-Jun.-Abschluss-im-Strandbad-Gerlebock-3-159x300.jpg\"><\/a><\/p>\n","protected":false},"excerpt":{"rendered":"<p>SV Einheit Bernburg II. 1.Kreisklasse Vorrunde &#8211; Staffel 6 \/ aktuell Meisterrunde &#8211; 2024 \/ 25 Hinen v.l.: Sebastian Leschik, Alexander Ru\u00df, Oliver Maiwald, Flynn Herold, Max Pega, Finn Apel Sitzend v.l.: Emil Brauns, Noah Joel Neumeister, Yannik Redemske, Leon J\u00f6rdens, Jan &#8211; Luis F\u00fcrtig, Taras Melnychuk, Michel Nowak E1 &#8211; u. E2 &#8211; Junioren [&hellip;]<\/p>\n","protected":false},"author":3,"featured_media":0,"parent":41860,"menu_order":10,"comment_status":"closed","ping_status":"closed","template":"","meta":{"footnotes":""},"_links":{"self":[{"href":"https:\/\/einheit-bernburg.de\/content\/index.php?rest_route=\/wp\/v2\/pages\/42245"}],"collection":[{"href":"https:\/\/einheit-bernburg.de\/content\/index.php?rest_route=\/wp\/v2\/pages"}],"about":[{"href":"https:\/\/einheit-bernburg.de\/content\/index.php?rest_route=\/wp\/v2\/types\/page"}],"author":[{"embeddable":true,"href":"https:\/\/einheit-bernburg.de\/content\/index.php?rest_route=\/wp\/v2\/users\/3"}],"replies":[{"embeddable":true,"href":"https:\/\/einheit-bernburg.de\/content\/index.php?rest_route=%2Fwp%2Fv2%2Fcomments&post=42245"}],"version-history":[{"count":2,"href":"https:\/\/einheit-bernburg.de\/content\/index.php?rest_route=\/wp\/v2\/pages\/42245\/revisions"}],"predecessor-version":[{"id":42257,"href":"https:\/\/einheit-bernburg.de\/content\/index.php?rest_route=\/wp\/v2\/pages\/42245\/revisions\/42257"}],"up":[{"embeddable":true,"href":"https:\/\/einheit-bernburg.de\/content\/index.php?rest_route=\/wp\/v2\/pages\/41860"}],"wp:attachment":[{"href":"https:\/\/einheit-bernburg.de\/content\/index.php?rest_route=%2Fwp%2Fv2%2Fmedia&parent=42245"}],"curies":[{"name":"wp","href":"https:\/\/api.w.org\/{rel}","templated":true}]}}